{"id":170,"date":"2017-07-11T19:22:16","date_gmt":"2017-07-11T17:22:16","guid":{"rendered":"http:\/\/orcq.be\/histoire\/wp-content\/uploads\/sites\/2\/2017\/07\/Mari-Augustine-Victorine-Crombez.jpg"},"modified":"2018-04-27T12:08:26","modified_gmt":"2018-04-27T10:08:26","slug":"mari-augustine-victorine-crombez","status":"inherit","type":"attachment","link":"https:\/\/orcq.be\/histoire\/2017\/07\/11\/a-propos-dun-eventail-ayant-appartenu-a-marie-clerel-de-tocqueville-crombez\/mari-augustine-victorine-crombez\/","title":{"rendered":"Mari Augustine Victorine Crombez"},"author":2,"featured_media":0,"comment_status":"open","ping_status":"closed","template":"","meta":{"_monsterinsights_skip_tracking":false,"_monsterinsights_sitenote_active":false,"_monsterinsights_sitenote_note":"","_monsterinsights_sitenote_category":0},"class_list":["post-170","attachment","type-attachment","status-inherit","czr-hentry"],"yoast_head":"<!-- This site is optimized with the Yoast SEO plugin v27.5 - https:\/\/yoast.com\/product\/yoast-seo-wordpress\/ -->\n<title>Mari Augustine Victorine Crombez &#8226; ORCQ.be - L&#039;Histoire<\/title>\n<meta name=\"description\" content=\"Orcq .be - A propos d&#039;un \u00e9ventail ayant appartenu \u00e0 Marie Cl\u00e9rel de Tocqueville - Crombez - La galerie Michel Weber \u00e0 Paris a vendu en d\u00e9cembre 2016 un \u00e9ventail r\u00e9alis\u00e9 par Alexandre Sold\u00e9 \u00e0 l\u2019occasion du mariage de la comtesse Marie de Tocqueville.\" \/>\n<meta name=\"robots\" content=\"index, follow, max-snippet:-1, max-image-preview:large, max-video-preview:-1\" \/>\n<link rel=\"canonical\" href=\"https:\/\/orcq.be\/histoire\/wp-content\/uploads\/sites\/2\/2017\/07\/Mari-Augustine-Victorine-Crombez.jpg\" \/>\n<meta property=\"og:locale\" content=\"fr_FR\" \/>\n<meta property=\"og:type\" content=\"article\" \/>\n<meta property=\"og:title\" content=\"Mari Augustine Victorine Crombez &#8226; ORCQ.be - L&#039;Histoire\" \/>\n<meta property=\"og:description\" content=\"Orcq .be - A propos d&#039;un \u00e9ventail ayant appartenu \u00e0 Marie Cl\u00e9rel de Tocqueville - Crombez - La galerie Michel Weber \u00e0 Paris a vendu en d\u00e9cembre 2016 un \u00e9ventail r\u00e9alis\u00e9 par Alexandre Sold\u00e9 \u00e0 l\u2019occasion du mariage de la comtesse Marie de Tocqueville.\" \/>\n<meta property=\"og:url\" content=\"https:\/\/orcq.be\/histoire\/wp-content\/uploads\/sites\/2\/2017\/07\/Mari-Augustine-Victorine-Crombez.jpg\" \/>\n<meta property=\"og:site_name\" content=\"ORCQ.be - L&#039;Histoire\" \/>\n<meta property=\"article:publisher\" content=\"https:\/\/www.facebook.com\/villageorcq\" \/>\n<meta property=\"article:modified_time\" content=\"2018-04-27T10:08:26+00:00\" \/>\n<meta property=\"og:image\" content=\"https:\/\/orcq.be\/histoire\/wp-content\/uploads\/sites\/2\/2017\/07\/Mari-Augustine-Victorine-Crombez.jpg\" \/>\n\t<meta property=\"og:image:width\" content=\"500\" \/>\n\t<meta property=\"og:image:height\" content=\"375\" \/>\n\t<meta property=\"og:image:type\" content=\"image\/jpeg\" \/>\n<meta name=\"twitter:card\" content=\"summary_large_image\" \/>\n<script type=\"application\/ld+json\" class=\"yoast-schema-graph\">{\"@context\":\"https:\\\/\\\/schema.org\",\"@graph\":[{\"@type\":\"WebPage\",\"@id\":\"https:\\\/\\\/orcq.be\\\/histoire\\\/wp-content\\\/uploads\\\/sites\\\/2\\\/2017\\\/07\\\/Mari-Augustine-Victorine-Crombez.jpg\",\"url\":\"https:\\\/\\\/orcq.be\\\/histoire\\\/wp-content\\\/uploads\\\/sites\\\/2\\\/2017\\\/07\\\/Mari-Augustine-Victorine-Crombez.jpg\",\"name\":\"Mari Augustine Victorine Crombez &#8226; ORCQ.be - L&#039;Histoire\",\"isPartOf\":{\"@id\":\"https:\\\/\\\/orcq.be\\\/histoire\\\/#website\"},\"datePublished\":\"2017-07-11T17:22:16+00:00\",\"dateModified\":\"2018-04-27T10:08:26+00:00\",\"description\":\"Orcq .be - A propos d'un \u00e9ventail ayant appartenu \u00e0 Marie Cl\u00e9rel de Tocqueville - Crombez - La galerie Michel Weber \u00e0 Paris a vendu en d\u00e9cembre 2016 un \u00e9ventail r\u00e9alis\u00e9 par Alexandre Sold\u00e9 \u00e0 l\u2019occasion du mariage de la comtesse Marie de Tocqueville.\",\"breadcrumb\":{\"@id\":\"https:\\\/\\\/orcq.be\\\/histoire\\\/wp-content\\\/uploads\\\/sites\\\/2\\\/2017\\\/07\\\/Mari-Augustine-Victorine-Crombez.jpg#breadcrumb\"},\"inLanguage\":\"fr-FR\",\"potentialAction\":[{\"@type\":\"ReadAction\",\"target\":[\"https:\\\/\\\/orcq.be\\\/histoire\\\/wp-content\\\/uploads\\\/sites\\\/2\\\/2017\\\/07\\\/Mari-Augustine-Victorine-Crombez.jpg\"]}]},{\"@type\":\"BreadcrumbList\",\"@id\":\"https:\\\/\\\/orcq.be\\\/histoire\\\/wp-content\\\/uploads\\\/sites\\\/2\\\/2017\\\/07\\\/Mari-Augustine-Victorine-Crombez.jpg#breadcrumb\",\"itemListElement\":[{\"@type\":\"ListItem\",\"position\":1,\"name\":\"Accueil\",\"item\":\"https:\\\/\\\/orcq.be\\\/histoire\\\/\"},{\"@type\":\"ListItem\",\"position\":2,\"name\":\"A propos d&rsquo;un \u00e9ventail ayant appartenu \u00e0 Marie Cl\u00e9rel de Tocqueville &#8211; Crombez\",\"item\":\"https:\\\/\\\/orcq.be\\\/histoire\\\/2017\\\/07\\\/11\\\/a-propos-dun-eventail-ayant-appartenu-a-marie-clerel-de-tocqueville-crombez\\\/\"},{\"@type\":\"ListItem\",\"position\":3,\"name\":\"Mari Augustine Victorine Crombez\"}]},{\"@type\":\"WebSite\",\"@id\":\"https:\\\/\\\/orcq.be\\\/histoire\\\/#website\",\"url\":\"https:\\\/\\\/orcq.be\\\/histoire\\\/\",\"name\":\"ORCQ.be - L&#039;Histoire\",\"description\":\"Histoire de Orcq\",\"potentialAction\":[{\"@type\":\"SearchAction\",\"target\":{\"@type\":\"EntryPoint\",\"urlTemplate\":\"https:\\\/\\\/orcq.be\\\/histoire\\\/?s={search_term_string}\"},\"query-input\":{\"@type\":\"PropertyValueSpecification\",\"valueRequired\":true,\"valueName\":\"search_term_string\"}}],\"inLanguage\":\"fr-FR\"}]}<\/script>\n<!-- \/ Yoast SEO plugin. -->","yoast_head_json":{"title":"Mari Augustine Victorine Crombez &#8226; ORCQ.be - L&#039;Histoire","description":"Orcq .be - A propos d'un \u00e9ventail ayant appartenu \u00e0 Marie Cl\u00e9rel de Tocqueville - Crombez - La galerie Michel Weber \u00e0 Paris a vendu en d\u00e9cembre 2016 un \u00e9ventail r\u00e9alis\u00e9 par Alexandre Sold\u00e9 \u00e0 l\u2019occasion du mariage de la comtesse Marie de Tocqueville.","robots":{"index":"index","follow":"follow","max-snippet":"max-snippet:-1","max-image-preview":"max-image-preview:large","max-video-preview":"max-video-preview:-1"},"canonical":"https:\/\/orcq.be\/histoire\/wp-content\/uploads\/sites\/2\/2017\/07\/Mari-Augustine-Victorine-Crombez.jpg","og_locale":"fr_FR","og_type":"article","og_title":"Mari Augustine Victorine Crombez &#8226; ORCQ.be - L&#039;Histoire","og_description":"Orcq .be - A propos d'un \u00e9ventail ayant appartenu \u00e0 Marie Cl\u00e9rel de Tocqueville - Crombez - La galerie Michel Weber \u00e0 Paris a vendu en d\u00e9cembre 2016 un \u00e9ventail r\u00e9alis\u00e9 par Alexandre Sold\u00e9 \u00e0 l\u2019occasion du mariage de la comtesse Marie de Tocqueville.","og_url":"https:\/\/orcq.be\/histoire\/wp-content\/uploads\/sites\/2\/2017\/07\/Mari-Augustine-Victorine-Crombez.jpg","og_site_name":"ORCQ.be - L&#039;Histoire","article_publisher":"https:\/\/www.facebook.com\/villageorcq","article_modified_time":"2018-04-27T10:08:26+00:00","og_image":[{"width":500,"height":375,"url":"https:\/\/orcq.be\/histoire\/wp-content\/uploads\/sites\/2\/2017\/07\/Mari-Augustine-Victorine-Crombez.jpg","type":"image\/jpeg"}],"twitter_card":"summary_large_image","schema":{"@context":"https:\/\/schema.org","@graph":[{"@type":"WebPage","@id":"https:\/\/orcq.be\/histoire\/wp-content\/uploads\/sites\/2\/2017\/07\/Mari-Augustine-Victorine-Crombez.jpg","url":"https:\/\/orcq.be\/histoire\/wp-content\/uploads\/sites\/2\/2017\/07\/Mari-Augustine-Victorine-Crombez.jpg","name":"Mari Augustine Victorine Crombez &#8226; ORCQ.be - L&#039;Histoire","isPartOf":{"@id":"https:\/\/orcq.be\/histoire\/#website"},"datePublished":"2017-07-11T17:22:16+00:00","dateModified":"2018-04-27T10:08:26+00:00","description":"Orcq .be - A propos d'un \u00e9ventail ayant appartenu \u00e0 Marie Cl\u00e9rel de Tocqueville - Crombez - La galerie Michel Weber \u00e0 Paris a vendu en d\u00e9cembre 2016 un \u00e9ventail r\u00e9alis\u00e9 par Alexandre Sold\u00e9 \u00e0 l\u2019occasion du mariage de la comtesse Marie de Tocqueville.","breadcrumb":{"@id":"https:\/\/orcq.be\/histoire\/wp-content\/uploads\/sites\/2\/2017\/07\/Mari-Augustine-Victorine-Crombez.jpg#breadcrumb"},"inLanguage":"fr-FR","potentialAction":[{"@type":"ReadAction","target":["https:\/\/orcq.be\/histoire\/wp-content\/uploads\/sites\/2\/2017\/07\/Mari-Augustine-Victorine-Crombez.jpg"]}]},{"@type":"BreadcrumbList","@id":"https:\/\/orcq.be\/histoire\/wp-content\/uploads\/sites\/2\/2017\/07\/Mari-Augustine-Victorine-Crombez.jpg#breadcrumb","itemListElement":[{"@type":"ListItem","position":1,"name":"Accueil","item":"https:\/\/orcq.be\/histoire\/"},{"@type":"ListItem","position":2,"name":"A propos d&rsquo;un \u00e9ventail ayant appartenu \u00e0 Marie Cl\u00e9rel de Tocqueville &#8211; Crombez","item":"https:\/\/orcq.be\/histoire\/2017\/07\/11\/a-propos-dun-eventail-ayant-appartenu-a-marie-clerel-de-tocqueville-crombez\/"},{"@type":"ListItem","position":3,"name":"Mari Augustine Victorine Crombez"}]},{"@type":"WebSite","@id":"https:\/\/orcq.be\/histoire\/#website","url":"https:\/\/orcq.be\/histoire\/","name":"ORCQ.be - L&#039;Histoire","description":"Histoire de Orcq","potentialAction":[{"@type":"SearchAction","target":{"@type":"EntryPoint","urlTemplate":"https:\/\/orcq.be\/histoire\/?s={search_term_string}"},"query-input":{"@type":"PropertyValueSpecification","valueRequired":true,"valueName":"search_term_string"}}],"inLanguage":"fr-FR"}]}},"description":{"rendered":"<p class=\"attachment\"><a class=\"grouped_elements\" rel=\"tc-fancybox-group\" href=\"https:\/\/orcq.be\/histoire\/wp-content\/uploads\/sites\/2\/2017\/07\/Mari-Augustine-Victorine-Crombez.jpg\" title=\"Mari Augustine Victorine Crombez\"><img loading=\"lazy\" decoding=\"async\" width=\"300\" height=\"225\" src=\"https:\/\/orcq.be\/histoire\/wp-content\/uploads\/sites\/2\/2017\/07\/Mari-Augustine-Victorine-Crombez-300x225.jpg\" class=\"attachment-medium size-medium\" alt=\"\" srcset=\"https:\/\/orcq.be\/histoire\/wp-content\/uploads\/sites\/2\/2017\/07\/Mari-Augustine-Victorine-Crombez-300x225.jpg 300w, https:\/\/orcq.be\/histoire\/wp-content\/uploads\/sites\/2\/2017\/07\/Mari-Augustine-Victorine-Crombez.jpg 500w\" sizes=\"auto, (max-width: 300px) 100vw, 300px\" \/><\/a><\/p>\n<p>Orcq .be &#8211; A propos d&rsquo;un \u00e9ventail ayant appartenu \u00e0 Marie Cl\u00e9rel de Tocqueville &#8211; Crombez &#8211; La galerie Michel Weber \u00e0 Paris a vendu en d\u00e9cembre 2016 un \u00e9ventail r\u00e9alis\u00e9 par Alexandre Sold\u00e9 \u00e0 l\u2019occasion du mariage de la comtesse Marie de Tocqueville.<\/p>\n"},"caption":{"rendered":"<p>Orcq .be &#8211; A propos d&rsquo;un \u00e9ventail ayant appartenu \u00e0 Marie Cl\u00e9rel de Tocqueville &#8211; Crombez &#8211; La galerie Michel Weber \u00e0 Paris a vendu en d\u00e9cembre 2016 un \u00e9ventail r\u00e9alis\u00e9 par Alexandre Sold\u00e9 \u00e0 l\u2019occasion du mariage de la comtesse Marie de Tocqueville.<\/p>\n"},"alt_text":"Orcq .be - A propos d'un \u00e9ventail ayant appartenu \u00e0 Marie Cl\u00e9rel de Tocqueville - Crombez - La galerie Michel Weber \u00e0 Paris a vendu en d\u00e9cembre 2016 un \u00e9ventail r\u00e9alis\u00e9 par Alexandre Sold\u00e9 \u00e0 l\u2019occasion du mariage de la comtesse Marie de Tocqueville.","media_type":"image","mime_type":"image\/jpeg","media_details":{"width":500,"height":375,"file":"2017\/07\/Mari-Augustine-Victorine-Crombez.jpg","sizes":{"thumbnail":{"file":"Mari-Augustine-Victorine-Crombez-150x150.jpg","width":150,"height":150,"mime_type":"image\/jpeg","source_url":"https:\/\/orcq.be\/histoire\/wp-content\/uploads\/sites\/2\/2017\/07\/Mari-Augustine-Victorine-Crombez-150x150.jpg"},"medium":{"file":"Mari-Augustine-Victorine-Crombez-300x225.jpg","width":300,"height":225,"mime_type":"image\/jpeg","source_url":"https:\/\/orcq.be\/histoire\/wp-content\/uploads\/sites\/2\/2017\/07\/Mari-Augustine-Victorine-Crombez-300x225.jpg"},"fb_event_cover":{"file":"Mari-Augustine-Victorine-Crombez-500x295.jpg","width":500,"height":295,"mime_type":"image\/jpeg","source_url":"https:\/\/orcq.be\/histoire\/wp-content\/uploads\/sites\/2\/2017\/07\/Mari-Augustine-Victorine-Crombez-500x295.jpg"},"fb_event_list":{"file":"Mari-Augustine-Victorine-Crombez-288x192.jpg","width":288,"height":192,"mime_type":"image\/jpeg","source_url":"https:\/\/orcq.be\/histoire\/wp-content\/uploads\/sites\/2\/2017\/07\/Mari-Augustine-Victorine-Crombez-288x192.jpg"},"fb_event_ad":{"file":"Mari-Augustine-Victorine-Crombez-288x295.jpg","width":288,"height":295,"mime_type":"image\/jpeg","source_url":"https:\/\/orcq.be\/histoire\/wp-content\/uploads\/sites\/2\/2017\/07\/Mari-Augustine-Victorine-Crombez-288x295.jpg"},"tc-thumb":{"file":"Mari-Augustine-Victorine-Crombez-270x250.jpg","width":270,"height":250,"mime_type":"image\/jpeg","source_url":"https:\/\/orcq.be\/histoire\/wp-content\/uploads\/sites\/2\/2017\/07\/Mari-Augustine-Victorine-Crombez-270x250.jpg"},"tc-grid-full":{"file":"Mari-Augustine-Victorine-Crombez-500x350.jpg","width":500,"height":350,"mime_type":"image\/jpeg","source_url":"https:\/\/orcq.be\/histoire\/wp-content\/uploads\/sites\/2\/2017\/07\/Mari-Augustine-Victorine-Crombez-500x350.jpg"},"tc-grid":{"file":"Mari-Augustine-Victorine-Crombez-500x350.jpg","width":500,"height":350,"mime_type":"image\/jpeg","source_url":"https:\/\/orcq.be\/histoire\/wp-content\/uploads\/sites\/2\/2017\/07\/Mari-Augustine-Victorine-Crombez-500x350.jpg"},"full":{"file":"Mari-Augustine-Victorine-Crombez.jpg","width":500,"height":375,"mime_type":"image\/jpeg","source_url":"https:\/\/orcq.be\/histoire\/wp-content\/uploads\/sites\/2\/2017\/07\/Mari-Augustine-Victorine-Crombez.jpg"}},"image_meta":{"aperture":"0","credit":"","camera":"","caption":"","created_timestamp":"0","copyright":"","focal_length":"0","iso":"0","shutter_speed":"0","title":"","orientation":"0","keywords":[]}},"post":158,"source_url":"https:\/\/orcq.be\/histoire\/wp-content\/uploads\/sites\/2\/2017\/07\/Mari-Augustine-Victorine-Crombez.jpg","_links":{"self":[{"href":"https:\/\/orcq.be\/histoire\/wp-json\/wp\/v2\/media\/170","targetHints":{"allow":["GET"]}}],"collection":[{"href":"https:\/\/orcq.be\/histoire\/wp-json\/wp\/v2\/media"}],"about":[{"href":"https:\/\/orcq.be\/histoire\/wp-json\/wp\/v2\/types\/attachment"}],"author":[{"embeddable":true,"href":"https:\/\/orcq.be\/histoire\/wp-json\/wp\/v2\/users\/2"}],"replies":[{"embeddable":true,"href":"https:\/\/orcq.be\/histoire\/wp-json\/wp\/v2\/comments?post=170"}],"wp:attached-to":[{"embeddable":true,"post_type":"post","id":158,"href":"https:\/\/orcq.be\/histoire\/wp-json\/wp\/v2\/posts\/158"}],"curies":[{"name":"wp","href":"https:\/\/api.w.org\/{rel}","templated":true}]}}