{"id":329,"date":"2017-07-18T15:04:12","date_gmt":"2017-07-18T13:04:12","guid":{"rendered":"http:\/\/orcq.be\/histoire\/wp-content\/uploads\/sites\/2\/2017\/07\/MARQUAIN-photo-carte-batteuse-Bresous-fr\u00e8res-\u00e0-Marquain.jpg"},"modified":"2018-04-27T11:36:28","modified_gmt":"2018-04-27T09:36:28","slug":"marquain-photo-carte-batteuse-bresous-freres-a-marquain","status":"inherit","type":"attachment","link":"https:\/\/orcq.be\/histoire\/2017\/07\/18\/le-calme-avant-la-tempete\/marquain-photo-carte-batteuse-bresous-freres-a-marquain\/","title":{"rendered":"MARQUAIN &#8211; photo carte, batteuse Bresous fr\u00e8res \u00e0 Marquain"},"author":2,"featured_media":0,"comment_status":"open","ping_status":"closed","template":"","meta":{"_monsterinsights_skip_tracking":false,"_monsterinsights_sitenote_active":false,"_monsterinsights_sitenote_note":"","_monsterinsights_sitenote_category":0},"class_list":["post-329","attachment","type-attachment","status-inherit","czr-hentry"],"yoast_head":"<!-- This site is optimized with the Yoast SEO plugin v27.5 - https:\/\/yoast.com\/product\/yoast-seo-wordpress\/ -->\n<title>MARQUAIN - photo carte, batteuse Bresous fr\u00e8res \u00e0 Marquain &#8226; ORCQ.be - L&#039;Histoire<\/title>\n<meta name=\"description\" content=\"Orcq .be - Le calme avant la temp\u00eate - Le recueil de cartes postales des villages de l&#039;entit\u00e9 de Tournai &quot;Le calme avant la temp\u00eate&quot; publi\u00e9 en juin 2014 est maintenant \u00e9puis\u00e9. Nous avons d\u00e8s lors d\u00e9cid\u00e9 de mettre ces cartes \u00e0 la disposition des lecteurs de &quot;Marottes de retrait\u00e9s\" \/>\n<meta name=\"robots\" content=\"index, follow, max-snippet:-1, max-image-preview:large, max-video-preview:-1\" \/>\n<link rel=\"canonical\" href=\"https:\/\/orcq.be\/histoire\/wp-content\/uploads\/sites\/2\/2017\/07\/MARQUAIN-photo-carte-batteuse-Bresous-fr\u00e8res-\u00e0-Marquain.jpg\" \/>\n<meta property=\"og:locale\" content=\"fr_FR\" \/>\n<meta property=\"og:type\" content=\"article\" \/>\n<meta property=\"og:title\" content=\"MARQUAIN - photo carte, batteuse Bresous fr\u00e8res \u00e0 Marquain &#8226; ORCQ.be - L&#039;Histoire\" \/>\n<meta property=\"og:description\" content=\"Orcq .be - Le calme avant la temp\u00eate - Le recueil de cartes postales des villages de l&#039;entit\u00e9 de Tournai &quot;Le calme avant la temp\u00eate&quot; publi\u00e9 en juin 2014 est maintenant \u00e9puis\u00e9. Nous avons d\u00e8s lors d\u00e9cid\u00e9 de mettre ces cartes \u00e0 la disposition des lecteurs de &quot;Marottes de retrait\u00e9s\" \/>\n<meta property=\"og:url\" content=\"https:\/\/orcq.be\/histoire\/wp-content\/uploads\/sites\/2\/2017\/07\/MARQUAIN-photo-carte-batteuse-Bresous-fr\u00e8res-\u00e0-Marquain.jpg\" \/>\n<meta property=\"og:site_name\" content=\"ORCQ.be - L&#039;Histoire\" \/>\n<meta property=\"article:publisher\" content=\"https:\/\/www.facebook.com\/villageorcq\" \/>\n<meta property=\"article:modified_time\" content=\"2018-04-27T09:36:28+00:00\" \/>\n<meta property=\"og:image\" content=\"https:\/\/orcq.be\/histoire\/wp-content\/uploads\/sites\/2\/2017\/07\/MARQUAIN-photo-carte-batteuse-Bresous-fr\u00e8res-\u00e0-Marquain.jpg\" \/>\n\t<meta property=\"og:image:width\" content=\"500\" \/>\n\t<meta property=\"og:image:height\" content=\"318\" \/>\n\t<meta property=\"og:image:type\" content=\"image\/jpeg\" \/>\n<meta name=\"twitter:card\" content=\"summary_large_image\" \/>\n<script type=\"application\/ld+json\" class=\"yoast-schema-graph\">{\"@context\":\"https:\\\/\\\/schema.org\",\"@graph\":[{\"@type\":\"WebPage\",\"@id\":\"https:\\\/\\\/orcq.be\\\/histoire\\\/wp-content\\\/uploads\\\/sites\\\/2\\\/2017\\\/07\\\/MARQUAIN-photo-carte-batteuse-Bresous-fr\u00e8res-\u00e0-Marquain.jpg\",\"url\":\"https:\\\/\\\/orcq.be\\\/histoire\\\/wp-content\\\/uploads\\\/sites\\\/2\\\/2017\\\/07\\\/MARQUAIN-photo-carte-batteuse-Bresous-fr\u00e8res-\u00e0-Marquain.jpg\",\"name\":\"MARQUAIN - photo carte, batteuse Bresous fr\u00e8res \u00e0 Marquain &#8226; ORCQ.be - L&#039;Histoire\",\"isPartOf\":{\"@id\":\"https:\\\/\\\/orcq.be\\\/histoire\\\/#website\"},\"datePublished\":\"2017-07-18T13:04:12+00:00\",\"dateModified\":\"2018-04-27T09:36:28+00:00\",\"description\":\"Orcq .be - Le calme avant la temp\u00eate - Le recueil de cartes postales des villages de l'entit\u00e9 de Tournai \\\"Le calme avant la temp\u00eate\\\" publi\u00e9 en juin 2014 est maintenant \u00e9puis\u00e9. Nous avons d\u00e8s lors d\u00e9cid\u00e9 de mettre ces cartes \u00e0 la disposition des lecteurs de \\\"Marottes de retrait\u00e9s\",\"breadcrumb\":{\"@id\":\"https:\\\/\\\/orcq.be\\\/histoire\\\/wp-content\\\/uploads\\\/sites\\\/2\\\/2017\\\/07\\\/MARQUAIN-photo-carte-batteuse-Bresous-fr\u00e8res-\u00e0-Marquain.jpg#breadcrumb\"},\"inLanguage\":\"fr-FR\",\"potentialAction\":[{\"@type\":\"ReadAction\",\"target\":[\"https:\\\/\\\/orcq.be\\\/histoire\\\/wp-content\\\/uploads\\\/sites\\\/2\\\/2017\\\/07\\\/MARQUAIN-photo-carte-batteuse-Bresous-fr\u00e8res-\u00e0-Marquain.jpg\"]}]},{\"@type\":\"BreadcrumbList\",\"@id\":\"https:\\\/\\\/orcq.be\\\/histoire\\\/wp-content\\\/uploads\\\/sites\\\/2\\\/2017\\\/07\\\/MARQUAIN-photo-carte-batteuse-Bresous-fr\u00e8res-\u00e0-Marquain.jpg#breadcrumb\",\"itemListElement\":[{\"@type\":\"ListItem\",\"position\":1,\"name\":\"Accueil\",\"item\":\"https:\\\/\\\/orcq.be\\\/histoire\\\/\"},{\"@type\":\"ListItem\",\"position\":2,\"name\":\"Cartes postales des villages de Tournai avant 1914: Le calme avant la temp\u00eate\",\"item\":\"https:\\\/\\\/orcq.be\\\/histoire\\\/2017\\\/07\\\/18\\\/le-calme-avant-la-tempete\\\/\"},{\"@type\":\"ListItem\",\"position\":3,\"name\":\"MARQUAIN &#8211; photo carte, batteuse Bresous fr\u00e8res \u00e0 Marquain\"}]},{\"@type\":\"WebSite\",\"@id\":\"https:\\\/\\\/orcq.be\\\/histoire\\\/#website\",\"url\":\"https:\\\/\\\/orcq.be\\\/histoire\\\/\",\"name\":\"ORCQ.be - L&#039;Histoire\",\"description\":\"Histoire de Orcq\",\"potentialAction\":[{\"@type\":\"SearchAction\",\"target\":{\"@type\":\"EntryPoint\",\"urlTemplate\":\"https:\\\/\\\/orcq.be\\\/histoire\\\/?s={search_term_string}\"},\"query-input\":{\"@type\":\"PropertyValueSpecification\",\"valueRequired\":true,\"valueName\":\"search_term_string\"}}],\"inLanguage\":\"fr-FR\"}]}<\/script>\n<!-- \/ Yoast SEO plugin. -->","yoast_head_json":{"title":"MARQUAIN - photo carte, batteuse Bresous fr\u00e8res \u00e0 Marquain &#8226; ORCQ.be - L&#039;Histoire","description":"Orcq .be - Le calme avant la temp\u00eate - Le recueil de cartes postales des villages de l'entit\u00e9 de Tournai \"Le calme avant la temp\u00eate\" publi\u00e9 en juin 2014 est maintenant \u00e9puis\u00e9. Nous avons d\u00e8s lors d\u00e9cid\u00e9 de mettre ces cartes \u00e0 la disposition des lecteurs de \"Marottes de retrait\u00e9s","robots":{"index":"index","follow":"follow","max-snippet":"max-snippet:-1","max-image-preview":"max-image-preview:large","max-video-preview":"max-video-preview:-1"},"canonical":"https:\/\/orcq.be\/histoire\/wp-content\/uploads\/sites\/2\/2017\/07\/MARQUAIN-photo-carte-batteuse-Bresous-fr\u00e8res-\u00e0-Marquain.jpg","og_locale":"fr_FR","og_type":"article","og_title":"MARQUAIN - photo carte, batteuse Bresous fr\u00e8res \u00e0 Marquain &#8226; ORCQ.be - L&#039;Histoire","og_description":"Orcq .be - Le calme avant la temp\u00eate - Le recueil de cartes postales des villages de l'entit\u00e9 de Tournai \"Le calme avant la temp\u00eate\" publi\u00e9 en juin 2014 est maintenant \u00e9puis\u00e9. Nous avons d\u00e8s lors d\u00e9cid\u00e9 de mettre ces cartes \u00e0 la disposition des lecteurs de \"Marottes de retrait\u00e9s","og_url":"https:\/\/orcq.be\/histoire\/wp-content\/uploads\/sites\/2\/2017\/07\/MARQUAIN-photo-carte-batteuse-Bresous-fr\u00e8res-\u00e0-Marquain.jpg","og_site_name":"ORCQ.be - L&#039;Histoire","article_publisher":"https:\/\/www.facebook.com\/villageorcq","article_modified_time":"2018-04-27T09:36:28+00:00","og_image":[{"width":500,"height":318,"url":"https:\/\/orcq.be\/histoire\/wp-content\/uploads\/sites\/2\/2017\/07\/MARQUAIN-photo-carte-batteuse-Bresous-fr\u00e8res-\u00e0-Marquain.jpg","type":"image\/jpeg"}],"twitter_card":"summary_large_image","schema":{"@context":"https:\/\/schema.org","@graph":[{"@type":"WebPage","@id":"https:\/\/orcq.be\/histoire\/wp-content\/uploads\/sites\/2\/2017\/07\/MARQUAIN-photo-carte-batteuse-Bresous-fr\u00e8res-\u00e0-Marquain.jpg","url":"https:\/\/orcq.be\/histoire\/wp-content\/uploads\/sites\/2\/2017\/07\/MARQUAIN-photo-carte-batteuse-Bresous-fr\u00e8res-\u00e0-Marquain.jpg","name":"MARQUAIN - photo carte, batteuse Bresous fr\u00e8res \u00e0 Marquain &#8226; ORCQ.be - L&#039;Histoire","isPartOf":{"@id":"https:\/\/orcq.be\/histoire\/#website"},"datePublished":"2017-07-18T13:04:12+00:00","dateModified":"2018-04-27T09:36:28+00:00","description":"Orcq .be - Le calme avant la temp\u00eate - Le recueil de cartes postales des villages de l'entit\u00e9 de Tournai \"Le calme avant la temp\u00eate\" publi\u00e9 en juin 2014 est maintenant \u00e9puis\u00e9. Nous avons d\u00e8s lors d\u00e9cid\u00e9 de mettre ces cartes \u00e0 la disposition des lecteurs de \"Marottes de retrait\u00e9s","breadcrumb":{"@id":"https:\/\/orcq.be\/histoire\/wp-content\/uploads\/sites\/2\/2017\/07\/MARQUAIN-photo-carte-batteuse-Bresous-fr\u00e8res-\u00e0-Marquain.jpg#breadcrumb"},"inLanguage":"fr-FR","potentialAction":[{"@type":"ReadAction","target":["https:\/\/orcq.be\/histoire\/wp-content\/uploads\/sites\/2\/2017\/07\/MARQUAIN-photo-carte-batteuse-Bresous-fr\u00e8res-\u00e0-Marquain.jpg"]}]},{"@type":"BreadcrumbList","@id":"https:\/\/orcq.be\/histoire\/wp-content\/uploads\/sites\/2\/2017\/07\/MARQUAIN-photo-carte-batteuse-Bresous-fr\u00e8res-\u00e0-Marquain.jpg#breadcrumb","itemListElement":[{"@type":"ListItem","position":1,"name":"Accueil","item":"https:\/\/orcq.be\/histoire\/"},{"@type":"ListItem","position":2,"name":"Cartes postales des villages de Tournai avant 1914: Le calme avant la temp\u00eate","item":"https:\/\/orcq.be\/histoire\/2017\/07\/18\/le-calme-avant-la-tempete\/"},{"@type":"ListItem","position":3,"name":"MARQUAIN &#8211; photo carte, batteuse Bresous fr\u00e8res \u00e0 Marquain"}]},{"@type":"WebSite","@id":"https:\/\/orcq.be\/histoire\/#website","url":"https:\/\/orcq.be\/histoire\/","name":"ORCQ.be - L&#039;Histoire","description":"Histoire de Orcq","potentialAction":[{"@type":"SearchAction","target":{"@type":"EntryPoint","urlTemplate":"https:\/\/orcq.be\/histoire\/?s={search_term_string}"},"query-input":{"@type":"PropertyValueSpecification","valueRequired":true,"valueName":"search_term_string"}}],"inLanguage":"fr-FR"}]}},"description":{"rendered":"<p class=\"attachment\"><a class=\"grouped_elements\" rel=\"tc-fancybox-group\" href=\"https:\/\/orcq.be\/histoire\/wp-content\/uploads\/sites\/2\/2017\/07\/MARQUAIN-photo-carte-batteuse-Bresous-fr\u00e8res-\u00e0-Marquain.jpg\" title=\"MARQUAIN - photo carte, batteuse Bresous fr\u00e8res \u00e0 Marquain\"><img loading=\"lazy\" decoding=\"async\" width=\"300\" height=\"191\" src=\"https:\/\/orcq.be\/histoire\/wp-content\/uploads\/sites\/2\/2017\/07\/MARQUAIN-photo-carte-batteuse-Bresous-fr\u00e8res-\u00e0-Marquain-300x191.jpg\" class=\"attachment-medium size-medium\" alt=\"\" srcset=\"https:\/\/orcq.be\/histoire\/wp-content\/uploads\/sites\/2\/2017\/07\/MARQUAIN-photo-carte-batteuse-Bresous-fr\u00e8res-\u00e0-Marquain-300x191.jpg 300w, https:\/\/orcq.be\/histoire\/wp-content\/uploads\/sites\/2\/2017\/07\/MARQUAIN-photo-carte-batteuse-Bresous-fr\u00e8res-\u00e0-Marquain.jpg 500w\" sizes=\"auto, (max-width: 300px) 100vw, 300px\" \/><\/a><\/p>\n<p>MARQUAIN &#8211; photo carte, batteuse Bresous fr\u00e8res \u00e0 Marquain<br \/>\nOrcq .be &#8211; Le calme avant la temp\u00eate &#8211; Le recueil de cartes postales des villages de l&rsquo;entit\u00e9 de Tournai \u00ab\u00a0Le calme avant la temp\u00eate\u00a0\u00bb publi\u00e9 en juin 2014 est maintenant \u00e9puis\u00e9. Nous avons d\u00e8s lors d\u00e9cid\u00e9 de mettre ces cartes \u00e0 la disposition des lecteurs de \u00ab\u00a0Marottes de retrait\u00e9s<\/p>\n"},"caption":{"rendered":"<p>MARQUAIN &#8211; photo carte, batteuse Bresous fr\u00e8res \u00e0 Marquain<\/p>\n"},"alt_text":"MARQUAIN - photo carte, batteuse Bresous fr\u00e8res \u00e0 Marquain","media_type":"image","mime_type":"image\/jpeg","media_details":{"width":500,"height":318,"file":"2017\/07\/MARQUAIN-photo-carte-batteuse-Bresous-fr\u00e8res-\u00e0-Marquain.jpg","sizes":{"thumbnail":{"file":"MARQUAIN-photo-carte-batteuse-Bresous-fr\u00e8res-\u00e0-Marquain-150x150.jpg","width":150,"height":150,"mime_type":"image\/jpeg","source_url":"https:\/\/orcq.be\/histoire\/wp-content\/uploads\/sites\/2\/2017\/07\/MARQUAIN-photo-carte-batteuse-Bresous-fr\u00e8res-\u00e0-Marquain-150x150.jpg"},"medium":{"file":"MARQUAIN-photo-carte-batteuse-Bresous-fr\u00e8res-\u00e0-Marquain-300x191.jpg","width":300,"height":191,"mime_type":"image\/jpeg","source_url":"https:\/\/orcq.be\/histoire\/wp-content\/uploads\/sites\/2\/2017\/07\/MARQUAIN-photo-carte-batteuse-Bresous-fr\u00e8res-\u00e0-Marquain-300x191.jpg"},"fb_event_cover":{"file":"MARQUAIN-photo-carte-batteuse-Bresous-fr\u00e8res-\u00e0-Marquain-500x295.jpg","width":500,"height":295,"mime_type":"image\/jpeg","source_url":"https:\/\/orcq.be\/histoire\/wp-content\/uploads\/sites\/2\/2017\/07\/MARQUAIN-photo-carte-batteuse-Bresous-fr\u00e8res-\u00e0-Marquain-500x295.jpg"},"fb_event_list":{"file":"MARQUAIN-photo-carte-batteuse-Bresous-fr\u00e8res-\u00e0-Marquain-288x192.jpg","width":288,"height":192,"mime_type":"image\/jpeg","source_url":"https:\/\/orcq.be\/histoire\/wp-content\/uploads\/sites\/2\/2017\/07\/MARQUAIN-photo-carte-batteuse-Bresous-fr\u00e8res-\u00e0-Marquain-288x192.jpg"},"fb_event_ad":{"file":"MARQUAIN-photo-carte-batteuse-Bresous-fr\u00e8res-\u00e0-Marquain-288x295.jpg","width":288,"height":295,"mime_type":"image\/jpeg","source_url":"https:\/\/orcq.be\/histoire\/wp-content\/uploads\/sites\/2\/2017\/07\/MARQUAIN-photo-carte-batteuse-Bresous-fr\u00e8res-\u00e0-Marquain-288x295.jpg"},"tc-thumb":{"file":"MARQUAIN-photo-carte-batteuse-Bresous-fr\u00e8res-\u00e0-Marquain-270x250.jpg","width":270,"height":250,"mime_type":"image\/jpeg","source_url":"https:\/\/orcq.be\/histoire\/wp-content\/uploads\/sites\/2\/2017\/07\/MARQUAIN-photo-carte-batteuse-Bresous-fr\u00e8res-\u00e0-Marquain-270x250.jpg"},"full":{"file":"MARQUAIN-photo-carte-batteuse-Bresous-fr\u00e8res-\u00e0-Marquain.jpg","width":500,"height":318,"mime_type":"image\/jpeg","source_url":"https:\/\/orcq.be\/histoire\/wp-content\/uploads\/sites\/2\/2017\/07\/MARQUAIN-photo-carte-batteuse-Bresous-fr\u00e8res-\u00e0-Marquain.jpg"}},"image_meta":{"aperture":"0","credit":"","camera":"","caption":"","created_timestamp":"0","copyright":"","focal_length":"0","iso":"0","shutter_speed":"0","title":"","orientation":"0","keywords":[]}},"post":227,"source_url":"https:\/\/orcq.be\/histoire\/wp-content\/uploads\/sites\/2\/2017\/07\/MARQUAIN-photo-carte-batteuse-Bresous-fr\u00e8res-\u00e0-Marquain.jpg","_links":{"self":[{"href":"https:\/\/orcq.be\/histoire\/wp-json\/wp\/v2\/media\/329","targetHints":{"allow":["GET"]}}],"collection":[{"href":"https:\/\/orcq.be\/histoire\/wp-json\/wp\/v2\/media"}],"about":[{"href":"https:\/\/orcq.be\/histoire\/wp-json\/wp\/v2\/types\/attachment"}],"author":[{"embeddable":true,"href":"https:\/\/orcq.be\/histoire\/wp-json\/wp\/v2\/users\/2"}],"replies":[{"embeddable":true,"href":"https:\/\/orcq.be\/histoire\/wp-json\/wp\/v2\/comments?post=329"}],"wp:attached-to":[{"embeddable":true,"post_type":"post","id":227,"href":"https:\/\/orcq.be\/histoire\/wp-json\/wp\/v2\/posts\/227"}],"curies":[{"name":"wp","href":"https:\/\/api.w.org\/{rel}","templated":true}]}}