{"id":380,"date":"2017-07-19T08:41:44","date_gmt":"2017-07-19T06:41:44","guid":{"rendered":"http:\/\/orcq.be\/histoire\/wp-content\/uploads\/sites\/2\/2017\/07\/Plan-de-la-maison-Maertens.jpg"},"modified":"2018-04-27T11:17:41","modified_gmt":"2018-04-27T09:17:41","slug":"plan-de-la-maison-maertens","status":"inherit","type":"attachment","link":"https:\/\/orcq.be\/histoire\/2017\/07\/19\/orcq-evoque-cours-de-proces-dassises-xixe-siecle\/plan-de-la-maison-maertens\/","title":{"rendered":"Plan de la maison Maertens"},"author":2,"featured_media":0,"comment_status":"open","ping_status":"closed","template":"","meta":{"_monsterinsights_skip_tracking":false,"_monsterinsights_sitenote_active":false,"_monsterinsights_sitenote_note":"","_monsterinsights_sitenote_category":0},"class_list":["post-380","attachment","type-attachment","status-inherit","czr-hentry"],"yoast_head":"<!-- This site is optimized with the Yoast SEO plugin v27.5 - https:\/\/yoast.com\/product\/yoast-seo-wordpress\/ -->\n<title>Plan de la maison Maertens &#8226; ORCQ.be - L&#039;Histoire<\/title>\n<meta name=\"description\" content=\"Orcq .be - Au cours du XIX\u00e8me si\u00e8cle deux proc\u00e8s d\u2019Assises qui se sont d\u00e9roul\u00e9s \u00e0 Mons ont concern\u00e9 Orcq de pr\u00e8s. Notre article tentera de relater fid\u00e8lement ces deux crimes en y incluant la sentence finale. La premi\u00e8re affaire est un crime crapuleux commis par un orcquois \u00e0 Rumes et la seconde un drame de la mis\u00e8re qui se d\u00e9roula \u00e0 Orcq et dont la coupable \u00e9tait \u00e9trang\u00e8re au village.\" \/>\n<meta name=\"robots\" content=\"index, follow, max-snippet:-1, max-image-preview:large, max-video-preview:-1\" \/>\n<link rel=\"canonical\" href=\"https:\/\/orcq.be\/histoire\/wp-content\/uploads\/sites\/2\/2017\/07\/Plan-de-la-maison-Maertens.jpg\" \/>\n<meta property=\"og:locale\" content=\"fr_FR\" \/>\n<meta property=\"og:type\" content=\"article\" \/>\n<meta property=\"og:title\" content=\"Plan de la maison Maertens &#8226; ORCQ.be - L&#039;Histoire\" \/>\n<meta property=\"og:description\" content=\"Orcq .be - Au cours du XIX\u00e8me si\u00e8cle deux proc\u00e8s d\u2019Assises qui se sont d\u00e9roul\u00e9s \u00e0 Mons ont concern\u00e9 Orcq de pr\u00e8s. Notre article tentera de relater fid\u00e8lement ces deux crimes en y incluant la sentence finale. La premi\u00e8re affaire est un crime crapuleux commis par un orcquois \u00e0 Rumes et la seconde un drame de la mis\u00e8re qui se d\u00e9roula \u00e0 Orcq et dont la coupable \u00e9tait \u00e9trang\u00e8re au village.\" \/>\n<meta property=\"og:url\" content=\"https:\/\/orcq.be\/histoire\/wp-content\/uploads\/sites\/2\/2017\/07\/Plan-de-la-maison-Maertens.jpg\" \/>\n<meta property=\"og:site_name\" content=\"ORCQ.be - L&#039;Histoire\" \/>\n<meta property=\"article:publisher\" content=\"https:\/\/www.facebook.com\/villageorcq\" \/>\n<meta property=\"article:modified_time\" content=\"2018-04-27T09:17:41+00:00\" \/>\n<meta property=\"og:image\" content=\"https:\/\/orcq.be\/histoire\/wp-content\/uploads\/sites\/2\/2017\/07\/Plan-de-la-maison-Maertens.jpg\" \/>\n\t<meta property=\"og:image:width\" content=\"500\" \/>\n\t<meta property=\"og:image:height\" content=\"406\" \/>\n\t<meta property=\"og:image:type\" content=\"image\/jpeg\" \/>\n<meta name=\"twitter:card\" content=\"summary_large_image\" \/>\n<script type=\"application\/ld+json\" class=\"yoast-schema-graph\">{\"@context\":\"https:\\\/\\\/schema.org\",\"@graph\":[{\"@type\":\"WebPage\",\"@id\":\"https:\\\/\\\/orcq.be\\\/histoire\\\/wp-content\\\/uploads\\\/sites\\\/2\\\/2017\\\/07\\\/Plan-de-la-maison-Maertens.jpg\",\"url\":\"https:\\\/\\\/orcq.be\\\/histoire\\\/wp-content\\\/uploads\\\/sites\\\/2\\\/2017\\\/07\\\/Plan-de-la-maison-Maertens.jpg\",\"name\":\"Plan de la maison Maertens &#8226; ORCQ.be - L&#039;Histoire\",\"isPartOf\":{\"@id\":\"https:\\\/\\\/orcq.be\\\/histoire\\\/#website\"},\"datePublished\":\"2017-07-19T06:41:44+00:00\",\"dateModified\":\"2018-04-27T09:17:41+00:00\",\"description\":\"Orcq .be - Au cours du XIX\u00e8me si\u00e8cle deux proc\u00e8s d\u2019Assises qui se sont d\u00e9roul\u00e9s \u00e0 Mons ont concern\u00e9 Orcq de pr\u00e8s. Notre article tentera de relater fid\u00e8lement ces deux crimes en y incluant la sentence finale. La premi\u00e8re affaire est un crime crapuleux commis par un orcquois \u00e0 Rumes et la seconde un drame de la mis\u00e8re qui se d\u00e9roula \u00e0 Orcq et dont la coupable \u00e9tait \u00e9trang\u00e8re au village.\",\"breadcrumb\":{\"@id\":\"https:\\\/\\\/orcq.be\\\/histoire\\\/wp-content\\\/uploads\\\/sites\\\/2\\\/2017\\\/07\\\/Plan-de-la-maison-Maertens.jpg#breadcrumb\"},\"inLanguage\":\"fr-FR\",\"potentialAction\":[{\"@type\":\"ReadAction\",\"target\":[\"https:\\\/\\\/orcq.be\\\/histoire\\\/wp-content\\\/uploads\\\/sites\\\/2\\\/2017\\\/07\\\/Plan-de-la-maison-Maertens.jpg\"]}]},{\"@type\":\"BreadcrumbList\",\"@id\":\"https:\\\/\\\/orcq.be\\\/histoire\\\/wp-content\\\/uploads\\\/sites\\\/2\\\/2017\\\/07\\\/Plan-de-la-maison-Maertens.jpg#breadcrumb\",\"itemListElement\":[{\"@type\":\"ListItem\",\"position\":1,\"name\":\"Accueil\",\"item\":\"https:\\\/\\\/orcq.be\\\/histoire\\\/\"},{\"@type\":\"ListItem\",\"position\":2,\"name\":\"Orcq \u00e9voqu\u00e9 au cours de proc\u00e8s d&rsquo;Assises au XIXe si\u00e8cle\",\"item\":\"https:\\\/\\\/orcq.be\\\/histoire\\\/2017\\\/07\\\/19\\\/orcq-evoque-cours-de-proces-dassises-xixe-siecle\\\/\"},{\"@type\":\"ListItem\",\"position\":3,\"name\":\"Plan de la maison Maertens\"}]},{\"@type\":\"WebSite\",\"@id\":\"https:\\\/\\\/orcq.be\\\/histoire\\\/#website\",\"url\":\"https:\\\/\\\/orcq.be\\\/histoire\\\/\",\"name\":\"ORCQ.be - L&#039;Histoire\",\"description\":\"Histoire de Orcq\",\"potentialAction\":[{\"@type\":\"SearchAction\",\"target\":{\"@type\":\"EntryPoint\",\"urlTemplate\":\"https:\\\/\\\/orcq.be\\\/histoire\\\/?s={search_term_string}\"},\"query-input\":{\"@type\":\"PropertyValueSpecification\",\"valueRequired\":true,\"valueName\":\"search_term_string\"}}],\"inLanguage\":\"fr-FR\"}]}<\/script>\n<!-- \/ Yoast SEO plugin. -->","yoast_head_json":{"title":"Plan de la maison Maertens &#8226; ORCQ.be - L&#039;Histoire","description":"Orcq .be - Au cours du XIX\u00e8me si\u00e8cle deux proc\u00e8s d\u2019Assises qui se sont d\u00e9roul\u00e9s \u00e0 Mons ont concern\u00e9 Orcq de pr\u00e8s. Notre article tentera de relater fid\u00e8lement ces deux crimes en y incluant la sentence finale. La premi\u00e8re affaire est un crime crapuleux commis par un orcquois \u00e0 Rumes et la seconde un drame de la mis\u00e8re qui se d\u00e9roula \u00e0 Orcq et dont la coupable \u00e9tait \u00e9trang\u00e8re au village.","robots":{"index":"index","follow":"follow","max-snippet":"max-snippet:-1","max-image-preview":"max-image-preview:large","max-video-preview":"max-video-preview:-1"},"canonical":"https:\/\/orcq.be\/histoire\/wp-content\/uploads\/sites\/2\/2017\/07\/Plan-de-la-maison-Maertens.jpg","og_locale":"fr_FR","og_type":"article","og_title":"Plan de la maison Maertens &#8226; ORCQ.be - L&#039;Histoire","og_description":"Orcq .be - Au cours du XIX\u00e8me si\u00e8cle deux proc\u00e8s d\u2019Assises qui se sont d\u00e9roul\u00e9s \u00e0 Mons ont concern\u00e9 Orcq de pr\u00e8s. Notre article tentera de relater fid\u00e8lement ces deux crimes en y incluant la sentence finale. La premi\u00e8re affaire est un crime crapuleux commis par un orcquois \u00e0 Rumes et la seconde un drame de la mis\u00e8re qui se d\u00e9roula \u00e0 Orcq et dont la coupable \u00e9tait \u00e9trang\u00e8re au village.","og_url":"https:\/\/orcq.be\/histoire\/wp-content\/uploads\/sites\/2\/2017\/07\/Plan-de-la-maison-Maertens.jpg","og_site_name":"ORCQ.be - L&#039;Histoire","article_publisher":"https:\/\/www.facebook.com\/villageorcq","article_modified_time":"2018-04-27T09:17:41+00:00","og_image":[{"width":500,"height":406,"url":"https:\/\/orcq.be\/histoire\/wp-content\/uploads\/sites\/2\/2017\/07\/Plan-de-la-maison-Maertens.jpg","type":"image\/jpeg"}],"twitter_card":"summary_large_image","schema":{"@context":"https:\/\/schema.org","@graph":[{"@type":"WebPage","@id":"https:\/\/orcq.be\/histoire\/wp-content\/uploads\/sites\/2\/2017\/07\/Plan-de-la-maison-Maertens.jpg","url":"https:\/\/orcq.be\/histoire\/wp-content\/uploads\/sites\/2\/2017\/07\/Plan-de-la-maison-Maertens.jpg","name":"Plan de la maison Maertens &#8226; ORCQ.be - L&#039;Histoire","isPartOf":{"@id":"https:\/\/orcq.be\/histoire\/#website"},"datePublished":"2017-07-19T06:41:44+00:00","dateModified":"2018-04-27T09:17:41+00:00","description":"Orcq .be - Au cours du XIX\u00e8me si\u00e8cle deux proc\u00e8s d\u2019Assises qui se sont d\u00e9roul\u00e9s \u00e0 Mons ont concern\u00e9 Orcq de pr\u00e8s. Notre article tentera de relater fid\u00e8lement ces deux crimes en y incluant la sentence finale. La premi\u00e8re affaire est un crime crapuleux commis par un orcquois \u00e0 Rumes et la seconde un drame de la mis\u00e8re qui se d\u00e9roula \u00e0 Orcq et dont la coupable \u00e9tait \u00e9trang\u00e8re au village.","breadcrumb":{"@id":"https:\/\/orcq.be\/histoire\/wp-content\/uploads\/sites\/2\/2017\/07\/Plan-de-la-maison-Maertens.jpg#breadcrumb"},"inLanguage":"fr-FR","potentialAction":[{"@type":"ReadAction","target":["https:\/\/orcq.be\/histoire\/wp-content\/uploads\/sites\/2\/2017\/07\/Plan-de-la-maison-Maertens.jpg"]}]},{"@type":"BreadcrumbList","@id":"https:\/\/orcq.be\/histoire\/wp-content\/uploads\/sites\/2\/2017\/07\/Plan-de-la-maison-Maertens.jpg#breadcrumb","itemListElement":[{"@type":"ListItem","position":1,"name":"Accueil","item":"https:\/\/orcq.be\/histoire\/"},{"@type":"ListItem","position":2,"name":"Orcq \u00e9voqu\u00e9 au cours de proc\u00e8s d&rsquo;Assises au XIXe si\u00e8cle","item":"https:\/\/orcq.be\/histoire\/2017\/07\/19\/orcq-evoque-cours-de-proces-dassises-xixe-siecle\/"},{"@type":"ListItem","position":3,"name":"Plan de la maison Maertens"}]},{"@type":"WebSite","@id":"https:\/\/orcq.be\/histoire\/#website","url":"https:\/\/orcq.be\/histoire\/","name":"ORCQ.be - L&#039;Histoire","description":"Histoire de Orcq","potentialAction":[{"@type":"SearchAction","target":{"@type":"EntryPoint","urlTemplate":"https:\/\/orcq.be\/histoire\/?s={search_term_string}"},"query-input":{"@type":"PropertyValueSpecification","valueRequired":true,"valueName":"search_term_string"}}],"inLanguage":"fr-FR"}]}},"description":{"rendered":"<p class=\"attachment\"><a class=\"grouped_elements\" rel=\"tc-fancybox-group\" href=\"https:\/\/orcq.be\/histoire\/wp-content\/uploads\/sites\/2\/2017\/07\/Plan-de-la-maison-Maertens.jpg\" title=\"Plan de la maison Maertens\"><img loading=\"lazy\" decoding=\"async\" width=\"300\" height=\"244\" src=\"https:\/\/orcq.be\/histoire\/wp-content\/uploads\/sites\/2\/2017\/07\/Plan-de-la-maison-Maertens-300x244.jpg\" class=\"attachment-medium size-medium\" alt=\"\" srcset=\"https:\/\/orcq.be\/histoire\/wp-content\/uploads\/sites\/2\/2017\/07\/Plan-de-la-maison-Maertens-300x244.jpg 300w, https:\/\/orcq.be\/histoire\/wp-content\/uploads\/sites\/2\/2017\/07\/Plan-de-la-maison-Maertens.jpg 500w\" sizes=\"auto, (max-width: 300px) 100vw, 300px\" \/><\/a><\/p>\n<p>Plan de la maison Maertens.<br \/>\nOrcq .be &#8211; Au cours du XIX\u00e8me si\u00e8cle deux proc\u00e8s d\u2019Assises qui se sont d\u00e9roul\u00e9s \u00e0 Mons ont concern\u00e9 Orcq de pr\u00e8s. Notre article tentera de relater fid\u00e8lement ces deux crimes en y incluant la sentence finale. La premi\u00e8re affaire est un crime crapuleux commis par un orcquois \u00e0 Rumes et la seconde un drame de la mis\u00e8re qui se d\u00e9roula \u00e0 Orcq et dont la coupable \u00e9tait \u00e9trang\u00e8re au village.<\/p>\n"},"caption":{"rendered":"<p>Plan de la maison Maertens<\/p>\n"},"alt_text":"Plan de la maison Maertens","media_type":"image","mime_type":"image\/jpeg","media_details":{"width":500,"height":406,"file":"2017\/07\/Plan-de-la-maison-Maertens.jpg","sizes":{"thumbnail":{"file":"Plan-de-la-maison-Maertens-150x150.jpg","width":150,"height":150,"mime_type":"image\/jpeg","source_url":"https:\/\/orcq.be\/histoire\/wp-content\/uploads\/sites\/2\/2017\/07\/Plan-de-la-maison-Maertens-150x150.jpg"},"medium":{"file":"Plan-de-la-maison-Maertens-300x244.jpg","width":300,"height":244,"mime_type":"image\/jpeg","source_url":"https:\/\/orcq.be\/histoire\/wp-content\/uploads\/sites\/2\/2017\/07\/Plan-de-la-maison-Maertens-300x244.jpg"},"fb_event_cover":{"file":"Plan-de-la-maison-Maertens-500x295.jpg","width":500,"height":295,"mime_type":"image\/jpeg","source_url":"https:\/\/orcq.be\/histoire\/wp-content\/uploads\/sites\/2\/2017\/07\/Plan-de-la-maison-Maertens-500x295.jpg"},"fb_event_list":{"file":"Plan-de-la-maison-Maertens-288x192.jpg","width":288,"height":192,"mime_type":"image\/jpeg","source_url":"https:\/\/orcq.be\/histoire\/wp-content\/uploads\/sites\/2\/2017\/07\/Plan-de-la-maison-Maertens-288x192.jpg"},"fb_event_ad":{"file":"Plan-de-la-maison-Maertens-288x295.jpg","width":288,"height":295,"mime_type":"image\/jpeg","source_url":"https:\/\/orcq.be\/histoire\/wp-content\/uploads\/sites\/2\/2017\/07\/Plan-de-la-maison-Maertens-288x295.jpg"},"tc-thumb":{"file":"Plan-de-la-maison-Maertens-270x250.jpg","width":270,"height":250,"mime_type":"image\/jpeg","source_url":"https:\/\/orcq.be\/histoire\/wp-content\/uploads\/sites\/2\/2017\/07\/Plan-de-la-maison-Maertens-270x250.jpg"},"tc-grid-full":{"file":"Plan-de-la-maison-Maertens-500x350.jpg","width":500,"height":350,"mime_type":"image\/jpeg","source_url":"https:\/\/orcq.be\/histoire\/wp-content\/uploads\/sites\/2\/2017\/07\/Plan-de-la-maison-Maertens-500x350.jpg"},"tc-grid":{"file":"Plan-de-la-maison-Maertens-500x350.jpg","width":500,"height":350,"mime_type":"image\/jpeg","source_url":"https:\/\/orcq.be\/histoire\/wp-content\/uploads\/sites\/2\/2017\/07\/Plan-de-la-maison-Maertens-500x350.jpg"},"full":{"file":"Plan-de-la-maison-Maertens.jpg","width":500,"height":406,"mime_type":"image\/jpeg","source_url":"https:\/\/orcq.be\/histoire\/wp-content\/uploads\/sites\/2\/2017\/07\/Plan-de-la-maison-Maertens.jpg"}},"image_meta":{"aperture":"0","credit":"","camera":"","caption":"","created_timestamp":"0","copyright":"","focal_length":"0","iso":"0","shutter_speed":"0","title":"","orientation":"0","keywords":[]}},"post":376,"source_url":"https:\/\/orcq.be\/histoire\/wp-content\/uploads\/sites\/2\/2017\/07\/Plan-de-la-maison-Maertens.jpg","_links":{"self":[{"href":"https:\/\/orcq.be\/histoire\/wp-json\/wp\/v2\/media\/380","targetHints":{"allow":["GET"]}}],"collection":[{"href":"https:\/\/orcq.be\/histoire\/wp-json\/wp\/v2\/media"}],"about":[{"href":"https:\/\/orcq.be\/histoire\/wp-json\/wp\/v2\/types\/attachment"}],"author":[{"embeddable":true,"href":"https:\/\/orcq.be\/histoire\/wp-json\/wp\/v2\/users\/2"}],"replies":[{"embeddable":true,"href":"https:\/\/orcq.be\/histoire\/wp-json\/wp\/v2\/comments?post=380"}],"wp:attached-to":[{"embeddable":true,"post_type":"post","id":376,"href":"https:\/\/orcq.be\/histoire\/wp-json\/wp\/v2\/posts\/376"}],"curies":[{"name":"wp","href":"https:\/\/api.w.org\/{rel}","templated":true}]}}