{"id":395,"date":"2017-07-19T08:59:37","date_gmt":"2017-07-19T06:59:37","guid":{"rendered":"http:\/\/orcq.be\/histoire\/wp-content\/uploads\/sites\/2\/2017\/07\/43-Janvier-1917-Mailly-cuisine-du-camp.jpg"},"modified":"2018-04-27T11:10:42","modified_gmt":"2018-04-27T09:10:42","slug":"43-janvier-1917-mailly-cuisine-du-camp","status":"inherit","type":"attachment","link":"https:\/\/orcq.be\/histoire\/2017\/07\/26\/orcq-chronologie-de-guerre-1914-1918-bernard-demaire-robert-trifin\/43-janvier-1917-mailly-cuisine-du-camp\/","title":{"rendered":"43 Janvier 1917 Mailly, cuisine du camp"},"author":2,"featured_media":0,"comment_status":"open","ping_status":"closed","template":"","meta":{"_monsterinsights_skip_tracking":false,"_monsterinsights_sitenote_active":false,"_monsterinsights_sitenote_note":"","_monsterinsights_sitenote_category":0},"class_list":["post-395","attachment","type-attachment","status-inherit","czr-hentry"],"yoast_head":"<!-- This site is optimized with the Yoast SEO plugin v27.5 - https:\/\/yoast.com\/product\/yoast-seo-wordpress\/ -->\n<title>43 Janvier 1917 Mailly, cuisine du camp &#8226; ORCQ.be - L&#039;Histoire<\/title>\n<meta name=\"description\" content=\"Orcq .be - Cet article n\u2019a pas la pr\u00e9tention de constituer une contribution importante \u00e0 l\u2019histoire locale, mais il r\u00e9pond \u00e0 un souhait de beaucoup de retourner vers un pass\u00e9 pas trop \u00e9loign\u00e9, qu\u2019ils ont connu et qu\u2019ils parent souvent de la nostalgie des temps heureux r\u00e9volus \u00e0 jamais.\" \/>\n<meta name=\"robots\" content=\"index, follow, max-snippet:-1, max-image-preview:large, max-video-preview:-1\" \/>\n<link rel=\"canonical\" href=\"https:\/\/orcq.be\/histoire\/wp-content\/uploads\/sites\/2\/2017\/07\/43-Janvier-1917-Mailly-cuisine-du-camp.jpg\" \/>\n<meta property=\"og:locale\" content=\"fr_FR\" \/>\n<meta property=\"og:type\" content=\"article\" \/>\n<meta property=\"og:title\" content=\"43 Janvier 1917 Mailly, cuisine du camp &#8226; ORCQ.be - L&#039;Histoire\" \/>\n<meta property=\"og:description\" content=\"Orcq .be - Cet article n\u2019a pas la pr\u00e9tention de constituer une contribution importante \u00e0 l\u2019histoire locale, mais il r\u00e9pond \u00e0 un souhait de beaucoup de retourner vers un pass\u00e9 pas trop \u00e9loign\u00e9, qu\u2019ils ont connu et qu\u2019ils parent souvent de la nostalgie des temps heureux r\u00e9volus \u00e0 jamais.\" \/>\n<meta property=\"og:url\" content=\"https:\/\/orcq.be\/histoire\/wp-content\/uploads\/sites\/2\/2017\/07\/43-Janvier-1917-Mailly-cuisine-du-camp.jpg\" \/>\n<meta property=\"og:site_name\" content=\"ORCQ.be - L&#039;Histoire\" \/>\n<meta property=\"article:publisher\" content=\"https:\/\/www.facebook.com\/villageorcq\" \/>\n<meta property=\"article:modified_time\" content=\"2018-04-27T09:10:42+00:00\" \/>\n<meta property=\"og:image\" content=\"https:\/\/orcq.be\/histoire\/wp-content\/uploads\/sites\/2\/2017\/07\/43-Janvier-1917-Mailly-cuisine-du-camp.jpg\" \/>\n\t<meta property=\"og:image:width\" content=\"500\" \/>\n\t<meta property=\"og:image:height\" content=\"328\" \/>\n\t<meta property=\"og:image:type\" content=\"image\/jpeg\" \/>\n<meta name=\"twitter:card\" content=\"summary_large_image\" \/>\n<script type=\"application\/ld+json\" class=\"yoast-schema-graph\">{\"@context\":\"https:\\\/\\\/schema.org\",\"@graph\":[{\"@type\":\"WebPage\",\"@id\":\"https:\\\/\\\/orcq.be\\\/histoire\\\/wp-content\\\/uploads\\\/sites\\\/2\\\/2017\\\/07\\\/43-Janvier-1917-Mailly-cuisine-du-camp.jpg\",\"url\":\"https:\\\/\\\/orcq.be\\\/histoire\\\/wp-content\\\/uploads\\\/sites\\\/2\\\/2017\\\/07\\\/43-Janvier-1917-Mailly-cuisine-du-camp.jpg\",\"name\":\"43 Janvier 1917 Mailly, cuisine du camp &#8226; ORCQ.be - L&#039;Histoire\",\"isPartOf\":{\"@id\":\"https:\\\/\\\/orcq.be\\\/histoire\\\/#website\"},\"datePublished\":\"2017-07-19T06:59:37+00:00\",\"dateModified\":\"2018-04-27T09:10:42+00:00\",\"description\":\"Orcq .be - Cet article n\u2019a pas la pr\u00e9tention de constituer une contribution importante \u00e0 l\u2019histoire locale, mais il r\u00e9pond \u00e0 un souhait de beaucoup de retourner vers un pass\u00e9 pas trop \u00e9loign\u00e9, qu\u2019ils ont connu et qu\u2019ils parent souvent de la nostalgie des temps heureux r\u00e9volus \u00e0 jamais.\",\"breadcrumb\":{\"@id\":\"https:\\\/\\\/orcq.be\\\/histoire\\\/wp-content\\\/uploads\\\/sites\\\/2\\\/2017\\\/07\\\/43-Janvier-1917-Mailly-cuisine-du-camp.jpg#breadcrumb\"},\"inLanguage\":\"fr-FR\",\"potentialAction\":[{\"@type\":\"ReadAction\",\"target\":[\"https:\\\/\\\/orcq.be\\\/histoire\\\/wp-content\\\/uploads\\\/sites\\\/2\\\/2017\\\/07\\\/43-Janvier-1917-Mailly-cuisine-du-camp.jpg\"]}]},{\"@type\":\"BreadcrumbList\",\"@id\":\"https:\\\/\\\/orcq.be\\\/histoire\\\/wp-content\\\/uploads\\\/sites\\\/2\\\/2017\\\/07\\\/43-Janvier-1917-Mailly-cuisine-du-camp.jpg#breadcrumb\",\"itemListElement\":[{\"@type\":\"ListItem\",\"position\":1,\"name\":\"Accueil\",\"item\":\"https:\\\/\\\/orcq.be\\\/histoire\\\/\"},{\"@type\":\"ListItem\",\"position\":2,\"name\":\"Orcq, chronologie de la guerre 1914-1918 (Bernard Demaire et Robert Trifin)\",\"item\":\"https:\\\/\\\/orcq.be\\\/histoire\\\/2017\\\/07\\\/26\\\/orcq-chronologie-de-guerre-1914-1918-bernard-demaire-robert-trifin\\\/\"},{\"@type\":\"ListItem\",\"position\":3,\"name\":\"43 Janvier 1917 Mailly, cuisine du camp\"}]},{\"@type\":\"WebSite\",\"@id\":\"https:\\\/\\\/orcq.be\\\/histoire\\\/#website\",\"url\":\"https:\\\/\\\/orcq.be\\\/histoire\\\/\",\"name\":\"ORCQ.be - L&#039;Histoire\",\"description\":\"Histoire de Orcq\",\"potentialAction\":[{\"@type\":\"SearchAction\",\"target\":{\"@type\":\"EntryPoint\",\"urlTemplate\":\"https:\\\/\\\/orcq.be\\\/histoire\\\/?s={search_term_string}\"},\"query-input\":{\"@type\":\"PropertyValueSpecification\",\"valueRequired\":true,\"valueName\":\"search_term_string\"}}],\"inLanguage\":\"fr-FR\"}]}<\/script>\n<!-- \/ Yoast SEO plugin. -->","yoast_head_json":{"title":"43 Janvier 1917 Mailly, cuisine du camp &#8226; ORCQ.be - L&#039;Histoire","description":"Orcq .be - Cet article n\u2019a pas la pr\u00e9tention de constituer une contribution importante \u00e0 l\u2019histoire locale, mais il r\u00e9pond \u00e0 un souhait de beaucoup de retourner vers un pass\u00e9 pas trop \u00e9loign\u00e9, qu\u2019ils ont connu et qu\u2019ils parent souvent de la nostalgie des temps heureux r\u00e9volus \u00e0 jamais.","robots":{"index":"index","follow":"follow","max-snippet":"max-snippet:-1","max-image-preview":"max-image-preview:large","max-video-preview":"max-video-preview:-1"},"canonical":"https:\/\/orcq.be\/histoire\/wp-content\/uploads\/sites\/2\/2017\/07\/43-Janvier-1917-Mailly-cuisine-du-camp.jpg","og_locale":"fr_FR","og_type":"article","og_title":"43 Janvier 1917 Mailly, cuisine du camp &#8226; ORCQ.be - L&#039;Histoire","og_description":"Orcq .be - Cet article n\u2019a pas la pr\u00e9tention de constituer une contribution importante \u00e0 l\u2019histoire locale, mais il r\u00e9pond \u00e0 un souhait de beaucoup de retourner vers un pass\u00e9 pas trop \u00e9loign\u00e9, qu\u2019ils ont connu et qu\u2019ils parent souvent de la nostalgie des temps heureux r\u00e9volus \u00e0 jamais.","og_url":"https:\/\/orcq.be\/histoire\/wp-content\/uploads\/sites\/2\/2017\/07\/43-Janvier-1917-Mailly-cuisine-du-camp.jpg","og_site_name":"ORCQ.be - L&#039;Histoire","article_publisher":"https:\/\/www.facebook.com\/villageorcq","article_modified_time":"2018-04-27T09:10:42+00:00","og_image":[{"width":500,"height":328,"url":"https:\/\/orcq.be\/histoire\/wp-content\/uploads\/sites\/2\/2017\/07\/43-Janvier-1917-Mailly-cuisine-du-camp.jpg","type":"image\/jpeg"}],"twitter_card":"summary_large_image","schema":{"@context":"https:\/\/schema.org","@graph":[{"@type":"WebPage","@id":"https:\/\/orcq.be\/histoire\/wp-content\/uploads\/sites\/2\/2017\/07\/43-Janvier-1917-Mailly-cuisine-du-camp.jpg","url":"https:\/\/orcq.be\/histoire\/wp-content\/uploads\/sites\/2\/2017\/07\/43-Janvier-1917-Mailly-cuisine-du-camp.jpg","name":"43 Janvier 1917 Mailly, cuisine du camp &#8226; ORCQ.be - L&#039;Histoire","isPartOf":{"@id":"https:\/\/orcq.be\/histoire\/#website"},"datePublished":"2017-07-19T06:59:37+00:00","dateModified":"2018-04-27T09:10:42+00:00","description":"Orcq .be - Cet article n\u2019a pas la pr\u00e9tention de constituer une contribution importante \u00e0 l\u2019histoire locale, mais il r\u00e9pond \u00e0 un souhait de beaucoup de retourner vers un pass\u00e9 pas trop \u00e9loign\u00e9, qu\u2019ils ont connu et qu\u2019ils parent souvent de la nostalgie des temps heureux r\u00e9volus \u00e0 jamais.","breadcrumb":{"@id":"https:\/\/orcq.be\/histoire\/wp-content\/uploads\/sites\/2\/2017\/07\/43-Janvier-1917-Mailly-cuisine-du-camp.jpg#breadcrumb"},"inLanguage":"fr-FR","potentialAction":[{"@type":"ReadAction","target":["https:\/\/orcq.be\/histoire\/wp-content\/uploads\/sites\/2\/2017\/07\/43-Janvier-1917-Mailly-cuisine-du-camp.jpg"]}]},{"@type":"BreadcrumbList","@id":"https:\/\/orcq.be\/histoire\/wp-content\/uploads\/sites\/2\/2017\/07\/43-Janvier-1917-Mailly-cuisine-du-camp.jpg#breadcrumb","itemListElement":[{"@type":"ListItem","position":1,"name":"Accueil","item":"https:\/\/orcq.be\/histoire\/"},{"@type":"ListItem","position":2,"name":"Orcq, chronologie de la guerre 1914-1918 (Bernard Demaire et Robert Trifin)","item":"https:\/\/orcq.be\/histoire\/2017\/07\/26\/orcq-chronologie-de-guerre-1914-1918-bernard-demaire-robert-trifin\/"},{"@type":"ListItem","position":3,"name":"43 Janvier 1917 Mailly, cuisine du camp"}]},{"@type":"WebSite","@id":"https:\/\/orcq.be\/histoire\/#website","url":"https:\/\/orcq.be\/histoire\/","name":"ORCQ.be - L&#039;Histoire","description":"Histoire de Orcq","potentialAction":[{"@type":"SearchAction","target":{"@type":"EntryPoint","urlTemplate":"https:\/\/orcq.be\/histoire\/?s={search_term_string}"},"query-input":{"@type":"PropertyValueSpecification","valueRequired":true,"valueName":"search_term_string"}}],"inLanguage":"fr-FR"}]}},"description":{"rendered":"<p class=\"attachment\"><a class=\"grouped_elements\" rel=\"tc-fancybox-group\" href=\"https:\/\/orcq.be\/histoire\/wp-content\/uploads\/sites\/2\/2017\/07\/43-Janvier-1917-Mailly-cuisine-du-camp.jpg\" title=\"43 Janvier 1917 Mailly, cuisine du camp\"><img loading=\"lazy\" decoding=\"async\" width=\"300\" height=\"197\" src=\"https:\/\/orcq.be\/histoire\/wp-content\/uploads\/sites\/2\/2017\/07\/43-Janvier-1917-Mailly-cuisine-du-camp-300x197.jpg\" class=\"attachment-medium size-medium\" alt=\"\" srcset=\"https:\/\/orcq.be\/histoire\/wp-content\/uploads\/sites\/2\/2017\/07\/43-Janvier-1917-Mailly-cuisine-du-camp-300x197.jpg 300w, https:\/\/orcq.be\/histoire\/wp-content\/uploads\/sites\/2\/2017\/07\/43-Janvier-1917-Mailly-cuisine-du-camp.jpg 500w\" sizes=\"auto, (max-width: 300px) 100vw, 300px\" \/><\/a><\/p>\n<p>43 Janvier 1917 Mailly, cuisine du camp<br \/>\n43 Du 23 12 1915 au 10 2 1916 les grenadiers sont all\u00e9s en formation au camp de Mailly en France, cette photo est un souvenir de ce passage.<\/p>\n<p>Orcq .be &#8211; Cet article n\u2019a pas la pr\u00e9tention de constituer une contribution importante \u00e0 l\u2019histoire locale, mais il r\u00e9pond \u00e0 un souhait de beaucoup de retourner vers un pass\u00e9 pas trop \u00e9loign\u00e9, qu\u2019ils ont connu et qu\u2019ils parent souvent de la nostalgie des temps heureux r\u00e9volus \u00e0 jamais.<\/p>\n"},"caption":{"rendered":"<p>43 Janvier 1917 Mailly, cuisine du camp<br \/>\n43 Du 23 12 1915 au 10 2 1916 les grenadiers sont all\u00e9s en formation au camp de Mailly en France, cette photo est un souvenir de ce passage.<\/p>\n"},"alt_text":"43 Janvier 1917 Mailly, cuisine du camp 43 Du 23 12 1915 au 10 2 1916 les grenadiers sont all\u00e9s en formation au camp de Mailly en France, cette photo est un souvenir de ce passage.","media_type":"image","mime_type":"image\/jpeg","media_details":{"width":500,"height":328,"file":"2017\/07\/43-Janvier-1917-Mailly-cuisine-du-camp.jpg","sizes":{"thumbnail":{"file":"43-Janvier-1917-Mailly-cuisine-du-camp-150x150.jpg","width":150,"height":150,"mime_type":"image\/jpeg","source_url":"https:\/\/orcq.be\/histoire\/wp-content\/uploads\/sites\/2\/2017\/07\/43-Janvier-1917-Mailly-cuisine-du-camp-150x150.jpg"},"medium":{"file":"43-Janvier-1917-Mailly-cuisine-du-camp-300x197.jpg","width":300,"height":197,"mime_type":"image\/jpeg","source_url":"https:\/\/orcq.be\/histoire\/wp-content\/uploads\/sites\/2\/2017\/07\/43-Janvier-1917-Mailly-cuisine-du-camp-300x197.jpg"},"fb_event_cover":{"file":"43-Janvier-1917-Mailly-cuisine-du-camp-500x295.jpg","width":500,"height":295,"mime_type":"image\/jpeg","source_url":"https:\/\/orcq.be\/histoire\/wp-content\/uploads\/sites\/2\/2017\/07\/43-Janvier-1917-Mailly-cuisine-du-camp-500x295.jpg"},"fb_event_list":{"file":"43-Janvier-1917-Mailly-cuisine-du-camp-288x192.jpg","width":288,"height":192,"mime_type":"image\/jpeg","source_url":"https:\/\/orcq.be\/histoire\/wp-content\/uploads\/sites\/2\/2017\/07\/43-Janvier-1917-Mailly-cuisine-du-camp-288x192.jpg"},"fb_event_ad":{"file":"43-Janvier-1917-Mailly-cuisine-du-camp-288x295.jpg","width":288,"height":295,"mime_type":"image\/jpeg","source_url":"https:\/\/orcq.be\/histoire\/wp-content\/uploads\/sites\/2\/2017\/07\/43-Janvier-1917-Mailly-cuisine-du-camp-288x295.jpg"},"tc-thumb":{"file":"43-Janvier-1917-Mailly-cuisine-du-camp-270x250.jpg","width":270,"height":250,"mime_type":"image\/jpeg","source_url":"https:\/\/orcq.be\/histoire\/wp-content\/uploads\/sites\/2\/2017\/07\/43-Janvier-1917-Mailly-cuisine-du-camp-270x250.jpg"},"full":{"file":"43-Janvier-1917-Mailly-cuisine-du-camp.jpg","width":500,"height":328,"mime_type":"image\/jpeg","source_url":"https:\/\/orcq.be\/histoire\/wp-content\/uploads\/sites\/2\/2017\/07\/43-Janvier-1917-Mailly-cuisine-du-camp.jpg"}},"image_meta":{"aperture":"0","credit":"","camera":"","caption":"","created_timestamp":"0","copyright":"","focal_length":"0","iso":"0","shutter_speed":"0","title":"","orientation":"0","keywords":[]}},"post":455,"source_url":"https:\/\/orcq.be\/histoire\/wp-content\/uploads\/sites\/2\/2017\/07\/43-Janvier-1917-Mailly-cuisine-du-camp.jpg","_links":{"self":[{"href":"https:\/\/orcq.be\/histoire\/wp-json\/wp\/v2\/media\/395","targetHints":{"allow":["GET"]}}],"collection":[{"href":"https:\/\/orcq.be\/histoire\/wp-json\/wp\/v2\/media"}],"about":[{"href":"https:\/\/orcq.be\/histoire\/wp-json\/wp\/v2\/types\/attachment"}],"author":[{"embeddable":true,"href":"https:\/\/orcq.be\/histoire\/wp-json\/wp\/v2\/users\/2"}],"replies":[{"embeddable":true,"href":"https:\/\/orcq.be\/histoire\/wp-json\/wp\/v2\/comments?post=395"}],"wp:attached-to":[{"embeddable":true,"post_type":"post","id":455,"href":"https:\/\/orcq.be\/histoire\/wp-json\/wp\/v2\/posts\/455"}],"curies":[{"name":"wp","href":"https:\/\/api.w.org\/{rel}","templated":true}]}}