{"id":468,"date":"2017-07-26T18:11:20","date_gmt":"2017-07-26T16:11:20","guid":{"rendered":"http:\/\/orcq.be\/histoire\/wp-content\/uploads\/sites\/2\/2017\/07\/Installation-de-l\u2019abb\u00e9-Robert-Leduc.jpg"},"modified":"2018-04-27T10:29:46","modified_gmt":"2018-04-27T08:29:46","slug":"installation-de-labbe-robert-leduc","status":"inherit","type":"attachment","link":"https:\/\/orcq.be\/histoire\/2017\/07\/26\/habitants-dorcq-a-travers-quelques-photos-annees-50\/installation-de-labbe-robert-leduc\/","title":{"rendered":"Installation de l\u2019abb\u00e9 Robert Leduc"},"author":2,"featured_media":0,"comment_status":"open","ping_status":"closed","template":"","meta":{"_monsterinsights_skip_tracking":false,"_monsterinsights_sitenote_active":false,"_monsterinsights_sitenote_note":"","_monsterinsights_sitenote_category":0},"class_list":["post-468","attachment","type-attachment","status-inherit","czr-hentry"],"yoast_head":"<!-- This site is optimized with the Yoast SEO plugin v27.5 - https:\/\/yoast.com\/product\/yoast-seo-wordpress\/ -->\n<title>Installation de l\u2019abb\u00e9 Robert Leduc &#8226; ORCQ.be - L&#039;Histoire<\/title>\n<meta name=\"description\" content=\"Orcq .be - Cet article n\u2019a pas la pr\u00e9tention de constituer une contribution importante \u00e0 l\u2019histoire locale, mais il r\u00e9pond \u00e0 un souhait de beaucoup de retourner vers un pass\u00e9 pas trop \u00e9loign\u00e9, qu\u2019ils ont connu et qu\u2019ils parent souvent de la nostalgie des temps heureux r\u00e9volus \u00e0 jamais.\" \/>\n<meta name=\"robots\" content=\"index, follow, max-snippet:-1, max-image-preview:large, max-video-preview:-1\" \/>\n<link rel=\"canonical\" href=\"https:\/\/orcq.be\/histoire\/wp-content\/uploads\/sites\/2\/2017\/07\/Installation-de-l\u2019abb\u00e9-Robert-Leduc.jpg\" \/>\n<meta property=\"og:locale\" content=\"fr_FR\" \/>\n<meta property=\"og:type\" content=\"article\" \/>\n<meta property=\"og:title\" content=\"Installation de l\u2019abb\u00e9 Robert Leduc &#8226; ORCQ.be - L&#039;Histoire\" \/>\n<meta property=\"og:description\" content=\"Orcq .be - Cet article n\u2019a pas la pr\u00e9tention de constituer une contribution importante \u00e0 l\u2019histoire locale, mais il r\u00e9pond \u00e0 un souhait de beaucoup de retourner vers un pass\u00e9 pas trop \u00e9loign\u00e9, qu\u2019ils ont connu et qu\u2019ils parent souvent de la nostalgie des temps heureux r\u00e9volus \u00e0 jamais.\" \/>\n<meta property=\"og:url\" content=\"https:\/\/orcq.be\/histoire\/wp-content\/uploads\/sites\/2\/2017\/07\/Installation-de-l\u2019abb\u00e9-Robert-Leduc.jpg\" \/>\n<meta property=\"og:site_name\" content=\"ORCQ.be - L&#039;Histoire\" \/>\n<meta property=\"article:publisher\" content=\"https:\/\/www.facebook.com\/villageorcq\" \/>\n<meta property=\"article:modified_time\" content=\"2018-04-27T08:29:46+00:00\" \/>\n<meta property=\"og:image\" content=\"https:\/\/orcq.be\/histoire\/wp-content\/uploads\/sites\/2\/2017\/07\/Installation-de-l\u2019abb\u00e9-Robert-Leduc.jpg\" \/>\n\t<meta property=\"og:image:width\" content=\"500\" \/>\n\t<meta property=\"og:image:height\" content=\"427\" \/>\n\t<meta property=\"og:image:type\" content=\"image\/jpeg\" \/>\n<meta name=\"twitter:card\" content=\"summary_large_image\" \/>\n<script type=\"application\/ld+json\" class=\"yoast-schema-graph\">{\"@context\":\"https:\\\/\\\/schema.org\",\"@graph\":[{\"@type\":\"WebPage\",\"@id\":\"https:\\\/\\\/orcq.be\\\/histoire\\\/wp-content\\\/uploads\\\/sites\\\/2\\\/2017\\\/07\\\/Installation-de-l\u2019abb\u00e9-Robert-Leduc.jpg\",\"url\":\"https:\\\/\\\/orcq.be\\\/histoire\\\/wp-content\\\/uploads\\\/sites\\\/2\\\/2017\\\/07\\\/Installation-de-l\u2019abb\u00e9-Robert-Leduc.jpg\",\"name\":\"Installation de l\u2019abb\u00e9 Robert Leduc &#8226; ORCQ.be - L&#039;Histoire\",\"isPartOf\":{\"@id\":\"https:\\\/\\\/orcq.be\\\/histoire\\\/#website\"},\"datePublished\":\"2017-07-26T16:11:20+00:00\",\"dateModified\":\"2018-04-27T08:29:46+00:00\",\"description\":\"Orcq .be - Cet article n\u2019a pas la pr\u00e9tention de constituer une contribution importante \u00e0 l\u2019histoire locale, mais il r\u00e9pond \u00e0 un souhait de beaucoup de retourner vers un pass\u00e9 pas trop \u00e9loign\u00e9, qu\u2019ils ont connu et qu\u2019ils parent souvent de la nostalgie des temps heureux r\u00e9volus \u00e0 jamais.\",\"breadcrumb\":{\"@id\":\"https:\\\/\\\/orcq.be\\\/histoire\\\/wp-content\\\/uploads\\\/sites\\\/2\\\/2017\\\/07\\\/Installation-de-l\u2019abb\u00e9-Robert-Leduc.jpg#breadcrumb\"},\"inLanguage\":\"fr-FR\",\"potentialAction\":[{\"@type\":\"ReadAction\",\"target\":[\"https:\\\/\\\/orcq.be\\\/histoire\\\/wp-content\\\/uploads\\\/sites\\\/2\\\/2017\\\/07\\\/Installation-de-l\u2019abb\u00e9-Robert-Leduc.jpg\"]}]},{\"@type\":\"BreadcrumbList\",\"@id\":\"https:\\\/\\\/orcq.be\\\/histoire\\\/wp-content\\\/uploads\\\/sites\\\/2\\\/2017\\\/07\\\/Installation-de-l\u2019abb\u00e9-Robert-Leduc.jpg#breadcrumb\",\"itemListElement\":[{\"@type\":\"ListItem\",\"position\":1,\"name\":\"Accueil\",\"item\":\"https:\\\/\\\/orcq.be\\\/histoire\\\/\"},{\"@type\":\"ListItem\",\"position\":2,\"name\":\"Les habitants d&rsquo;Orcq \u00e0 travers quelques photos des ann\u00e9es 50\",\"item\":\"https:\\\/\\\/orcq.be\\\/histoire\\\/2017\\\/07\\\/26\\\/habitants-dorcq-a-travers-quelques-photos-annees-50\\\/\"},{\"@type\":\"ListItem\",\"position\":3,\"name\":\"Installation de l\u2019abb\u00e9 Robert Leduc\"}]},{\"@type\":\"WebSite\",\"@id\":\"https:\\\/\\\/orcq.be\\\/histoire\\\/#website\",\"url\":\"https:\\\/\\\/orcq.be\\\/histoire\\\/\",\"name\":\"ORCQ.be - L&#039;Histoire\",\"description\":\"Histoire de Orcq\",\"potentialAction\":[{\"@type\":\"SearchAction\",\"target\":{\"@type\":\"EntryPoint\",\"urlTemplate\":\"https:\\\/\\\/orcq.be\\\/histoire\\\/?s={search_term_string}\"},\"query-input\":{\"@type\":\"PropertyValueSpecification\",\"valueRequired\":true,\"valueName\":\"search_term_string\"}}],\"inLanguage\":\"fr-FR\"}]}<\/script>\n<!-- \/ Yoast SEO plugin. -->","yoast_head_json":{"title":"Installation de l\u2019abb\u00e9 Robert Leduc &#8226; ORCQ.be - L&#039;Histoire","description":"Orcq .be - Cet article n\u2019a pas la pr\u00e9tention de constituer une contribution importante \u00e0 l\u2019histoire locale, mais il r\u00e9pond \u00e0 un souhait de beaucoup de retourner vers un pass\u00e9 pas trop \u00e9loign\u00e9, qu\u2019ils ont connu et qu\u2019ils parent souvent de la nostalgie des temps heureux r\u00e9volus \u00e0 jamais.","robots":{"index":"index","follow":"follow","max-snippet":"max-snippet:-1","max-image-preview":"max-image-preview:large","max-video-preview":"max-video-preview:-1"},"canonical":"https:\/\/orcq.be\/histoire\/wp-content\/uploads\/sites\/2\/2017\/07\/Installation-de-l\u2019abb\u00e9-Robert-Leduc.jpg","og_locale":"fr_FR","og_type":"article","og_title":"Installation de l\u2019abb\u00e9 Robert Leduc &#8226; ORCQ.be - L&#039;Histoire","og_description":"Orcq .be - Cet article n\u2019a pas la pr\u00e9tention de constituer une contribution importante \u00e0 l\u2019histoire locale, mais il r\u00e9pond \u00e0 un souhait de beaucoup de retourner vers un pass\u00e9 pas trop \u00e9loign\u00e9, qu\u2019ils ont connu et qu\u2019ils parent souvent de la nostalgie des temps heureux r\u00e9volus \u00e0 jamais.","og_url":"https:\/\/orcq.be\/histoire\/wp-content\/uploads\/sites\/2\/2017\/07\/Installation-de-l\u2019abb\u00e9-Robert-Leduc.jpg","og_site_name":"ORCQ.be - L&#039;Histoire","article_publisher":"https:\/\/www.facebook.com\/villageorcq","article_modified_time":"2018-04-27T08:29:46+00:00","og_image":[{"width":500,"height":427,"url":"https:\/\/orcq.be\/histoire\/wp-content\/uploads\/sites\/2\/2017\/07\/Installation-de-l\u2019abb\u00e9-Robert-Leduc.jpg","type":"image\/jpeg"}],"twitter_card":"summary_large_image","schema":{"@context":"https:\/\/schema.org","@graph":[{"@type":"WebPage","@id":"https:\/\/orcq.be\/histoire\/wp-content\/uploads\/sites\/2\/2017\/07\/Installation-de-l\u2019abb\u00e9-Robert-Leduc.jpg","url":"https:\/\/orcq.be\/histoire\/wp-content\/uploads\/sites\/2\/2017\/07\/Installation-de-l\u2019abb\u00e9-Robert-Leduc.jpg","name":"Installation de l\u2019abb\u00e9 Robert Leduc &#8226; ORCQ.be - L&#039;Histoire","isPartOf":{"@id":"https:\/\/orcq.be\/histoire\/#website"},"datePublished":"2017-07-26T16:11:20+00:00","dateModified":"2018-04-27T08:29:46+00:00","description":"Orcq .be - Cet article n\u2019a pas la pr\u00e9tention de constituer une contribution importante \u00e0 l\u2019histoire locale, mais il r\u00e9pond \u00e0 un souhait de beaucoup de retourner vers un pass\u00e9 pas trop \u00e9loign\u00e9, qu\u2019ils ont connu et qu\u2019ils parent souvent de la nostalgie des temps heureux r\u00e9volus \u00e0 jamais.","breadcrumb":{"@id":"https:\/\/orcq.be\/histoire\/wp-content\/uploads\/sites\/2\/2017\/07\/Installation-de-l\u2019abb\u00e9-Robert-Leduc.jpg#breadcrumb"},"inLanguage":"fr-FR","potentialAction":[{"@type":"ReadAction","target":["https:\/\/orcq.be\/histoire\/wp-content\/uploads\/sites\/2\/2017\/07\/Installation-de-l\u2019abb\u00e9-Robert-Leduc.jpg"]}]},{"@type":"BreadcrumbList","@id":"https:\/\/orcq.be\/histoire\/wp-content\/uploads\/sites\/2\/2017\/07\/Installation-de-l\u2019abb\u00e9-Robert-Leduc.jpg#breadcrumb","itemListElement":[{"@type":"ListItem","position":1,"name":"Accueil","item":"https:\/\/orcq.be\/histoire\/"},{"@type":"ListItem","position":2,"name":"Les habitants d&rsquo;Orcq \u00e0 travers quelques photos des ann\u00e9es 50","item":"https:\/\/orcq.be\/histoire\/2017\/07\/26\/habitants-dorcq-a-travers-quelques-photos-annees-50\/"},{"@type":"ListItem","position":3,"name":"Installation de l\u2019abb\u00e9 Robert Leduc"}]},{"@type":"WebSite","@id":"https:\/\/orcq.be\/histoire\/#website","url":"https:\/\/orcq.be\/histoire\/","name":"ORCQ.be - L&#039;Histoire","description":"Histoire de Orcq","potentialAction":[{"@type":"SearchAction","target":{"@type":"EntryPoint","urlTemplate":"https:\/\/orcq.be\/histoire\/?s={search_term_string}"},"query-input":{"@type":"PropertyValueSpecification","valueRequired":true,"valueName":"search_term_string"}}],"inLanguage":"fr-FR"}]}},"description":{"rendered":"<p class=\"attachment\"><a class=\"grouped_elements\" rel=\"tc-fancybox-group\" href=\"https:\/\/orcq.be\/histoire\/wp-content\/uploads\/sites\/2\/2017\/07\/Installation-de-l\u2019abb\u00e9-Robert-Leduc.jpg\" title=\"Installation de l\u2019abb\u00e9 Robert Leduc\"><img loading=\"lazy\" decoding=\"async\" width=\"300\" height=\"256\" src=\"https:\/\/orcq.be\/histoire\/wp-content\/uploads\/sites\/2\/2017\/07\/Installation-de-l\u2019abb\u00e9-Robert-Leduc-300x256.jpg\" class=\"attachment-medium size-medium\" alt=\"\" srcset=\"https:\/\/orcq.be\/histoire\/wp-content\/uploads\/sites\/2\/2017\/07\/Installation-de-l\u2019abb\u00e9-Robert-Leduc-300x256.jpg 300w, https:\/\/orcq.be\/histoire\/wp-content\/uploads\/sites\/2\/2017\/07\/Installation-de-l\u2019abb\u00e9-Robert-Leduc.jpg 500w\" sizes=\"auto, (max-width: 300px) 100vw, 300px\" \/><\/a><\/p>\n<p>chapelle Notre Dame de la Paix.<br \/>\nOrcq .be &#8211; Cet article n\u2019a pas la pr\u00e9tention de constituer une contribution importante \u00e0 l\u2019histoire locale, mais il r\u00e9pond \u00e0 un souhait de beaucoup de retourner vers un pass\u00e9 pas trop \u00e9loign\u00e9, qu\u2019ils ont connu et qu\u2019ils parent souvent de la nostalgie des temps heureux r\u00e9volus \u00e0 jamais.<\/p>\n"},"caption":{"rendered":"<p>chapelle Notre Dame de la Paix. Orcq .be &#8211; Cet article n\u2019a pas la pr\u00e9tention de constituer une contribution importante \u00e0 l\u2019histoire locale, mais il r\u00e9pond \u00e0 un souhait de beaucoup de retourner vers un pass\u00e9 pas trop \u00e9loign\u00e9, qu\u2019ils ont connu et qu\u2019ils parent souvent de la nostalgie des temps heureux r\u00e9volus \u00e0 jamais.<\/p>\n"},"alt_text":"chapelle Notre Dame de la Paix","media_type":"image","mime_type":"image\/jpeg","media_details":{"width":500,"height":427,"file":"2017\/07\/Installation-de-l\u2019abb\u00e9-Robert-Leduc.jpg","sizes":{"thumbnail":{"file":"Installation-de-l\u2019abb\u00e9-Robert-Leduc-150x150.jpg","width":150,"height":150,"mime_type":"image\/jpeg","source_url":"https:\/\/orcq.be\/histoire\/wp-content\/uploads\/sites\/2\/2017\/07\/Installation-de-l\u2019abb\u00e9-Robert-Leduc-150x150.jpg"},"medium":{"file":"Installation-de-l\u2019abb\u00e9-Robert-Leduc-300x256.jpg","width":300,"height":256,"mime_type":"image\/jpeg","source_url":"https:\/\/orcq.be\/histoire\/wp-content\/uploads\/sites\/2\/2017\/07\/Installation-de-l\u2019abb\u00e9-Robert-Leduc-300x256.jpg"},"fb_event_cover":{"file":"Installation-de-l\u2019abb\u00e9-Robert-Leduc-500x295.jpg","width":500,"height":295,"mime_type":"image\/jpeg","source_url":"https:\/\/orcq.be\/histoire\/wp-content\/uploads\/sites\/2\/2017\/07\/Installation-de-l\u2019abb\u00e9-Robert-Leduc-500x295.jpg"},"fb_event_list":{"file":"Installation-de-l\u2019abb\u00e9-Robert-Leduc-288x192.jpg","width":288,"height":192,"mime_type":"image\/jpeg","source_url":"https:\/\/orcq.be\/histoire\/wp-content\/uploads\/sites\/2\/2017\/07\/Installation-de-l\u2019abb\u00e9-Robert-Leduc-288x192.jpg"},"fb_event_ad":{"file":"Installation-de-l\u2019abb\u00e9-Robert-Leduc-288x295.jpg","width":288,"height":295,"mime_type":"image\/jpeg","source_url":"https:\/\/orcq.be\/histoire\/wp-content\/uploads\/sites\/2\/2017\/07\/Installation-de-l\u2019abb\u00e9-Robert-Leduc-288x295.jpg"},"tc-thumb":{"file":"Installation-de-l\u2019abb\u00e9-Robert-Leduc-270x250.jpg","width":270,"height":250,"mime_type":"image\/jpeg","source_url":"https:\/\/orcq.be\/histoire\/wp-content\/uploads\/sites\/2\/2017\/07\/Installation-de-l\u2019abb\u00e9-Robert-Leduc-270x250.jpg"},"tc-grid-full":{"file":"Installation-de-l\u2019abb\u00e9-Robert-Leduc-500x350.jpg","width":500,"height":350,"mime_type":"image\/jpeg","source_url":"https:\/\/orcq.be\/histoire\/wp-content\/uploads\/sites\/2\/2017\/07\/Installation-de-l\u2019abb\u00e9-Robert-Leduc-500x350.jpg"},"tc-grid":{"file":"Installation-de-l\u2019abb\u00e9-Robert-Leduc-500x350.jpg","width":500,"height":350,"mime_type":"image\/jpeg","source_url":"https:\/\/orcq.be\/histoire\/wp-content\/uploads\/sites\/2\/2017\/07\/Installation-de-l\u2019abb\u00e9-Robert-Leduc-500x350.jpg"},"full":{"file":"Installation-de-l\u2019abb\u00e9-Robert-Leduc.jpg","width":500,"height":427,"mime_type":"image\/jpeg","source_url":"https:\/\/orcq.be\/histoire\/wp-content\/uploads\/sites\/2\/2017\/07\/Installation-de-l\u2019abb\u00e9-Robert-Leduc.jpg"}},"image_meta":{"aperture":"0","credit":"","camera":"","caption":"","created_timestamp":"0","copyright":"","focal_length":"0","iso":"0","shutter_speed":"0","title":"","orientation":"0","keywords":[]}},"post":463,"source_url":"https:\/\/orcq.be\/histoire\/wp-content\/uploads\/sites\/2\/2017\/07\/Installation-de-l\u2019abb\u00e9-Robert-Leduc.jpg","_links":{"self":[{"href":"https:\/\/orcq.be\/histoire\/wp-json\/wp\/v2\/media\/468","targetHints":{"allow":["GET"]}}],"collection":[{"href":"https:\/\/orcq.be\/histoire\/wp-json\/wp\/v2\/media"}],"about":[{"href":"https:\/\/orcq.be\/histoire\/wp-json\/wp\/v2\/types\/attachment"}],"author":[{"embeddable":true,"href":"https:\/\/orcq.be\/histoire\/wp-json\/wp\/v2\/users\/2"}],"replies":[{"embeddable":true,"href":"https:\/\/orcq.be\/histoire\/wp-json\/wp\/v2\/comments?post=468"}],"wp:attached-to":[{"embeddable":true,"post_type":"post","id":463,"href":"https:\/\/orcq.be\/histoire\/wp-json\/wp\/v2\/posts\/463"}],"curies":[{"name":"wp","href":"https:\/\/api.w.org\/{rel}","templated":true}]}}