{"id":484,"date":"2017-07-26T18:25:21","date_gmt":"2017-07-26T16:25:21","guid":{"rendered":"http:\/\/orcq.be\/histoire\/wp-content\/uploads\/sites\/2\/2017\/07\/L\u2019un-de-ces-h\u00eatres-pourpres-a-\u00e9t\u00e9-mesur\u00e9.jpg"},"modified":"2018-04-27T10:18:50","modified_gmt":"2018-04-27T08:18:50","slug":"lun-de-ces-hetres-pourpres-a-ete-mesure","status":"inherit","type":"attachment","link":"https:\/\/orcq.be\/histoire\/2017\/07\/26\/arbres-remarquables-de-propriete-de-marliere-a-orcq\/lun-de-ces-hetres-pourpres-a-ete-mesure\/","title":{"rendered":"L\u2019un de ces h\u00eatres pourpres a \u00e9t\u00e9 mesur\u00e9 au niveau du bourrelet de greffe, ce qui lui donne une circonf\u00e9rence de 7 m 24 (voir photo ci contre)."},"author":2,"featured_media":0,"comment_status":"open","ping_status":"closed","template":"","meta":{"_monsterinsights_skip_tracking":false,"_monsterinsights_sitenote_active":false,"_monsterinsights_sitenote_note":"","_monsterinsights_sitenote_category":0},"class_list":["post-484","attachment","type-attachment","status-inherit","czr-hentry"],"yoast_head":"<!-- This site is optimized with the Yoast SEO plugin v27.5 - https:\/\/yoast.com\/product\/yoast-seo-wordpress\/ -->\n<title>L\u2019un de ces h\u00eatres pourpres a \u00e9t\u00e9 mesur\u00e9 au niveau du bourrelet de greffe, ce qui lui donne une circonf\u00e9rence de 7 m 24 (voir photo ci contre). &#8226; ORCQ.be - L&#039;Histoire<\/title>\n<meta name=\"description\" content=\"Orcq pr\u00e9sente une caract\u00e9ristique largement m\u00e9connue de tous qui est de poss\u00e9der une bonne vingtaine d\u2019arbres remarquables r\u00e9pertori\u00e9s \u00e0 la Division Nature et For\u00eats (DNF) de la r\u00e9gion wallonne. A l\u2019exception du Liquidambar dans la propri\u00e9t\u00e9 de Madame Drouillon, tous les autres se trouvent dans le parc de la Marli\u00e8re. On mentionnera cependant les deux tilleuls entourant la chapelle ND de la Paix et les deux pruniers de Pissard de la place communale abattus entre 2010 et 2013 car, ils devenaient dangereux.\" \/>\n<meta name=\"robots\" content=\"index, follow, max-snippet:-1, max-image-preview:large, max-video-preview:-1\" \/>\n<link rel=\"canonical\" href=\"https:\/\/orcq.be\/histoire\/wp-content\/uploads\/sites\/2\/2017\/07\/L\u2019un-de-ces-h\u00eatres-pourpres-a-\u00e9t\u00e9-mesur\u00e9.jpg\" \/>\n<meta property=\"og:locale\" content=\"fr_FR\" \/>\n<meta property=\"og:type\" content=\"article\" \/>\n<meta property=\"og:title\" content=\"L\u2019un de ces h\u00eatres pourpres a \u00e9t\u00e9 mesur\u00e9 au niveau du bourrelet de greffe, ce qui lui donne une circonf\u00e9rence de 7 m 24 (voir photo ci contre). &#8226; ORCQ.be - L&#039;Histoire\" \/>\n<meta property=\"og:description\" content=\"Orcq pr\u00e9sente une caract\u00e9ristique largement m\u00e9connue de tous qui est de poss\u00e9der une bonne vingtaine d\u2019arbres remarquables r\u00e9pertori\u00e9s \u00e0 la Division Nature et For\u00eats (DNF) de la r\u00e9gion wallonne. A l\u2019exception du Liquidambar dans la propri\u00e9t\u00e9 de Madame Drouillon, tous les autres se trouvent dans le parc de la Marli\u00e8re. On mentionnera cependant les deux tilleuls entourant la chapelle ND de la Paix et les deux pruniers de Pissard de la place communale abattus entre 2010 et 2013 car, ils devenaient dangereux.\" \/>\n<meta property=\"og:url\" content=\"https:\/\/orcq.be\/histoire\/wp-content\/uploads\/sites\/2\/2017\/07\/L\u2019un-de-ces-h\u00eatres-pourpres-a-\u00e9t\u00e9-mesur\u00e9.jpg\" \/>\n<meta property=\"og:site_name\" content=\"ORCQ.be - L&#039;Histoire\" \/>\n<meta property=\"article:publisher\" content=\"https:\/\/www.facebook.com\/villageorcq\" \/>\n<meta property=\"article:modified_time\" content=\"2018-04-27T08:18:50+00:00\" \/>\n<meta property=\"og:image\" content=\"https:\/\/orcq.be\/histoire\/wp-content\/uploads\/sites\/2\/2017\/07\/L\u2019un-de-ces-h\u00eatres-pourpres-a-\u00e9t\u00e9-mesur\u00e9.jpg\" \/>\n\t<meta property=\"og:image:width\" content=\"500\" \/>\n\t<meta property=\"og:image:height\" content=\"375\" \/>\n\t<meta property=\"og:image:type\" content=\"image\/jpeg\" \/>\n<meta name=\"twitter:card\" content=\"summary_large_image\" \/>\n<meta name=\"twitter:label1\" content=\"Dur\u00e9e de lecture estim\u00e9e\" \/>\n\t<meta name=\"twitter:data1\" content=\"1 minute\" \/>\n<script type=\"application\/ld+json\" class=\"yoast-schema-graph\">{\"@context\":\"https:\\\/\\\/schema.org\",\"@graph\":[{\"@type\":\"WebPage\",\"@id\":\"https:\\\/\\\/orcq.be\\\/histoire\\\/wp-content\\\/uploads\\\/sites\\\/2\\\/2017\\\/07\\\/L\u2019un-de-ces-h\u00eatres-pourpres-a-\u00e9t\u00e9-mesur\u00e9.jpg\",\"url\":\"https:\\\/\\\/orcq.be\\\/histoire\\\/wp-content\\\/uploads\\\/sites\\\/2\\\/2017\\\/07\\\/L\u2019un-de-ces-h\u00eatres-pourpres-a-\u00e9t\u00e9-mesur\u00e9.jpg\",\"name\":\"L\u2019un de ces h\u00eatres pourpres a \u00e9t\u00e9 mesur\u00e9 au niveau du bourrelet de greffe, ce qui lui donne une circonf\u00e9rence de 7 m 24 (voir photo ci contre). &#8226; ORCQ.be - L&#039;Histoire\",\"isPartOf\":{\"@id\":\"https:\\\/\\\/orcq.be\\\/histoire\\\/#website\"},\"datePublished\":\"2017-07-26T16:25:21+00:00\",\"dateModified\":\"2018-04-27T08:18:50+00:00\",\"description\":\"Orcq pr\u00e9sente une caract\u00e9ristique largement m\u00e9connue de tous qui est de poss\u00e9der une bonne vingtaine d\u2019arbres remarquables r\u00e9pertori\u00e9s \u00e0 la Division Nature et For\u00eats (DNF) de la r\u00e9gion wallonne. A l\u2019exception du Liquidambar dans la propri\u00e9t\u00e9 de Madame Drouillon, tous les autres se trouvent dans le parc de la Marli\u00e8re. On mentionnera cependant les deux tilleuls entourant la chapelle ND de la Paix et les deux pruniers de Pissard de la place communale abattus entre 2010 et 2013 car, ils devenaient dangereux.\",\"breadcrumb\":{\"@id\":\"https:\\\/\\\/orcq.be\\\/histoire\\\/wp-content\\\/uploads\\\/sites\\\/2\\\/2017\\\/07\\\/L\u2019un-de-ces-h\u00eatres-pourpres-a-\u00e9t\u00e9-mesur\u00e9.jpg#breadcrumb\"},\"inLanguage\":\"fr-FR\",\"potentialAction\":[{\"@type\":\"ReadAction\",\"target\":[\"https:\\\/\\\/orcq.be\\\/histoire\\\/wp-content\\\/uploads\\\/sites\\\/2\\\/2017\\\/07\\\/L\u2019un-de-ces-h\u00eatres-pourpres-a-\u00e9t\u00e9-mesur\u00e9.jpg\"]}]},{\"@type\":\"BreadcrumbList\",\"@id\":\"https:\\\/\\\/orcq.be\\\/histoire\\\/wp-content\\\/uploads\\\/sites\\\/2\\\/2017\\\/07\\\/L\u2019un-de-ces-h\u00eatres-pourpres-a-\u00e9t\u00e9-mesur\u00e9.jpg#breadcrumb\",\"itemListElement\":[{\"@type\":\"ListItem\",\"position\":1,\"name\":\"Accueil\",\"item\":\"https:\\\/\\\/orcq.be\\\/histoire\\\/\"},{\"@type\":\"ListItem\",\"position\":2,\"name\":\"Arbres remarquables de la propri\u00e9t\u00e9 de la Marli\u00e8re \u00e0 Orcq\",\"item\":\"https:\\\/\\\/orcq.be\\\/histoire\\\/2017\\\/07\\\/26\\\/arbres-remarquables-de-propriete-de-marliere-a-orcq\\\/\"},{\"@type\":\"ListItem\",\"position\":3,\"name\":\"L\u2019un de ces h\u00eatres pourpres a \u00e9t\u00e9 mesur\u00e9 au niveau du bourrelet de greffe, ce qui lui donne une circonf\u00e9rence de 7 m 24 (voir photo ci contre).\"}]},{\"@type\":\"WebSite\",\"@id\":\"https:\\\/\\\/orcq.be\\\/histoire\\\/#website\",\"url\":\"https:\\\/\\\/orcq.be\\\/histoire\\\/\",\"name\":\"ORCQ.be - L&#039;Histoire\",\"description\":\"Histoire de Orcq\",\"potentialAction\":[{\"@type\":\"SearchAction\",\"target\":{\"@type\":\"EntryPoint\",\"urlTemplate\":\"https:\\\/\\\/orcq.be\\\/histoire\\\/?s={search_term_string}\"},\"query-input\":{\"@type\":\"PropertyValueSpecification\",\"valueRequired\":true,\"valueName\":\"search_term_string\"}}],\"inLanguage\":\"fr-FR\"}]}<\/script>\n<!-- \/ Yoast SEO plugin. -->","yoast_head_json":{"title":"L\u2019un de ces h\u00eatres pourpres a \u00e9t\u00e9 mesur\u00e9 au niveau du bourrelet de greffe, ce qui lui donne une circonf\u00e9rence de 7 m 24 (voir photo ci contre). &#8226; ORCQ.be - L&#039;Histoire","description":"Orcq pr\u00e9sente une caract\u00e9ristique largement m\u00e9connue de tous qui est de poss\u00e9der une bonne vingtaine d\u2019arbres remarquables r\u00e9pertori\u00e9s \u00e0 la Division Nature et For\u00eats (DNF) de la r\u00e9gion wallonne. A l\u2019exception du Liquidambar dans la propri\u00e9t\u00e9 de Madame Drouillon, tous les autres se trouvent dans le parc de la Marli\u00e8re. On mentionnera cependant les deux tilleuls entourant la chapelle ND de la Paix et les deux pruniers de Pissard de la place communale abattus entre 2010 et 2013 car, ils devenaient dangereux.","robots":{"index":"index","follow":"follow","max-snippet":"max-snippet:-1","max-image-preview":"max-image-preview:large","max-video-preview":"max-video-preview:-1"},"canonical":"https:\/\/orcq.be\/histoire\/wp-content\/uploads\/sites\/2\/2017\/07\/L\u2019un-de-ces-h\u00eatres-pourpres-a-\u00e9t\u00e9-mesur\u00e9.jpg","og_locale":"fr_FR","og_type":"article","og_title":"L\u2019un de ces h\u00eatres pourpres a \u00e9t\u00e9 mesur\u00e9 au niveau du bourrelet de greffe, ce qui lui donne une circonf\u00e9rence de 7 m 24 (voir photo ci contre). &#8226; ORCQ.be - L&#039;Histoire","og_description":"Orcq pr\u00e9sente une caract\u00e9ristique largement m\u00e9connue de tous qui est de poss\u00e9der une bonne vingtaine d\u2019arbres remarquables r\u00e9pertori\u00e9s \u00e0 la Division Nature et For\u00eats (DNF) de la r\u00e9gion wallonne. A l\u2019exception du Liquidambar dans la propri\u00e9t\u00e9 de Madame Drouillon, tous les autres se trouvent dans le parc de la Marli\u00e8re. On mentionnera cependant les deux tilleuls entourant la chapelle ND de la Paix et les deux pruniers de Pissard de la place communale abattus entre 2010 et 2013 car, ils devenaient dangereux.","og_url":"https:\/\/orcq.be\/histoire\/wp-content\/uploads\/sites\/2\/2017\/07\/L\u2019un-de-ces-h\u00eatres-pourpres-a-\u00e9t\u00e9-mesur\u00e9.jpg","og_site_name":"ORCQ.be - L&#039;Histoire","article_publisher":"https:\/\/www.facebook.com\/villageorcq","article_modified_time":"2018-04-27T08:18:50+00:00","og_image":[{"width":500,"height":375,"url":"https:\/\/orcq.be\/histoire\/wp-content\/uploads\/sites\/2\/2017\/07\/L\u2019un-de-ces-h\u00eatres-pourpres-a-\u00e9t\u00e9-mesur\u00e9.jpg","type":"image\/jpeg"}],"twitter_card":"summary_large_image","twitter_misc":{"Dur\u00e9e de lecture estim\u00e9e":"1 minute"},"schema":{"@context":"https:\/\/schema.org","@graph":[{"@type":"WebPage","@id":"https:\/\/orcq.be\/histoire\/wp-content\/uploads\/sites\/2\/2017\/07\/L\u2019un-de-ces-h\u00eatres-pourpres-a-\u00e9t\u00e9-mesur\u00e9.jpg","url":"https:\/\/orcq.be\/histoire\/wp-content\/uploads\/sites\/2\/2017\/07\/L\u2019un-de-ces-h\u00eatres-pourpres-a-\u00e9t\u00e9-mesur\u00e9.jpg","name":"L\u2019un de ces h\u00eatres pourpres a \u00e9t\u00e9 mesur\u00e9 au niveau du bourrelet de greffe, ce qui lui donne une circonf\u00e9rence de 7 m 24 (voir photo ci contre). &#8226; ORCQ.be - L&#039;Histoire","isPartOf":{"@id":"https:\/\/orcq.be\/histoire\/#website"},"datePublished":"2017-07-26T16:25:21+00:00","dateModified":"2018-04-27T08:18:50+00:00","description":"Orcq pr\u00e9sente une caract\u00e9ristique largement m\u00e9connue de tous qui est de poss\u00e9der une bonne vingtaine d\u2019arbres remarquables r\u00e9pertori\u00e9s \u00e0 la Division Nature et For\u00eats (DNF) de la r\u00e9gion wallonne. A l\u2019exception du Liquidambar dans la propri\u00e9t\u00e9 de Madame Drouillon, tous les autres se trouvent dans le parc de la Marli\u00e8re. On mentionnera cependant les deux tilleuls entourant la chapelle ND de la Paix et les deux pruniers de Pissard de la place communale abattus entre 2010 et 2013 car, ils devenaient dangereux.","breadcrumb":{"@id":"https:\/\/orcq.be\/histoire\/wp-content\/uploads\/sites\/2\/2017\/07\/L\u2019un-de-ces-h\u00eatres-pourpres-a-\u00e9t\u00e9-mesur\u00e9.jpg#breadcrumb"},"inLanguage":"fr-FR","potentialAction":[{"@type":"ReadAction","target":["https:\/\/orcq.be\/histoire\/wp-content\/uploads\/sites\/2\/2017\/07\/L\u2019un-de-ces-h\u00eatres-pourpres-a-\u00e9t\u00e9-mesur\u00e9.jpg"]}]},{"@type":"BreadcrumbList","@id":"https:\/\/orcq.be\/histoire\/wp-content\/uploads\/sites\/2\/2017\/07\/L\u2019un-de-ces-h\u00eatres-pourpres-a-\u00e9t\u00e9-mesur\u00e9.jpg#breadcrumb","itemListElement":[{"@type":"ListItem","position":1,"name":"Accueil","item":"https:\/\/orcq.be\/histoire\/"},{"@type":"ListItem","position":2,"name":"Arbres remarquables de la propri\u00e9t\u00e9 de la Marli\u00e8re \u00e0 Orcq","item":"https:\/\/orcq.be\/histoire\/2017\/07\/26\/arbres-remarquables-de-propriete-de-marliere-a-orcq\/"},{"@type":"ListItem","position":3,"name":"L\u2019un de ces h\u00eatres pourpres a \u00e9t\u00e9 mesur\u00e9 au niveau du bourrelet de greffe, ce qui lui donne une circonf\u00e9rence de 7 m 24 (voir photo ci contre)."}]},{"@type":"WebSite","@id":"https:\/\/orcq.be\/histoire\/#website","url":"https:\/\/orcq.be\/histoire\/","name":"ORCQ.be - L&#039;Histoire","description":"Histoire de Orcq","potentialAction":[{"@type":"SearchAction","target":{"@type":"EntryPoint","urlTemplate":"https:\/\/orcq.be\/histoire\/?s={search_term_string}"},"query-input":{"@type":"PropertyValueSpecification","valueRequired":true,"valueName":"search_term_string"}}],"inLanguage":"fr-FR"}]}},"description":{"rendered":"<p class=\"attachment\"><a class=\"grouped_elements\" rel=\"tc-fancybox-group\" href=\"https:\/\/orcq.be\/histoire\/wp-content\/uploads\/sites\/2\/2017\/07\/L\u2019un-de-ces-h\u00eatres-pourpres-a-\u00e9t\u00e9-mesur\u00e9.jpg\" title=\"L\u2019un de ces h\u00eatres pourpres a \u00e9t\u00e9 mesur\u00e9 au niveau du bourrelet de greffe, ce qui lui donne une circonf\u00e9rence de 7 m 24 (voir photo ci contre).\"><img loading=\"lazy\" decoding=\"async\" width=\"300\" height=\"225\" src=\"https:\/\/orcq.be\/histoire\/wp-content\/uploads\/sites\/2\/2017\/07\/L\u2019un-de-ces-h\u00eatres-pourpres-a-\u00e9t\u00e9-mesur\u00e9-300x225.jpg\" class=\"attachment-medium size-medium\" alt=\"\" srcset=\"https:\/\/orcq.be\/histoire\/wp-content\/uploads\/sites\/2\/2017\/07\/L\u2019un-de-ces-h\u00eatres-pourpres-a-\u00e9t\u00e9-mesur\u00e9-300x225.jpg 300w, https:\/\/orcq.be\/histoire\/wp-content\/uploads\/sites\/2\/2017\/07\/L\u2019un-de-ces-h\u00eatres-pourpres-a-\u00e9t\u00e9-mesur\u00e9.jpg 500w\" sizes=\"auto, (max-width: 300px) 100vw, 300px\" \/><\/a><\/p>\n<p>L\u2019un de ces h\u00eatres pourpres a \u00e9t\u00e9 mesur\u00e9 au niveau du bourrelet de greffe, ce qui lui donne une circonf\u00e9rence de 7 m 24 (voir photo ci contre).<\/p>\n<p>Orcq pr\u00e9sente une caract\u00e9ristique largement m\u00e9connue de tous qui est de poss\u00e9der une bonne vingtaine d\u2019arbres remarquables r\u00e9pertori\u00e9s \u00e0 la Division Nature et For\u00eats (DNF) de la r\u00e9gion wallonne.<\/p>\n<p>A l\u2019exception du Liquidambar dans la propri\u00e9t\u00e9 de Madame Drouillon, tous les autres se trouvent dans le parc de la Marli\u00e8re. On mentionnera cependant les deux tilleuls entourant la chapelle ND de la Paix et les deux pruniers de Pissard de la place communale abattus entre 2010 et 2013 car, ils devenaient dangereux.<\/p>\n"},"caption":{"rendered":"<p>L\u2019un de ces h\u00eatres pourpres a \u00e9t\u00e9 mesur\u00e9 au niveau du bourrelet de greffe, ce qui lui donne une circonf\u00e9rence de 7 m 24 (voir photo ci contre).<\/p>\n"},"alt_text":"L\u2019un de ces h\u00eatres pourpres a \u00e9t\u00e9 mesur\u00e9 au niveau du bourrelet de greffe, ce qui lui donne une circonf\u00e9rence de 7 m 24 (voir photo ci contre).","media_type":"image","mime_type":"image\/jpeg","media_details":{"width":500,"height":375,"file":"2017\/07\/L\u2019un-de-ces-h\u00eatres-pourpres-a-\u00e9t\u00e9-mesur\u00e9.jpg","sizes":{"thumbnail":{"file":"L\u2019un-de-ces-h\u00eatres-pourpres-a-\u00e9t\u00e9-mesur\u00e9-150x150.jpg","width":150,"height":150,"mime_type":"image\/jpeg","source_url":"https:\/\/orcq.be\/histoire\/wp-content\/uploads\/sites\/2\/2017\/07\/L\u2019un-de-ces-h\u00eatres-pourpres-a-\u00e9t\u00e9-mesur\u00e9-150x150.jpg"},"medium":{"file":"L\u2019un-de-ces-h\u00eatres-pourpres-a-\u00e9t\u00e9-mesur\u00e9-300x225.jpg","width":300,"height":225,"mime_type":"image\/jpeg","source_url":"https:\/\/orcq.be\/histoire\/wp-content\/uploads\/sites\/2\/2017\/07\/L\u2019un-de-ces-h\u00eatres-pourpres-a-\u00e9t\u00e9-mesur\u00e9-300x225.jpg"},"fb_event_cover":{"file":"L\u2019un-de-ces-h\u00eatres-pourpres-a-\u00e9t\u00e9-mesur\u00e9-500x295.jpg","width":500,"height":295,"mime_type":"image\/jpeg","source_url":"https:\/\/orcq.be\/histoire\/wp-content\/uploads\/sites\/2\/2017\/07\/L\u2019un-de-ces-h\u00eatres-pourpres-a-\u00e9t\u00e9-mesur\u00e9-500x295.jpg"},"fb_event_list":{"file":"L\u2019un-de-ces-h\u00eatres-pourpres-a-\u00e9t\u00e9-mesur\u00e9-288x192.jpg","width":288,"height":192,"mime_type":"image\/jpeg","source_url":"https:\/\/orcq.be\/histoire\/wp-content\/uploads\/sites\/2\/2017\/07\/L\u2019un-de-ces-h\u00eatres-pourpres-a-\u00e9t\u00e9-mesur\u00e9-288x192.jpg"},"fb_event_ad":{"file":"L\u2019un-de-ces-h\u00eatres-pourpres-a-\u00e9t\u00e9-mesur\u00e9-288x295.jpg","width":288,"height":295,"mime_type":"image\/jpeg","source_url":"https:\/\/orcq.be\/histoire\/wp-content\/uploads\/sites\/2\/2017\/07\/L\u2019un-de-ces-h\u00eatres-pourpres-a-\u00e9t\u00e9-mesur\u00e9-288x295.jpg"},"tc-thumb":{"file":"L\u2019un-de-ces-h\u00eatres-pourpres-a-\u00e9t\u00e9-mesur\u00e9-270x250.jpg","width":270,"height":250,"mime_type":"image\/jpeg","source_url":"https:\/\/orcq.be\/histoire\/wp-content\/uploads\/sites\/2\/2017\/07\/L\u2019un-de-ces-h\u00eatres-pourpres-a-\u00e9t\u00e9-mesur\u00e9-270x250.jpg"},"tc-grid-full":{"file":"L\u2019un-de-ces-h\u00eatres-pourpres-a-\u00e9t\u00e9-mesur\u00e9-500x350.jpg","width":500,"height":350,"mime_type":"image\/jpeg","source_url":"https:\/\/orcq.be\/histoire\/wp-content\/uploads\/sites\/2\/2017\/07\/L\u2019un-de-ces-h\u00eatres-pourpres-a-\u00e9t\u00e9-mesur\u00e9-500x350.jpg"},"tc-grid":{"file":"L\u2019un-de-ces-h\u00eatres-pourpres-a-\u00e9t\u00e9-mesur\u00e9-500x350.jpg","width":500,"height":350,"mime_type":"image\/jpeg","source_url":"https:\/\/orcq.be\/histoire\/wp-content\/uploads\/sites\/2\/2017\/07\/L\u2019un-de-ces-h\u00eatres-pourpres-a-\u00e9t\u00e9-mesur\u00e9-500x350.jpg"},"full":{"file":"L\u2019un-de-ces-h\u00eatres-pourpres-a-\u00e9t\u00e9-mesur\u00e9.jpg","width":500,"height":375,"mime_type":"image\/jpeg","source_url":"https:\/\/orcq.be\/histoire\/wp-content\/uploads\/sites\/2\/2017\/07\/L\u2019un-de-ces-h\u00eatres-pourpres-a-\u00e9t\u00e9-mesur\u00e9.jpg"}},"image_meta":{"aperture":"0","credit":"","camera":"","caption":"","created_timestamp":"0","copyright":"","focal_length":"0","iso":"0","shutter_speed":"0","title":"","orientation":"0","keywords":[]}},"post":478,"source_url":"https:\/\/orcq.be\/histoire\/wp-content\/uploads\/sites\/2\/2017\/07\/L\u2019un-de-ces-h\u00eatres-pourpres-a-\u00e9t\u00e9-mesur\u00e9.jpg","_links":{"self":[{"href":"https:\/\/orcq.be\/histoire\/wp-json\/wp\/v2\/media\/484","targetHints":{"allow":["GET"]}}],"collection":[{"href":"https:\/\/orcq.be\/histoire\/wp-json\/wp\/v2\/media"}],"about":[{"href":"https:\/\/orcq.be\/histoire\/wp-json\/wp\/v2\/types\/attachment"}],"author":[{"embeddable":true,"href":"https:\/\/orcq.be\/histoire\/wp-json\/wp\/v2\/users\/2"}],"replies":[{"embeddable":true,"href":"https:\/\/orcq.be\/histoire\/wp-json\/wp\/v2\/comments?post=484"}],"wp:attached-to":[{"embeddable":true,"post_type":"post","id":478,"href":"https:\/\/orcq.be\/histoire\/wp-json\/wp\/v2\/posts\/478"}],"curies":[{"name":"wp","href":"https:\/\/api.w.org\/{rel}","templated":true}]}}