{"id":491,"date":"2017-07-26T18:25:27","date_gmt":"2017-07-26T16:25:27","guid":{"rendered":"http:\/\/orcq.be\/histoire\/wp-content\/uploads\/sites\/2\/2017\/07\/Vue-des-cinq-h\u00eatres-aujourd\u2019hui.jpg"},"modified":"2018-04-27T10:15:09","modified_gmt":"2018-04-27T08:15:09","slug":"vue-des-cinq-hetres-aujourdhui","status":"inherit","type":"attachment","link":"https:\/\/orcq.be\/histoire\/2017\/07\/26\/arbres-remarquables-de-propriete-de-marliere-a-orcq\/vue-des-cinq-hetres-aujourdhui\/","title":{"rendered":"Vue des cinq h\u00eatres aujourd\u2019hui"},"author":2,"featured_media":0,"comment_status":"open","ping_status":"closed","template":"","meta":{"_monsterinsights_skip_tracking":false,"_monsterinsights_sitenote_active":false,"_monsterinsights_sitenote_note":"","_monsterinsights_sitenote_category":0},"class_list":["post-491","attachment","type-attachment","status-inherit","czr-hentry"],"yoast_head":"<!-- This site is optimized with the Yoast SEO plugin v27.5 - https:\/\/yoast.com\/product\/yoast-seo-wordpress\/ -->\n<title>Vue des cinq h\u00eatres aujourd\u2019hui &#8226; ORCQ.be - L&#039;Histoire<\/title>\n<meta name=\"description\" content=\"Orcq pr\u00e9sente une caract\u00e9ristique largement m\u00e9connue de tous qui est de poss\u00e9der une bonne vingtaine d\u2019arbres remarquables r\u00e9pertori\u00e9s \u00e0 la Division Nature et For\u00eats (DNF) de la r\u00e9gion wallonne. A l\u2019exception du Liquidambar dans la propri\u00e9t\u00e9 de Madame Drouillon, tous les autres se trouvent dans le parc de la Marli\u00e8re. On mentionnera cependant les deux tilleuls entourant la chapelle ND de la Paix et les deux pruniers de Pissard de la place communale abattus entre 2010 et 2013 car, ils devenaient dangereux.\" \/>\n<meta name=\"robots\" content=\"index, follow, max-snippet:-1, max-image-preview:large, max-video-preview:-1\" \/>\n<link rel=\"canonical\" href=\"https:\/\/orcq.be\/histoire\/wp-content\/uploads\/sites\/2\/2017\/07\/Vue-des-cinq-h\u00eatres-aujourd\u2019hui.jpg\" \/>\n<meta property=\"og:locale\" content=\"fr_FR\" \/>\n<meta property=\"og:type\" content=\"article\" \/>\n<meta property=\"og:title\" content=\"Vue des cinq h\u00eatres aujourd\u2019hui &#8226; ORCQ.be - L&#039;Histoire\" \/>\n<meta property=\"og:description\" content=\"Orcq pr\u00e9sente une caract\u00e9ristique largement m\u00e9connue de tous qui est de poss\u00e9der une bonne vingtaine d\u2019arbres remarquables r\u00e9pertori\u00e9s \u00e0 la Division Nature et For\u00eats (DNF) de la r\u00e9gion wallonne. A l\u2019exception du Liquidambar dans la propri\u00e9t\u00e9 de Madame Drouillon, tous les autres se trouvent dans le parc de la Marli\u00e8re. On mentionnera cependant les deux tilleuls entourant la chapelle ND de la Paix et les deux pruniers de Pissard de la place communale abattus entre 2010 et 2013 car, ils devenaient dangereux.\" \/>\n<meta property=\"og:url\" content=\"https:\/\/orcq.be\/histoire\/wp-content\/uploads\/sites\/2\/2017\/07\/Vue-des-cinq-h\u00eatres-aujourd\u2019hui.jpg\" \/>\n<meta property=\"og:site_name\" content=\"ORCQ.be - L&#039;Histoire\" \/>\n<meta property=\"article:publisher\" content=\"https:\/\/www.facebook.com\/villageorcq\" \/>\n<meta property=\"article:modified_time\" content=\"2018-04-27T08:15:09+00:00\" \/>\n<meta property=\"og:image\" content=\"https:\/\/orcq.be\/histoire\/wp-content\/uploads\/sites\/2\/2017\/07\/Vue-des-cinq-h\u00eatres-aujourd\u2019hui.jpg\" \/>\n\t<meta property=\"og:image:width\" content=\"375\" \/>\n\t<meta property=\"og:image:height\" content=\"500\" \/>\n\t<meta property=\"og:image:type\" content=\"image\/jpeg\" \/>\n<meta name=\"twitter:card\" content=\"summary_large_image\" \/>\n<meta name=\"twitter:label1\" content=\"Dur\u00e9e de lecture estim\u00e9e\" \/>\n\t<meta name=\"twitter:data1\" content=\"1 minute\" \/>\n<script type=\"application\/ld+json\" class=\"yoast-schema-graph\">{\"@context\":\"https:\\\/\\\/schema.org\",\"@graph\":[{\"@type\":\"WebPage\",\"@id\":\"https:\\\/\\\/orcq.be\\\/histoire\\\/wp-content\\\/uploads\\\/sites\\\/2\\\/2017\\\/07\\\/Vue-des-cinq-h\u00eatres-aujourd\u2019hui.jpg\",\"url\":\"https:\\\/\\\/orcq.be\\\/histoire\\\/wp-content\\\/uploads\\\/sites\\\/2\\\/2017\\\/07\\\/Vue-des-cinq-h\u00eatres-aujourd\u2019hui.jpg\",\"name\":\"Vue des cinq h\u00eatres aujourd\u2019hui &#8226; ORCQ.be - L&#039;Histoire\",\"isPartOf\":{\"@id\":\"https:\\\/\\\/orcq.be\\\/histoire\\\/#website\"},\"datePublished\":\"2017-07-26T16:25:27+00:00\",\"dateModified\":\"2018-04-27T08:15:09+00:00\",\"description\":\"Orcq pr\u00e9sente une caract\u00e9ristique largement m\u00e9connue de tous qui est de poss\u00e9der une bonne vingtaine d\u2019arbres remarquables r\u00e9pertori\u00e9s \u00e0 la Division Nature et For\u00eats (DNF) de la r\u00e9gion wallonne. A l\u2019exception du Liquidambar dans la propri\u00e9t\u00e9 de Madame Drouillon, tous les autres se trouvent dans le parc de la Marli\u00e8re. On mentionnera cependant les deux tilleuls entourant la chapelle ND de la Paix et les deux pruniers de Pissard de la place communale abattus entre 2010 et 2013 car, ils devenaient dangereux.\",\"breadcrumb\":{\"@id\":\"https:\\\/\\\/orcq.be\\\/histoire\\\/wp-content\\\/uploads\\\/sites\\\/2\\\/2017\\\/07\\\/Vue-des-cinq-h\u00eatres-aujourd\u2019hui.jpg#breadcrumb\"},\"inLanguage\":\"fr-FR\",\"potentialAction\":[{\"@type\":\"ReadAction\",\"target\":[\"https:\\\/\\\/orcq.be\\\/histoire\\\/wp-content\\\/uploads\\\/sites\\\/2\\\/2017\\\/07\\\/Vue-des-cinq-h\u00eatres-aujourd\u2019hui.jpg\"]}]},{\"@type\":\"BreadcrumbList\",\"@id\":\"https:\\\/\\\/orcq.be\\\/histoire\\\/wp-content\\\/uploads\\\/sites\\\/2\\\/2017\\\/07\\\/Vue-des-cinq-h\u00eatres-aujourd\u2019hui.jpg#breadcrumb\",\"itemListElement\":[{\"@type\":\"ListItem\",\"position\":1,\"name\":\"Accueil\",\"item\":\"https:\\\/\\\/orcq.be\\\/histoire\\\/\"},{\"@type\":\"ListItem\",\"position\":2,\"name\":\"Arbres remarquables de la propri\u00e9t\u00e9 de la Marli\u00e8re \u00e0 Orcq\",\"item\":\"https:\\\/\\\/orcq.be\\\/histoire\\\/2017\\\/07\\\/26\\\/arbres-remarquables-de-propriete-de-marliere-a-orcq\\\/\"},{\"@type\":\"ListItem\",\"position\":3,\"name\":\"Vue des cinq h\u00eatres aujourd\u2019hui\"}]},{\"@type\":\"WebSite\",\"@id\":\"https:\\\/\\\/orcq.be\\\/histoire\\\/#website\",\"url\":\"https:\\\/\\\/orcq.be\\\/histoire\\\/\",\"name\":\"ORCQ.be - L&#039;Histoire\",\"description\":\"Histoire de Orcq\",\"potentialAction\":[{\"@type\":\"SearchAction\",\"target\":{\"@type\":\"EntryPoint\",\"urlTemplate\":\"https:\\\/\\\/orcq.be\\\/histoire\\\/?s={search_term_string}\"},\"query-input\":{\"@type\":\"PropertyValueSpecification\",\"valueRequired\":true,\"valueName\":\"search_term_string\"}}],\"inLanguage\":\"fr-FR\"}]}<\/script>\n<!-- \/ Yoast SEO plugin. -->","yoast_head_json":{"title":"Vue des cinq h\u00eatres aujourd\u2019hui &#8226; ORCQ.be - L&#039;Histoire","description":"Orcq pr\u00e9sente une caract\u00e9ristique largement m\u00e9connue de tous qui est de poss\u00e9der une bonne vingtaine d\u2019arbres remarquables r\u00e9pertori\u00e9s \u00e0 la Division Nature et For\u00eats (DNF) de la r\u00e9gion wallonne. A l\u2019exception du Liquidambar dans la propri\u00e9t\u00e9 de Madame Drouillon, tous les autres se trouvent dans le parc de la Marli\u00e8re. On mentionnera cependant les deux tilleuls entourant la chapelle ND de la Paix et les deux pruniers de Pissard de la place communale abattus entre 2010 et 2013 car, ils devenaient dangereux.","robots":{"index":"index","follow":"follow","max-snippet":"max-snippet:-1","max-image-preview":"max-image-preview:large","max-video-preview":"max-video-preview:-1"},"canonical":"https:\/\/orcq.be\/histoire\/wp-content\/uploads\/sites\/2\/2017\/07\/Vue-des-cinq-h\u00eatres-aujourd\u2019hui.jpg","og_locale":"fr_FR","og_type":"article","og_title":"Vue des cinq h\u00eatres aujourd\u2019hui &#8226; ORCQ.be - L&#039;Histoire","og_description":"Orcq pr\u00e9sente une caract\u00e9ristique largement m\u00e9connue de tous qui est de poss\u00e9der une bonne vingtaine d\u2019arbres remarquables r\u00e9pertori\u00e9s \u00e0 la Division Nature et For\u00eats (DNF) de la r\u00e9gion wallonne. A l\u2019exception du Liquidambar dans la propri\u00e9t\u00e9 de Madame Drouillon, tous les autres se trouvent dans le parc de la Marli\u00e8re. On mentionnera cependant les deux tilleuls entourant la chapelle ND de la Paix et les deux pruniers de Pissard de la place communale abattus entre 2010 et 2013 car, ils devenaient dangereux.","og_url":"https:\/\/orcq.be\/histoire\/wp-content\/uploads\/sites\/2\/2017\/07\/Vue-des-cinq-h\u00eatres-aujourd\u2019hui.jpg","og_site_name":"ORCQ.be - L&#039;Histoire","article_publisher":"https:\/\/www.facebook.com\/villageorcq","article_modified_time":"2018-04-27T08:15:09+00:00","og_image":[{"width":375,"height":500,"url":"https:\/\/orcq.be\/histoire\/wp-content\/uploads\/sites\/2\/2017\/07\/Vue-des-cinq-h\u00eatres-aujourd\u2019hui.jpg","type":"image\/jpeg"}],"twitter_card":"summary_large_image","twitter_misc":{"Dur\u00e9e de lecture estim\u00e9e":"1 minute"},"schema":{"@context":"https:\/\/schema.org","@graph":[{"@type":"WebPage","@id":"https:\/\/orcq.be\/histoire\/wp-content\/uploads\/sites\/2\/2017\/07\/Vue-des-cinq-h\u00eatres-aujourd\u2019hui.jpg","url":"https:\/\/orcq.be\/histoire\/wp-content\/uploads\/sites\/2\/2017\/07\/Vue-des-cinq-h\u00eatres-aujourd\u2019hui.jpg","name":"Vue des cinq h\u00eatres aujourd\u2019hui &#8226; ORCQ.be - L&#039;Histoire","isPartOf":{"@id":"https:\/\/orcq.be\/histoire\/#website"},"datePublished":"2017-07-26T16:25:27+00:00","dateModified":"2018-04-27T08:15:09+00:00","description":"Orcq pr\u00e9sente une caract\u00e9ristique largement m\u00e9connue de tous qui est de poss\u00e9der une bonne vingtaine d\u2019arbres remarquables r\u00e9pertori\u00e9s \u00e0 la Division Nature et For\u00eats (DNF) de la r\u00e9gion wallonne. A l\u2019exception du Liquidambar dans la propri\u00e9t\u00e9 de Madame Drouillon, tous les autres se trouvent dans le parc de la Marli\u00e8re. On mentionnera cependant les deux tilleuls entourant la chapelle ND de la Paix et les deux pruniers de Pissard de la place communale abattus entre 2010 et 2013 car, ils devenaient dangereux.","breadcrumb":{"@id":"https:\/\/orcq.be\/histoire\/wp-content\/uploads\/sites\/2\/2017\/07\/Vue-des-cinq-h\u00eatres-aujourd\u2019hui.jpg#breadcrumb"},"inLanguage":"fr-FR","potentialAction":[{"@type":"ReadAction","target":["https:\/\/orcq.be\/histoire\/wp-content\/uploads\/sites\/2\/2017\/07\/Vue-des-cinq-h\u00eatres-aujourd\u2019hui.jpg"]}]},{"@type":"BreadcrumbList","@id":"https:\/\/orcq.be\/histoire\/wp-content\/uploads\/sites\/2\/2017\/07\/Vue-des-cinq-h\u00eatres-aujourd\u2019hui.jpg#breadcrumb","itemListElement":[{"@type":"ListItem","position":1,"name":"Accueil","item":"https:\/\/orcq.be\/histoire\/"},{"@type":"ListItem","position":2,"name":"Arbres remarquables de la propri\u00e9t\u00e9 de la Marli\u00e8re \u00e0 Orcq","item":"https:\/\/orcq.be\/histoire\/2017\/07\/26\/arbres-remarquables-de-propriete-de-marliere-a-orcq\/"},{"@type":"ListItem","position":3,"name":"Vue des cinq h\u00eatres aujourd\u2019hui"}]},{"@type":"WebSite","@id":"https:\/\/orcq.be\/histoire\/#website","url":"https:\/\/orcq.be\/histoire\/","name":"ORCQ.be - L&#039;Histoire","description":"Histoire de Orcq","potentialAction":[{"@type":"SearchAction","target":{"@type":"EntryPoint","urlTemplate":"https:\/\/orcq.be\/histoire\/?s={search_term_string}"},"query-input":{"@type":"PropertyValueSpecification","valueRequired":true,"valueName":"search_term_string"}}],"inLanguage":"fr-FR"}]}},"description":{"rendered":"<p class=\"attachment\"><a class=\"grouped_elements\" rel=\"tc-fancybox-group\" href=\"https:\/\/orcq.be\/histoire\/wp-content\/uploads\/sites\/2\/2017\/07\/Vue-des-cinq-h\u00eatres-aujourd\u2019hui.jpg\" title=\"Vue des cinq h\u00eatres aujourd\u2019hui\"><img loading=\"lazy\" decoding=\"async\" width=\"225\" height=\"300\" src=\"https:\/\/orcq.be\/histoire\/wp-content\/uploads\/sites\/2\/2017\/07\/Vue-des-cinq-h\u00eatres-aujourd\u2019hui-225x300.jpg\" class=\"attachment-medium size-medium\" alt=\"\" srcset=\"https:\/\/orcq.be\/histoire\/wp-content\/uploads\/sites\/2\/2017\/07\/Vue-des-cinq-h\u00eatres-aujourd\u2019hui-225x300.jpg 225w, https:\/\/orcq.be\/histoire\/wp-content\/uploads\/sites\/2\/2017\/07\/Vue-des-cinq-h\u00eatres-aujourd\u2019hui.jpg 375w\" sizes=\"auto, (max-width: 225px) 100vw, 225px\" \/><\/a><\/p>\n<p>Photo de 1907 montrant \u00e0 gauche le massif des 5 h\u00eatres sur fond d\u2019autres essences<br \/>\nOrcq pr\u00e9sente une caract\u00e9ristique largement m\u00e9connue de tous qui est de poss\u00e9der une bonne vingtaine d\u2019arbres remarquables r\u00e9pertori\u00e9s \u00e0 la Division Nature et For\u00eats (DNF) de la r\u00e9gion wallonne.<\/p>\n<p>A l\u2019exception du Liquidambar dans la propri\u00e9t\u00e9 de Madame Drouillon, tous les autres se trouvent dans le parc de la Marli\u00e8re. On mentionnera cependant les deux tilleuls entourant la chapelle ND de la Paix et les deux pruniers de Pissard de la place communale abattus entre 2010 et 2013 car, ils devenaient dangereux.<\/p>\n"},"caption":{"rendered":"<p>Photo de 1907 montrant \u00e0 gauche le massif des 5 h\u00eatres sur fond d\u2019autres essences<\/p>\n"},"alt_text":"Photo de 1907 montrant \u00e0 gauche le massif des 5 h\u00eatres sur fond d\u2019autres essences","media_type":"image","mime_type":"image\/jpeg","media_details":{"width":375,"height":500,"file":"2017\/07\/Vue-des-cinq-h\u00eatres-aujourd\u2019hui.jpg","sizes":{"thumbnail":{"file":"Vue-des-cinq-h\u00eatres-aujourd\u2019hui-150x150.jpg","width":150,"height":150,"mime_type":"image\/jpeg","source_url":"https:\/\/orcq.be\/histoire\/wp-content\/uploads\/sites\/2\/2017\/07\/Vue-des-cinq-h\u00eatres-aujourd\u2019hui-150x150.jpg"},"medium":{"file":"Vue-des-cinq-h\u00eatres-aujourd\u2019hui-225x300.jpg","width":225,"height":300,"mime_type":"image\/jpeg","source_url":"https:\/\/orcq.be\/histoire\/wp-content\/uploads\/sites\/2\/2017\/07\/Vue-des-cinq-h\u00eatres-aujourd\u2019hui-225x300.jpg"},"fb_event_cover":{"file":"Vue-des-cinq-h\u00eatres-aujourd\u2019hui-375x295.jpg","width":375,"height":295,"mime_type":"image\/jpeg","source_url":"https:\/\/orcq.be\/histoire\/wp-content\/uploads\/sites\/2\/2017\/07\/Vue-des-cinq-h\u00eatres-aujourd\u2019hui-375x295.jpg"},"fb_event_list":{"file":"Vue-des-cinq-h\u00eatres-aujourd\u2019hui-288x192.jpg","width":288,"height":192,"mime_type":"image\/jpeg","source_url":"https:\/\/orcq.be\/histoire\/wp-content\/uploads\/sites\/2\/2017\/07\/Vue-des-cinq-h\u00eatres-aujourd\u2019hui-288x192.jpg"},"fb_event_ad":{"file":"Vue-des-cinq-h\u00eatres-aujourd\u2019hui-288x295.jpg","width":288,"height":295,"mime_type":"image\/jpeg","source_url":"https:\/\/orcq.be\/histoire\/wp-content\/uploads\/sites\/2\/2017\/07\/Vue-des-cinq-h\u00eatres-aujourd\u2019hui-288x295.jpg"},"tc-thumb":{"file":"Vue-des-cinq-h\u00eatres-aujourd\u2019hui-270x250.jpg","width":270,"height":250,"mime_type":"image\/jpeg","source_url":"https:\/\/orcq.be\/histoire\/wp-content\/uploads\/sites\/2\/2017\/07\/Vue-des-cinq-h\u00eatres-aujourd\u2019hui-270x250.jpg"},"slider-full":{"file":"Vue-des-cinq-h\u00eatres-aujourd\u2019hui-375x500.jpg","width":375,"height":500,"mime_type":"image\/jpeg","source_url":"https:\/\/orcq.be\/histoire\/wp-content\/uploads\/sites\/2\/2017\/07\/Vue-des-cinq-h\u00eatres-aujourd\u2019hui-375x500.jpg"},"slider":{"file":"Vue-des-cinq-h\u00eatres-aujourd\u2019hui-375x500.jpg","width":375,"height":500,"mime_type":"image\/jpeg","source_url":"https:\/\/orcq.be\/histoire\/wp-content\/uploads\/sites\/2\/2017\/07\/Vue-des-cinq-h\u00eatres-aujourd\u2019hui-375x500.jpg"},"tc-grid-full":{"file":"Vue-des-cinq-h\u00eatres-aujourd\u2019hui-375x350.jpg","width":375,"height":350,"mime_type":"image\/jpeg","source_url":"https:\/\/orcq.be\/histoire\/wp-content\/uploads\/sites\/2\/2017\/07\/Vue-des-cinq-h\u00eatres-aujourd\u2019hui-375x350.jpg"},"tc-grid":{"file":"Vue-des-cinq-h\u00eatres-aujourd\u2019hui-375x350.jpg","width":375,"height":350,"mime_type":"image\/jpeg","source_url":"https:\/\/orcq.be\/histoire\/wp-content\/uploads\/sites\/2\/2017\/07\/Vue-des-cinq-h\u00eatres-aujourd\u2019hui-375x350.jpg"},"full":{"file":"Vue-des-cinq-h\u00eatres-aujourd\u2019hui.jpg","width":375,"height":500,"mime_type":"image\/jpeg","source_url":"https:\/\/orcq.be\/histoire\/wp-content\/uploads\/sites\/2\/2017\/07\/Vue-des-cinq-h\u00eatres-aujourd\u2019hui.jpg"}},"image_meta":{"aperture":"0","credit":"","camera":"","caption":"","created_timestamp":"0","copyright":"","focal_length":"0","iso":"0","shutter_speed":"0","title":"","orientation":"0","keywords":[]}},"post":478,"source_url":"https:\/\/orcq.be\/histoire\/wp-content\/uploads\/sites\/2\/2017\/07\/Vue-des-cinq-h\u00eatres-aujourd\u2019hui.jpg","_links":{"self":[{"href":"https:\/\/orcq.be\/histoire\/wp-json\/wp\/v2\/media\/491","targetHints":{"allow":["GET"]}}],"collection":[{"href":"https:\/\/orcq.be\/histoire\/wp-json\/wp\/v2\/media"}],"about":[{"href":"https:\/\/orcq.be\/histoire\/wp-json\/wp\/v2\/types\/attachment"}],"author":[{"embeddable":true,"href":"https:\/\/orcq.be\/histoire\/wp-json\/wp\/v2\/users\/2"}],"replies":[{"embeddable":true,"href":"https:\/\/orcq.be\/histoire\/wp-json\/wp\/v2\/comments?post=491"}],"wp:attached-to":[{"embeddable":true,"post_type":"post","id":478,"href":"https:\/\/orcq.be\/histoire\/wp-json\/wp\/v2\/posts\/478"}],"curies":[{"name":"wp","href":"https:\/\/api.w.org\/{rel}","templated":true}]}}