{"id":535,"date":"2017-08-19T21:30:50","date_gmt":"2017-08-19T19:30:50","guid":{"rendered":"http:\/\/orcq.be\/histoire\/wp-content\/uploads\/sites\/2\/2017\/08\/Imperatrice-Josephine-Tableau.jpg"},"modified":"2018-04-27T09:24:15","modified_gmt":"2018-04-27T07:24:15","slug":"le-portrait-de-limperatrice-josephine-2","status":"inherit","type":"attachment","link":"https:\/\/orcq.be\/histoire\/2017\/08\/19\/tableaux-vivants-divertissement-oublie-pratique-debut-xxe-siecle-chateau-de-marliere-a-orcq\/le-portrait-de-limperatrice-josephine-2\/","title":{"rendered":"Le portrait de l\u2019imp\u00e9ratrice Jos\u00e9phine"},"author":2,"featured_media":0,"comment_status":"open","ping_status":"closed","template":"","meta":{"_monsterinsights_skip_tracking":false,"_monsterinsights_sitenote_active":false,"_monsterinsights_sitenote_note":"","_monsterinsights_sitenote_category":0},"class_list":["post-535","attachment","type-attachment","status-inherit","czr-hentry"],"yoast_head":"<!-- This site is optimized with the Yoast SEO plugin v27.5 - https:\/\/yoast.com\/product\/yoast-seo-wordpress\/ -->\n<title>Le portrait de l\u2019imp\u00e9ratrice Jos\u00e9phine &#8226; ORCQ.be - L&#039;Histoire<\/title>\n<meta name=\"description\" content=\"Pierre-Paul Prud\u2019hon un des artistes favoris de Napol\u00e9on et de Jos\u00e9phine de Beauharnais, a r\u00e9alis\u00e9 ce portrait de 1805 \u00e0 1809. Il repr\u00e9sente l\u2019Imp\u00e9ratrice dans le parc de la Malmaison. Au d\u00e9c\u00e8s de l\u2019Imp\u00e9ratrice, en 1814, il revient \u00e0 sa fille la reine Hortense. Il est d\u00e9finitivement acquis par le Mus\u00e9e du Louvre en 1879. Redonnons la parole \u00e0 Henri Costa de Beauregard : Je vois encore, de G\u00e9rard, \u00ab Jos\u00e9phine \u00e0 la Malmaison \u00bb, pensivement assise sur son rocher, personnifi\u00e9e par tante Charlotte (Mme Raymond Crombez). La photo repr\u00e9sent\u00e9e ici est cependant bien inspir\u00e9e du tableau de Prud\u2019hon. Le tableau de G\u00e9rard repr\u00e9sente l\u2019imp\u00e9ratrice assise sur un fauteuil.\" \/>\n<meta name=\"robots\" content=\"index, follow, max-snippet:-1, max-image-preview:large, max-video-preview:-1\" \/>\n<link rel=\"canonical\" href=\"https:\/\/orcq.be\/histoire\/wp-content\/uploads\/sites\/2\/2017\/08\/Imperatrice-Josephine-Tableau.jpg\" \/>\n<meta property=\"og:locale\" content=\"fr_FR\" \/>\n<meta property=\"og:type\" content=\"article\" \/>\n<meta property=\"og:title\" content=\"Le portrait de l\u2019imp\u00e9ratrice Jos\u00e9phine &#8226; ORCQ.be - L&#039;Histoire\" \/>\n<meta property=\"og:description\" content=\"Pierre-Paul Prud\u2019hon un des artistes favoris de Napol\u00e9on et de Jos\u00e9phine de Beauharnais, a r\u00e9alis\u00e9 ce portrait de 1805 \u00e0 1809. Il repr\u00e9sente l\u2019Imp\u00e9ratrice dans le parc de la Malmaison. Au d\u00e9c\u00e8s de l\u2019Imp\u00e9ratrice, en 1814, il revient \u00e0 sa fille la reine Hortense. Il est d\u00e9finitivement acquis par le Mus\u00e9e du Louvre en 1879. Redonnons la parole \u00e0 Henri Costa de Beauregard : Je vois encore, de G\u00e9rard, \u00ab Jos\u00e9phine \u00e0 la Malmaison \u00bb, pensivement assise sur son rocher, personnifi\u00e9e par tante Charlotte (Mme Raymond Crombez). La photo repr\u00e9sent\u00e9e ici est cependant bien inspir\u00e9e du tableau de Prud\u2019hon. Le tableau de G\u00e9rard repr\u00e9sente l\u2019imp\u00e9ratrice assise sur un fauteuil.\" \/>\n<meta property=\"og:url\" content=\"https:\/\/orcq.be\/histoire\/wp-content\/uploads\/sites\/2\/2017\/08\/Imperatrice-Josephine-Tableau.jpg\" \/>\n<meta property=\"og:site_name\" content=\"ORCQ.be - L&#039;Histoire\" \/>\n<meta property=\"article:publisher\" content=\"https:\/\/www.facebook.com\/villageorcq\" \/>\n<meta property=\"article:modified_time\" content=\"2018-04-27T07:24:15+00:00\" \/>\n<meta property=\"og:image\" content=\"https:\/\/orcq.be\/histoire\/wp-content\/uploads\/sites\/2\/2017\/08\/Imperatrice-Josephine-Tableau.jpg\" \/>\n\t<meta property=\"og:image:width\" content=\"365\" \/>\n\t<meta property=\"og:image:height\" content=\"500\" \/>\n\t<meta property=\"og:image:type\" content=\"image\/jpeg\" \/>\n<meta name=\"twitter:card\" content=\"summary_large_image\" \/>\n<meta name=\"twitter:label1\" content=\"Dur\u00e9e de lecture estim\u00e9e\" \/>\n\t<meta name=\"twitter:data1\" content=\"1 minute\" \/>\n<script type=\"application\/ld+json\" class=\"yoast-schema-graph\">{\"@context\":\"https:\\\/\\\/schema.org\",\"@graph\":[{\"@type\":\"WebPage\",\"@id\":\"https:\\\/\\\/orcq.be\\\/histoire\\\/wp-content\\\/uploads\\\/sites\\\/2\\\/2017\\\/08\\\/Imperatrice-Josephine-Tableau.jpg\",\"url\":\"https:\\\/\\\/orcq.be\\\/histoire\\\/wp-content\\\/uploads\\\/sites\\\/2\\\/2017\\\/08\\\/Imperatrice-Josephine-Tableau.jpg\",\"name\":\"Le portrait de l\u2019imp\u00e9ratrice Jos\u00e9phine &#8226; ORCQ.be - L&#039;Histoire\",\"isPartOf\":{\"@id\":\"https:\\\/\\\/orcq.be\\\/histoire\\\/#website\"},\"datePublished\":\"2017-08-19T19:30:50+00:00\",\"dateModified\":\"2018-04-27T07:24:15+00:00\",\"description\":\"Pierre-Paul Prud\u2019hon un des artistes favoris de Napol\u00e9on et de Jos\u00e9phine de Beauharnais, a r\u00e9alis\u00e9 ce portrait de 1805 \u00e0 1809. Il repr\u00e9sente l\u2019Imp\u00e9ratrice dans le parc de la Malmaison. Au d\u00e9c\u00e8s de l\u2019Imp\u00e9ratrice, en 1814, il revient \u00e0 sa fille la reine Hortense. Il est d\u00e9finitivement acquis par le Mus\u00e9e du Louvre en 1879. Redonnons la parole \u00e0 Henri Costa de Beauregard : Je vois encore, de G\u00e9rard, \u00ab Jos\u00e9phine \u00e0 la Malmaison \u00bb, pensivement assise sur son rocher, personnifi\u00e9e par tante Charlotte (Mme Raymond Crombez). La photo repr\u00e9sent\u00e9e ici est cependant bien inspir\u00e9e du tableau de Prud\u2019hon. Le tableau de G\u00e9rard repr\u00e9sente l\u2019imp\u00e9ratrice assise sur un fauteuil.\",\"breadcrumb\":{\"@id\":\"https:\\\/\\\/orcq.be\\\/histoire\\\/wp-content\\\/uploads\\\/sites\\\/2\\\/2017\\\/08\\\/Imperatrice-Josephine-Tableau.jpg#breadcrumb\"},\"inLanguage\":\"fr-FR\",\"potentialAction\":[{\"@type\":\"ReadAction\",\"target\":[\"https:\\\/\\\/orcq.be\\\/histoire\\\/wp-content\\\/uploads\\\/sites\\\/2\\\/2017\\\/08\\\/Imperatrice-Josephine-Tableau.jpg\"]}]},{\"@type\":\"BreadcrumbList\",\"@id\":\"https:\\\/\\\/orcq.be\\\/histoire\\\/wp-content\\\/uploads\\\/sites\\\/2\\\/2017\\\/08\\\/Imperatrice-Josephine-Tableau.jpg#breadcrumb\",\"itemListElement\":[{\"@type\":\"ListItem\",\"position\":1,\"name\":\"Accueil\",\"item\":\"https:\\\/\\\/orcq.be\\\/histoire\\\/\"},{\"@type\":\"ListItem\",\"position\":2,\"name\":\"Les tableaux vivants, un divertissement oubli\u00e9 pratiqu\u00e9 au d\u00e9but du XXe si\u00e8cle au ch\u00e2teau de la Marli\u00e8re \u00e0 Orcq\",\"item\":\"https:\\\/\\\/orcq.be\\\/histoire\\\/2017\\\/08\\\/19\\\/tableaux-vivants-divertissement-oublie-pratique-debut-xxe-siecle-chateau-de-marliere-a-orcq\\\/\"},{\"@type\":\"ListItem\",\"position\":3,\"name\":\"Le portrait de l\u2019imp\u00e9ratrice Jos\u00e9phine\"}]},{\"@type\":\"WebSite\",\"@id\":\"https:\\\/\\\/orcq.be\\\/histoire\\\/#website\",\"url\":\"https:\\\/\\\/orcq.be\\\/histoire\\\/\",\"name\":\"ORCQ.be - L&#039;Histoire\",\"description\":\"Histoire de Orcq\",\"potentialAction\":[{\"@type\":\"SearchAction\",\"target\":{\"@type\":\"EntryPoint\",\"urlTemplate\":\"https:\\\/\\\/orcq.be\\\/histoire\\\/?s={search_term_string}\"},\"query-input\":{\"@type\":\"PropertyValueSpecification\",\"valueRequired\":true,\"valueName\":\"search_term_string\"}}],\"inLanguage\":\"fr-FR\"}]}<\/script>\n<!-- \/ Yoast SEO plugin. -->","yoast_head_json":{"title":"Le portrait de l\u2019imp\u00e9ratrice Jos\u00e9phine &#8226; ORCQ.be - L&#039;Histoire","description":"Pierre-Paul Prud\u2019hon un des artistes favoris de Napol\u00e9on et de Jos\u00e9phine de Beauharnais, a r\u00e9alis\u00e9 ce portrait de 1805 \u00e0 1809. Il repr\u00e9sente l\u2019Imp\u00e9ratrice dans le parc de la Malmaison. Au d\u00e9c\u00e8s de l\u2019Imp\u00e9ratrice, en 1814, il revient \u00e0 sa fille la reine Hortense. Il est d\u00e9finitivement acquis par le Mus\u00e9e du Louvre en 1879. Redonnons la parole \u00e0 Henri Costa de Beauregard : Je vois encore, de G\u00e9rard, \u00ab Jos\u00e9phine \u00e0 la Malmaison \u00bb, pensivement assise sur son rocher, personnifi\u00e9e par tante Charlotte (Mme Raymond Crombez). La photo repr\u00e9sent\u00e9e ici est cependant bien inspir\u00e9e du tableau de Prud\u2019hon. Le tableau de G\u00e9rard repr\u00e9sente l\u2019imp\u00e9ratrice assise sur un fauteuil.","robots":{"index":"index","follow":"follow","max-snippet":"max-snippet:-1","max-image-preview":"max-image-preview:large","max-video-preview":"max-video-preview:-1"},"canonical":"https:\/\/orcq.be\/histoire\/wp-content\/uploads\/sites\/2\/2017\/08\/Imperatrice-Josephine-Tableau.jpg","og_locale":"fr_FR","og_type":"article","og_title":"Le portrait de l\u2019imp\u00e9ratrice Jos\u00e9phine &#8226; ORCQ.be - L&#039;Histoire","og_description":"Pierre-Paul Prud\u2019hon un des artistes favoris de Napol\u00e9on et de Jos\u00e9phine de Beauharnais, a r\u00e9alis\u00e9 ce portrait de 1805 \u00e0 1809. Il repr\u00e9sente l\u2019Imp\u00e9ratrice dans le parc de la Malmaison. Au d\u00e9c\u00e8s de l\u2019Imp\u00e9ratrice, en 1814, il revient \u00e0 sa fille la reine Hortense. Il est d\u00e9finitivement acquis par le Mus\u00e9e du Louvre en 1879. Redonnons la parole \u00e0 Henri Costa de Beauregard : Je vois encore, de G\u00e9rard, \u00ab Jos\u00e9phine \u00e0 la Malmaison \u00bb, pensivement assise sur son rocher, personnifi\u00e9e par tante Charlotte (Mme Raymond Crombez). La photo repr\u00e9sent\u00e9e ici est cependant bien inspir\u00e9e du tableau de Prud\u2019hon. Le tableau de G\u00e9rard repr\u00e9sente l\u2019imp\u00e9ratrice assise sur un fauteuil.","og_url":"https:\/\/orcq.be\/histoire\/wp-content\/uploads\/sites\/2\/2017\/08\/Imperatrice-Josephine-Tableau.jpg","og_site_name":"ORCQ.be - L&#039;Histoire","article_publisher":"https:\/\/www.facebook.com\/villageorcq","article_modified_time":"2018-04-27T07:24:15+00:00","og_image":[{"width":365,"height":500,"url":"https:\/\/orcq.be\/histoire\/wp-content\/uploads\/sites\/2\/2017\/08\/Imperatrice-Josephine-Tableau.jpg","type":"image\/jpeg"}],"twitter_card":"summary_large_image","twitter_misc":{"Dur\u00e9e de lecture estim\u00e9e":"1 minute"},"schema":{"@context":"https:\/\/schema.org","@graph":[{"@type":"WebPage","@id":"https:\/\/orcq.be\/histoire\/wp-content\/uploads\/sites\/2\/2017\/08\/Imperatrice-Josephine-Tableau.jpg","url":"https:\/\/orcq.be\/histoire\/wp-content\/uploads\/sites\/2\/2017\/08\/Imperatrice-Josephine-Tableau.jpg","name":"Le portrait de l\u2019imp\u00e9ratrice Jos\u00e9phine &#8226; ORCQ.be - L&#039;Histoire","isPartOf":{"@id":"https:\/\/orcq.be\/histoire\/#website"},"datePublished":"2017-08-19T19:30:50+00:00","dateModified":"2018-04-27T07:24:15+00:00","description":"Pierre-Paul Prud\u2019hon un des artistes favoris de Napol\u00e9on et de Jos\u00e9phine de Beauharnais, a r\u00e9alis\u00e9 ce portrait de 1805 \u00e0 1809. Il repr\u00e9sente l\u2019Imp\u00e9ratrice dans le parc de la Malmaison. Au d\u00e9c\u00e8s de l\u2019Imp\u00e9ratrice, en 1814, il revient \u00e0 sa fille la reine Hortense. Il est d\u00e9finitivement acquis par le Mus\u00e9e du Louvre en 1879. Redonnons la parole \u00e0 Henri Costa de Beauregard : Je vois encore, de G\u00e9rard, \u00ab Jos\u00e9phine \u00e0 la Malmaison \u00bb, pensivement assise sur son rocher, personnifi\u00e9e par tante Charlotte (Mme Raymond Crombez). La photo repr\u00e9sent\u00e9e ici est cependant bien inspir\u00e9e du tableau de Prud\u2019hon. Le tableau de G\u00e9rard repr\u00e9sente l\u2019imp\u00e9ratrice assise sur un fauteuil.","breadcrumb":{"@id":"https:\/\/orcq.be\/histoire\/wp-content\/uploads\/sites\/2\/2017\/08\/Imperatrice-Josephine-Tableau.jpg#breadcrumb"},"inLanguage":"fr-FR","potentialAction":[{"@type":"ReadAction","target":["https:\/\/orcq.be\/histoire\/wp-content\/uploads\/sites\/2\/2017\/08\/Imperatrice-Josephine-Tableau.jpg"]}]},{"@type":"BreadcrumbList","@id":"https:\/\/orcq.be\/histoire\/wp-content\/uploads\/sites\/2\/2017\/08\/Imperatrice-Josephine-Tableau.jpg#breadcrumb","itemListElement":[{"@type":"ListItem","position":1,"name":"Accueil","item":"https:\/\/orcq.be\/histoire\/"},{"@type":"ListItem","position":2,"name":"Les tableaux vivants, un divertissement oubli\u00e9 pratiqu\u00e9 au d\u00e9but du XXe si\u00e8cle au ch\u00e2teau de la Marli\u00e8re \u00e0 Orcq","item":"https:\/\/orcq.be\/histoire\/2017\/08\/19\/tableaux-vivants-divertissement-oublie-pratique-debut-xxe-siecle-chateau-de-marliere-a-orcq\/"},{"@type":"ListItem","position":3,"name":"Le portrait de l\u2019imp\u00e9ratrice Jos\u00e9phine"}]},{"@type":"WebSite","@id":"https:\/\/orcq.be\/histoire\/#website","url":"https:\/\/orcq.be\/histoire\/","name":"ORCQ.be - L&#039;Histoire","description":"Histoire de Orcq","potentialAction":[{"@type":"SearchAction","target":{"@type":"EntryPoint","urlTemplate":"https:\/\/orcq.be\/histoire\/?s={search_term_string}"},"query-input":{"@type":"PropertyValueSpecification","valueRequired":true,"valueName":"search_term_string"}}],"inLanguage":"fr-FR"}]}},"description":{"rendered":"<p class=\"attachment\"><a class=\"grouped_elements\" rel=\"tc-fancybox-group\" href=\"https:\/\/orcq.be\/histoire\/wp-content\/uploads\/sites\/2\/2017\/08\/Imperatrice-Josephine-Tableau.jpg\" title=\"Le portrait de l\u2019imp\u00e9ratrice Jos\u00e9phine\"><img loading=\"lazy\" decoding=\"async\" width=\"219\" height=\"300\" src=\"https:\/\/orcq.be\/histoire\/wp-content\/uploads\/sites\/2\/2017\/08\/Imperatrice-Josephine-Tableau-219x300.jpg\" class=\"attachment-medium size-medium\" alt=\"\" srcset=\"https:\/\/orcq.be\/histoire\/wp-content\/uploads\/sites\/2\/2017\/08\/Imperatrice-Josephine-Tableau-219x300.jpg 219w, https:\/\/orcq.be\/histoire\/wp-content\/uploads\/sites\/2\/2017\/08\/Imperatrice-Josephine-Tableau.jpg 365w\" sizes=\"auto, (max-width: 219px) 100vw, 219px\" \/><\/a><\/p>\n<p>Pierre-Paul Prud\u2019hon un des artistes favoris de Napol\u00e9on et de Jos\u00e9phine de Beauharnais, a r\u00e9alis\u00e9 ce portrait de 1805 \u00e0 1809. Il repr\u00e9sente l\u2019Imp\u00e9ratrice dans le parc de la Malmaison. Au d\u00e9c\u00e8s de l\u2019Imp\u00e9ratrice, en 1814, il revient \u00e0 sa fille la reine Hortense. Il est d\u00e9finitivement acquis par le Mus\u00e9e du Louvre en 1879. Redonnons la parole \u00e0 Henri Costa de Beauregard : Je vois encore, de G\u00e9rard, \u00ab Jos\u00e9phine \u00e0 la Malmaison \u00bb, pensivement assise sur son rocher, personnifi\u00e9e par tante Charlotte (Mme Raymond Crombez). La photo repr\u00e9sent\u00e9e ici est cependant bien inspir\u00e9e du tableau de Prud\u2019hon. Le tableau de G\u00e9rard repr\u00e9sente l\u2019imp\u00e9ratrice assise sur un fauteuil.<\/p>\n"},"caption":{"rendered":"<p>Pierre-Paul Prud\u2019hon un des artistes favoris de Napol\u00e9on et de Jos\u00e9phine de Beauharnais, a r\u00e9alis\u00e9 ce portrait de 1805 \u00e0 1809. Il repr\u00e9sente l\u2019Imp\u00e9ratrice dans le parc de la Malmaison. Au d\u00e9c\u00e8s de l\u2019Imp\u00e9ratrice, en 1814, il revient \u00e0 sa fille la reine Hortense. Il est d\u00e9finitivement acquis par le Mus\u00e9e du Louvre en 1879. [&hellip;]<\/p>\n"},"alt_text":"Le portrait de l\u2019imp\u00e9ratrice Jos\u00e9phine","media_type":"image","mime_type":"image\/jpeg","media_details":{"width":365,"height":500,"file":"2017\/08\/Imperatrice-Josephine-Tableau.jpg","sizes":{"thumbnail":{"file":"Imperatrice-Josephine-Tableau-150x150.jpg","width":150,"height":150,"mime_type":"image\/jpeg","source_url":"https:\/\/orcq.be\/histoire\/wp-content\/uploads\/sites\/2\/2017\/08\/Imperatrice-Josephine-Tableau-150x150.jpg"},"medium":{"file":"Imperatrice-Josephine-Tableau-219x300.jpg","width":219,"height":300,"mime_type":"image\/jpeg","source_url":"https:\/\/orcq.be\/histoire\/wp-content\/uploads\/sites\/2\/2017\/08\/Imperatrice-Josephine-Tableau-219x300.jpg"},"tc-grid-full":{"file":"Imperatrice-Josephine-Tableau-365x350.jpg","width":365,"height":350,"mime_type":"image\/jpeg","source_url":"https:\/\/orcq.be\/histoire\/wp-content\/uploads\/sites\/2\/2017\/08\/Imperatrice-Josephine-Tableau-365x350.jpg"},"tc-grid":{"file":"Imperatrice-Josephine-Tableau-365x350.jpg","width":365,"height":350,"mime_type":"image\/jpeg","source_url":"https:\/\/orcq.be\/histoire\/wp-content\/uploads\/sites\/2\/2017\/08\/Imperatrice-Josephine-Tableau-365x350.jpg"},"tc-thumb":{"file":"Imperatrice-Josephine-Tableau-270x250.jpg","width":270,"height":250,"mime_type":"image\/jpeg","source_url":"https:\/\/orcq.be\/histoire\/wp-content\/uploads\/sites\/2\/2017\/08\/Imperatrice-Josephine-Tableau-270x250.jpg"},"slider-full":{"file":"Imperatrice-Josephine-Tableau-365x500.jpg","width":365,"height":500,"mime_type":"image\/jpeg","source_url":"https:\/\/orcq.be\/histoire\/wp-content\/uploads\/sites\/2\/2017\/08\/Imperatrice-Josephine-Tableau-365x500.jpg"},"slider":{"file":"Imperatrice-Josephine-Tableau-365x500.jpg","width":365,"height":500,"mime_type":"image\/jpeg","source_url":"https:\/\/orcq.be\/histoire\/wp-content\/uploads\/sites\/2\/2017\/08\/Imperatrice-Josephine-Tableau-365x500.jpg"},"full":{"file":"Imperatrice-Josephine-Tableau.jpg","width":365,"height":500,"mime_type":"image\/jpeg","source_url":"https:\/\/orcq.be\/histoire\/wp-content\/uploads\/sites\/2\/2017\/08\/Imperatrice-Josephine-Tableau.jpg"}},"image_meta":{"aperture":"0","credit":"","camera":"","caption":"","created_timestamp":"0","copyright":"","focal_length":"0","iso":"0","shutter_speed":"0","title":"","orientation":"0","keywords":[]}},"post":521,"source_url":"https:\/\/orcq.be\/histoire\/wp-content\/uploads\/sites\/2\/2017\/08\/Imperatrice-Josephine-Tableau.jpg","_links":{"self":[{"href":"https:\/\/orcq.be\/histoire\/wp-json\/wp\/v2\/media\/535","targetHints":{"allow":["GET"]}}],"collection":[{"href":"https:\/\/orcq.be\/histoire\/wp-json\/wp\/v2\/media"}],"about":[{"href":"https:\/\/orcq.be\/histoire\/wp-json\/wp\/v2\/types\/attachment"}],"author":[{"embeddable":true,"href":"https:\/\/orcq.be\/histoire\/wp-json\/wp\/v2\/users\/2"}],"replies":[{"embeddable":true,"href":"https:\/\/orcq.be\/histoire\/wp-json\/wp\/v2\/comments?post=535"}],"wp:attached-to":[{"embeddable":true,"post_type":"post","id":521,"href":"https:\/\/orcq.be\/histoire\/wp-json\/wp\/v2\/posts\/521"}],"curies":[{"name":"wp","href":"https:\/\/api.w.org\/{rel}","templated":true}]}}