{"id":549,"date":"2017-11-27T20:38:31","date_gmt":"2017-11-27T19:38:31","guid":{"rendered":"http:\/\/orcq.be\/histoire\/wp-content\/uploads\/sites\/2\/2017\/11\/D\u00e9sir-Charles.jpg"},"modified":"2018-04-27T09:18:09","modified_gmt":"2018-04-27T07:18:09","slug":"desir-charles","status":"inherit","type":"attachment","link":"https:\/\/orcq.be\/histoire\/2018\/01\/19\/combattants-dorcq-de-guerre-14-18\/desir-charles\/","title":{"rendered":"D\u00e9sir Charles"},"author":2,"featured_media":0,"comment_status":"open","ping_status":"closed","template":"","meta":{"_monsterinsights_skip_tracking":false,"_monsterinsights_sitenote_active":false,"_monsterinsights_sitenote_note":"","_monsterinsights_sitenote_category":0},"class_list":["post-549","attachment","type-attachment","status-inherit","czr-hentry"],"yoast_head":"<!-- This site is optimized with the Yoast SEO plugin v27.5 - https:\/\/yoast.com\/product\/yoast-seo-wordpress\/ -->\n<title>D\u00e9sir Charles &#8226; ORCQ.be - L&#039;Histoire<\/title>\n<meta name=\"description\" content=\"N\u00e9 \u00e0 Orcq le 3 mai 1891, il \u00e9tait milicien de la classe 1911. Enr\u00f4l\u00e9 au 3\u00e8me chasseurs \u00e0 pied il se trouve comme Paul Delmotte (voir ci-dessus) aux environs de Kapelle op den Bos le 4 septembre 1914. Il est bless\u00e9 par \u00e9clats d\u2019obus aux deux jambes pr\u00e8s de la gare de Tisselt en battant en retraite. Il est amen\u00e9 \u00e0 l\u2019h\u00f4pital militaire d\u2019Anvers que l\u2019arm\u00e9e belge doit quitter peu apr\u00e8s en abandonnant les bless\u00e9s intransportables. Il est fait prisonnier par les Allemands mais en vertu de la convention de La Haye qui pr\u00e9voit que les grands bless\u00e9s en pays conquis doivent \u00eatre renvoy\u00e9s dans leurs foyers, il rentre chez lui le 11 mai 1915. Distinctions : CG avec palme, MC, MV, CF, Ordre L\u00e9opold II, 2 chevrons de front et 1 de blessure.\" \/>\n<meta name=\"robots\" content=\"index, follow, max-snippet:-1, max-image-preview:large, max-video-preview:-1\" \/>\n<link rel=\"canonical\" href=\"https:\/\/orcq.be\/histoire\/wp-content\/uploads\/sites\/2\/2017\/11\/D\u00e9sir-Charles.jpg\" \/>\n<meta property=\"og:locale\" content=\"fr_FR\" \/>\n<meta property=\"og:type\" content=\"article\" \/>\n<meta property=\"og:title\" content=\"D\u00e9sir Charles &#8226; ORCQ.be - L&#039;Histoire\" \/>\n<meta property=\"og:description\" content=\"N\u00e9 \u00e0 Orcq le 3 mai 1891, il \u00e9tait milicien de la classe 1911. Enr\u00f4l\u00e9 au 3\u00e8me chasseurs \u00e0 pied il se trouve comme Paul Delmotte (voir ci-dessus) aux environs de Kapelle op den Bos le 4 septembre 1914. Il est bless\u00e9 par \u00e9clats d\u2019obus aux deux jambes pr\u00e8s de la gare de Tisselt en battant en retraite. Il est amen\u00e9 \u00e0 l\u2019h\u00f4pital militaire d\u2019Anvers que l\u2019arm\u00e9e belge doit quitter peu apr\u00e8s en abandonnant les bless\u00e9s intransportables. Il est fait prisonnier par les Allemands mais en vertu de la convention de La Haye qui pr\u00e9voit que les grands bless\u00e9s en pays conquis doivent \u00eatre renvoy\u00e9s dans leurs foyers, il rentre chez lui le 11 mai 1915. Distinctions : CG avec palme, MC, MV, CF, Ordre L\u00e9opold II, 2 chevrons de front et 1 de blessure.\" \/>\n<meta property=\"og:url\" content=\"https:\/\/orcq.be\/histoire\/wp-content\/uploads\/sites\/2\/2017\/11\/D\u00e9sir-Charles.jpg\" \/>\n<meta property=\"og:site_name\" content=\"ORCQ.be - L&#039;Histoire\" \/>\n<meta property=\"article:publisher\" content=\"https:\/\/www.facebook.com\/villageorcq\" \/>\n<meta property=\"article:modified_time\" content=\"2018-04-27T07:18:09+00:00\" \/>\n<meta property=\"og:image\" content=\"https:\/\/orcq.be\/histoire\/wp-content\/uploads\/sites\/2\/2017\/11\/D\u00e9sir-Charles.jpg\" \/>\n\t<meta property=\"og:image:width\" content=\"190\" \/>\n\t<meta property=\"og:image:height\" content=\"240\" \/>\n\t<meta property=\"og:image:type\" content=\"image\/jpeg\" \/>\n<meta name=\"twitter:card\" content=\"summary_large_image\" \/>\n<meta name=\"twitter:label1\" content=\"Dur\u00e9e de lecture estim\u00e9e\" \/>\n\t<meta name=\"twitter:data1\" content=\"1 minute\" \/>\n<script type=\"application\/ld+json\" class=\"yoast-schema-graph\">{\"@context\":\"https:\\\/\\\/schema.org\",\"@graph\":[{\"@type\":\"WebPage\",\"@id\":\"https:\\\/\\\/orcq.be\\\/histoire\\\/wp-content\\\/uploads\\\/sites\\\/2\\\/2017\\\/11\\\/D\u00e9sir-Charles.jpg\",\"url\":\"https:\\\/\\\/orcq.be\\\/histoire\\\/wp-content\\\/uploads\\\/sites\\\/2\\\/2017\\\/11\\\/D\u00e9sir-Charles.jpg\",\"name\":\"D\u00e9sir Charles &#8226; ORCQ.be - L&#039;Histoire\",\"isPartOf\":{\"@id\":\"https:\\\/\\\/orcq.be\\\/histoire\\\/#website\"},\"datePublished\":\"2017-11-27T19:38:31+00:00\",\"dateModified\":\"2018-04-27T07:18:09+00:00\",\"description\":\"N\u00e9 \u00e0 Orcq le 3 mai 1891, il \u00e9tait milicien de la classe 1911. Enr\u00f4l\u00e9 au 3\u00e8me chasseurs \u00e0 pied il se trouve comme Paul Delmotte (voir ci-dessus) aux environs de Kapelle op den Bos le 4 septembre 1914. Il est bless\u00e9 par \u00e9clats d\u2019obus aux deux jambes pr\u00e8s de la gare de Tisselt en battant en retraite. Il est amen\u00e9 \u00e0 l\u2019h\u00f4pital militaire d\u2019Anvers que l\u2019arm\u00e9e belge doit quitter peu apr\u00e8s en abandonnant les bless\u00e9s intransportables. Il est fait prisonnier par les Allemands mais en vertu de la convention de La Haye qui pr\u00e9voit que les grands bless\u00e9s en pays conquis doivent \u00eatre renvoy\u00e9s dans leurs foyers, il rentre chez lui le 11 mai 1915. Distinctions : CG avec palme, MC, MV, CF, Ordre L\u00e9opold II, 2 chevrons de front et 1 de blessure.\",\"breadcrumb\":{\"@id\":\"https:\\\/\\\/orcq.be\\\/histoire\\\/wp-content\\\/uploads\\\/sites\\\/2\\\/2017\\\/11\\\/D\u00e9sir-Charles.jpg#breadcrumb\"},\"inLanguage\":\"fr-FR\",\"potentialAction\":[{\"@type\":\"ReadAction\",\"target\":[\"https:\\\/\\\/orcq.be\\\/histoire\\\/wp-content\\\/uploads\\\/sites\\\/2\\\/2017\\\/11\\\/D\u00e9sir-Charles.jpg\"]}]},{\"@type\":\"BreadcrumbList\",\"@id\":\"https:\\\/\\\/orcq.be\\\/histoire\\\/wp-content\\\/uploads\\\/sites\\\/2\\\/2017\\\/11\\\/D\u00e9sir-Charles.jpg#breadcrumb\",\"itemListElement\":[{\"@type\":\"ListItem\",\"position\":1,\"name\":\"Accueil\",\"item\":\"https:\\\/\\\/orcq.be\\\/histoire\\\/\"},{\"@type\":\"ListItem\",\"position\":2,\"name\":\"Combattants d&rsquo;Orcq de la guerre 14-18\",\"item\":\"https:\\\/\\\/orcq.be\\\/histoire\\\/2018\\\/01\\\/19\\\/combattants-dorcq-de-guerre-14-18\\\/\"},{\"@type\":\"ListItem\",\"position\":3,\"name\":\"D\u00e9sir Charles\"}]},{\"@type\":\"WebSite\",\"@id\":\"https:\\\/\\\/orcq.be\\\/histoire\\\/#website\",\"url\":\"https:\\\/\\\/orcq.be\\\/histoire\\\/\",\"name\":\"ORCQ.be - L&#039;Histoire\",\"description\":\"Histoire de Orcq\",\"potentialAction\":[{\"@type\":\"SearchAction\",\"target\":{\"@type\":\"EntryPoint\",\"urlTemplate\":\"https:\\\/\\\/orcq.be\\\/histoire\\\/?s={search_term_string}\"},\"query-input\":{\"@type\":\"PropertyValueSpecification\",\"valueRequired\":true,\"valueName\":\"search_term_string\"}}],\"inLanguage\":\"fr-FR\"}]}<\/script>\n<!-- \/ Yoast SEO plugin. -->","yoast_head_json":{"title":"D\u00e9sir Charles &#8226; ORCQ.be - L&#039;Histoire","description":"N\u00e9 \u00e0 Orcq le 3 mai 1891, il \u00e9tait milicien de la classe 1911. Enr\u00f4l\u00e9 au 3\u00e8me chasseurs \u00e0 pied il se trouve comme Paul Delmotte (voir ci-dessus) aux environs de Kapelle op den Bos le 4 septembre 1914. Il est bless\u00e9 par \u00e9clats d\u2019obus aux deux jambes pr\u00e8s de la gare de Tisselt en battant en retraite. Il est amen\u00e9 \u00e0 l\u2019h\u00f4pital militaire d\u2019Anvers que l\u2019arm\u00e9e belge doit quitter peu apr\u00e8s en abandonnant les bless\u00e9s intransportables. Il est fait prisonnier par les Allemands mais en vertu de la convention de La Haye qui pr\u00e9voit que les grands bless\u00e9s en pays conquis doivent \u00eatre renvoy\u00e9s dans leurs foyers, il rentre chez lui le 11 mai 1915. Distinctions : CG avec palme, MC, MV, CF, Ordre L\u00e9opold II, 2 chevrons de front et 1 de blessure.","robots":{"index":"index","follow":"follow","max-snippet":"max-snippet:-1","max-image-preview":"max-image-preview:large","max-video-preview":"max-video-preview:-1"},"canonical":"https:\/\/orcq.be\/histoire\/wp-content\/uploads\/sites\/2\/2017\/11\/D\u00e9sir-Charles.jpg","og_locale":"fr_FR","og_type":"article","og_title":"D\u00e9sir Charles &#8226; ORCQ.be - L&#039;Histoire","og_description":"N\u00e9 \u00e0 Orcq le 3 mai 1891, il \u00e9tait milicien de la classe 1911. Enr\u00f4l\u00e9 au 3\u00e8me chasseurs \u00e0 pied il se trouve comme Paul Delmotte (voir ci-dessus) aux environs de Kapelle op den Bos le 4 septembre 1914. Il est bless\u00e9 par \u00e9clats d\u2019obus aux deux jambes pr\u00e8s de la gare de Tisselt en battant en retraite. Il est amen\u00e9 \u00e0 l\u2019h\u00f4pital militaire d\u2019Anvers que l\u2019arm\u00e9e belge doit quitter peu apr\u00e8s en abandonnant les bless\u00e9s intransportables. Il est fait prisonnier par les Allemands mais en vertu de la convention de La Haye qui pr\u00e9voit que les grands bless\u00e9s en pays conquis doivent \u00eatre renvoy\u00e9s dans leurs foyers, il rentre chez lui le 11 mai 1915. Distinctions : CG avec palme, MC, MV, CF, Ordre L\u00e9opold II, 2 chevrons de front et 1 de blessure.","og_url":"https:\/\/orcq.be\/histoire\/wp-content\/uploads\/sites\/2\/2017\/11\/D\u00e9sir-Charles.jpg","og_site_name":"ORCQ.be - L&#039;Histoire","article_publisher":"https:\/\/www.facebook.com\/villageorcq","article_modified_time":"2018-04-27T07:18:09+00:00","og_image":[{"width":190,"height":240,"url":"https:\/\/orcq.be\/histoire\/wp-content\/uploads\/sites\/2\/2017\/11\/D\u00e9sir-Charles.jpg","type":"image\/jpeg"}],"twitter_card":"summary_large_image","twitter_misc":{"Dur\u00e9e de lecture estim\u00e9e":"1 minute"},"schema":{"@context":"https:\/\/schema.org","@graph":[{"@type":"WebPage","@id":"https:\/\/orcq.be\/histoire\/wp-content\/uploads\/sites\/2\/2017\/11\/D\u00e9sir-Charles.jpg","url":"https:\/\/orcq.be\/histoire\/wp-content\/uploads\/sites\/2\/2017\/11\/D\u00e9sir-Charles.jpg","name":"D\u00e9sir Charles &#8226; ORCQ.be - L&#039;Histoire","isPartOf":{"@id":"https:\/\/orcq.be\/histoire\/#website"},"datePublished":"2017-11-27T19:38:31+00:00","dateModified":"2018-04-27T07:18:09+00:00","description":"N\u00e9 \u00e0 Orcq le 3 mai 1891, il \u00e9tait milicien de la classe 1911. Enr\u00f4l\u00e9 au 3\u00e8me chasseurs \u00e0 pied il se trouve comme Paul Delmotte (voir ci-dessus) aux environs de Kapelle op den Bos le 4 septembre 1914. Il est bless\u00e9 par \u00e9clats d\u2019obus aux deux jambes pr\u00e8s de la gare de Tisselt en battant en retraite. Il est amen\u00e9 \u00e0 l\u2019h\u00f4pital militaire d\u2019Anvers que l\u2019arm\u00e9e belge doit quitter peu apr\u00e8s en abandonnant les bless\u00e9s intransportables. Il est fait prisonnier par les Allemands mais en vertu de la convention de La Haye qui pr\u00e9voit que les grands bless\u00e9s en pays conquis doivent \u00eatre renvoy\u00e9s dans leurs foyers, il rentre chez lui le 11 mai 1915. Distinctions : CG avec palme, MC, MV, CF, Ordre L\u00e9opold II, 2 chevrons de front et 1 de blessure.","breadcrumb":{"@id":"https:\/\/orcq.be\/histoire\/wp-content\/uploads\/sites\/2\/2017\/11\/D\u00e9sir-Charles.jpg#breadcrumb"},"inLanguage":"fr-FR","potentialAction":[{"@type":"ReadAction","target":["https:\/\/orcq.be\/histoire\/wp-content\/uploads\/sites\/2\/2017\/11\/D\u00e9sir-Charles.jpg"]}]},{"@type":"BreadcrumbList","@id":"https:\/\/orcq.be\/histoire\/wp-content\/uploads\/sites\/2\/2017\/11\/D\u00e9sir-Charles.jpg#breadcrumb","itemListElement":[{"@type":"ListItem","position":1,"name":"Accueil","item":"https:\/\/orcq.be\/histoire\/"},{"@type":"ListItem","position":2,"name":"Combattants d&rsquo;Orcq de la guerre 14-18","item":"https:\/\/orcq.be\/histoire\/2018\/01\/19\/combattants-dorcq-de-guerre-14-18\/"},{"@type":"ListItem","position":3,"name":"D\u00e9sir Charles"}]},{"@type":"WebSite","@id":"https:\/\/orcq.be\/histoire\/#website","url":"https:\/\/orcq.be\/histoire\/","name":"ORCQ.be - L&#039;Histoire","description":"Histoire de Orcq","potentialAction":[{"@type":"SearchAction","target":{"@type":"EntryPoint","urlTemplate":"https:\/\/orcq.be\/histoire\/?s={search_term_string}"},"query-input":{"@type":"PropertyValueSpecification","valueRequired":true,"valueName":"search_term_string"}}],"inLanguage":"fr-FR"}]}},"description":{"rendered":"<p class=\"attachment\"><a class=\"grouped_elements\" rel=\"tc-fancybox-group\" href=\"https:\/\/orcq.be\/histoire\/wp-content\/uploads\/sites\/2\/2017\/11\/D\u00e9sir-Charles.jpg\" title=\"D\u00e9sir Charles\"><img loading=\"lazy\" decoding=\"async\" width=\"190\" height=\"240\" src=\"https:\/\/orcq.be\/histoire\/wp-content\/uploads\/sites\/2\/2017\/11\/D\u00e9sir-Charles.jpg\" class=\"attachment-medium size-medium\" alt=\"\" \/><\/a><\/p>\n<p>N\u00e9 \u00e0 Orcq le 3 mai 1891, il \u00e9tait milicien de la classe 1911. Enr\u00f4l\u00e9 au 3\u00e8me chasseurs \u00e0 pied il se trouve comme Paul Delmotte (voir ci-dessus) aux environs de Kapelle op den Bos le 4 septembre 1914. Il est bless\u00e9 par \u00e9clats d\u2019obus aux deux jambes pr\u00e8s de la gare de Tisselt en battant en retraite. Il est amen\u00e9 \u00e0 l\u2019h\u00f4pital militaire d\u2019Anvers que l\u2019arm\u00e9e belge doit quitter peu apr\u00e8s en abandonnant les bless\u00e9s intransportables. Il est fait prisonnier par les Allemands mais en vertu de la convention de La Haye qui pr\u00e9voit que les grands bless\u00e9s en pays conquis doivent \u00eatre renvoy\u00e9s dans leurs foyers, il rentre chez lui le 11 mai 1915.<\/p>\n<p>Distinctions : CG avec palme, MC, MV, CF, Ordre L\u00e9opold II, 2 chevrons de front et 1 de blessure.<\/p>\n"},"caption":{"rendered":"<p>N\u00e9 \u00e0 Orcq le 3 mai 1891, il \u00e9tait milicien de la classe 1911. Enr\u00f4l\u00e9 au 3\u00e8me chasseurs \u00e0 pied il se trouve comme Paul Delmotte (voir ci-dessus) aux environs de Kapelle op den Bos le 4 septembre 1914. Il est bless\u00e9 par \u00e9clats d\u2019obus aux deux jambes pr\u00e8s de la gare de Tisselt en [&hellip;]<\/p>\n"},"alt_text":"D\u00e9sir Charles","media_type":"image","mime_type":"image\/jpeg","media_details":{"width":190,"height":240,"file":"2017\/11\/D\u00e9sir-Charles.jpg","sizes":{"thumbnail":{"file":"D\u00e9sir-Charles-150x150.jpg","width":150,"height":150,"mime_type":"image\/jpeg","source_url":"https:\/\/orcq.be\/histoire\/wp-content\/uploads\/sites\/2\/2017\/11\/D\u00e9sir-Charles-150x150.jpg"},"full":{"file":"D\u00e9sir-Charles.jpg","width":190,"height":240,"mime_type":"image\/jpeg","source_url":"https:\/\/orcq.be\/histoire\/wp-content\/uploads\/sites\/2\/2017\/11\/D\u00e9sir-Charles.jpg"}},"image_meta":{"aperture":"0","credit":"","camera":"","caption":"","created_timestamp":"0","copyright":"","focal_length":"0","iso":"0","shutter_speed":"0","title":"","orientation":"0","keywords":[]}},"post":545,"source_url":"https:\/\/orcq.be\/histoire\/wp-content\/uploads\/sites\/2\/2017\/11\/D\u00e9sir-Charles.jpg","_links":{"self":[{"href":"https:\/\/orcq.be\/histoire\/wp-json\/wp\/v2\/media\/549","targetHints":{"allow":["GET"]}}],"collection":[{"href":"https:\/\/orcq.be\/histoire\/wp-json\/wp\/v2\/media"}],"about":[{"href":"https:\/\/orcq.be\/histoire\/wp-json\/wp\/v2\/types\/attachment"}],"author":[{"embeddable":true,"href":"https:\/\/orcq.be\/histoire\/wp-json\/wp\/v2\/users\/2"}],"replies":[{"embeddable":true,"href":"https:\/\/orcq.be\/histoire\/wp-json\/wp\/v2\/comments?post=549"}],"wp:attached-to":[{"embeddable":true,"post_type":"post","id":545,"href":"https:\/\/orcq.be\/histoire\/wp-json\/wp\/v2\/posts\/545"}],"curies":[{"name":"wp","href":"https:\/\/api.w.org\/{rel}","templated":true}]}}