{"id":555,"date":"2017-11-27T20:38:36","date_gmt":"2017-11-27T19:38:36","guid":{"rendered":"http:\/\/orcq.be\/histoire\/wp-content\/uploads\/sites\/2\/2017\/11\/Leturcq-L\u00e9on.jpg"},"modified":"2018-04-27T09:12:33","modified_gmt":"2018-04-27T07:12:33","slug":"leturcq-leon","status":"inherit","type":"attachment","link":"https:\/\/orcq.be\/histoire\/2018\/01\/19\/combattants-dorcq-de-guerre-14-18\/leturcq-leon\/","title":{"rendered":"Leturcq L\u00e9on"},"author":2,"featured_media":0,"comment_status":"open","ping_status":"closed","template":"","meta":{"_monsterinsights_skip_tracking":false,"_monsterinsights_sitenote_active":false,"_monsterinsights_sitenote_note":"","_monsterinsights_sitenote_category":0},"class_list":["post-555","attachment","type-attachment","status-inherit","czr-hentry"],"yoast_head":"<!-- This site is optimized with the Yoast SEO plugin v27.5 - https:\/\/yoast.com\/product\/yoast-seo-wordpress\/ -->\n<title>Leturcq L\u00e9on &#8226; ORCQ.be - L&#039;Histoire<\/title>\n<meta name=\"description\" content=\"Il est n\u00e9 \u00e0 Bury le 20 d\u00e9cembre 1891, nous le citons ici parce qu\u2019il a exer\u00e7\u00e9 parall\u00e8lement \u00e0 son m\u00e9tier d\u2019entrepreneur les fonctions de secr\u00e9taire communal d\u2019Orcq de 1925 \u00e0 1955 (dates \u00e0 confirmer) Il appartenait au 3\u00e8me chasseurs \u00e0 pied et a servi \u00e0 partir du 28 d\u00e9cembre 1916 au premier r\u00e9giment de ligne. En date du 25 avril 1915 et jusqu\u2019\u00e0 la fin de la guerre il a \u00e9t\u00e9 affect\u00e9 \u00e0 l\u2019\u00e9tat major. Il a \u00e9t\u00e9 gaz\u00e9, la premi\u00e8re utilisation de gaz par les Allemands datant du 22 avril 1915, c\u2019est peut-\u00eatre suite \u00e0 cela qu\u2019il a \u00e9t\u00e9 mut\u00e9 \u00e0 l\u2019\u00e9tat major. Distinctions : CG avec palme, MC, MV, MY, CF, Ordre de la couronne et L\u00e9opold II, M\u00e9daille militaire 8 chevrons de front\" \/>\n<meta name=\"robots\" content=\"index, follow, max-snippet:-1, max-image-preview:large, max-video-preview:-1\" \/>\n<link rel=\"canonical\" href=\"https:\/\/orcq.be\/histoire\/wp-content\/uploads\/sites\/2\/2017\/11\/Leturcq-L\u00e9on.jpg\" \/>\n<meta property=\"og:locale\" content=\"fr_FR\" \/>\n<meta property=\"og:type\" content=\"article\" \/>\n<meta property=\"og:title\" content=\"Leturcq L\u00e9on &#8226; ORCQ.be - L&#039;Histoire\" \/>\n<meta property=\"og:description\" content=\"Il est n\u00e9 \u00e0 Bury le 20 d\u00e9cembre 1891, nous le citons ici parce qu\u2019il a exer\u00e7\u00e9 parall\u00e8lement \u00e0 son m\u00e9tier d\u2019entrepreneur les fonctions de secr\u00e9taire communal d\u2019Orcq de 1925 \u00e0 1955 (dates \u00e0 confirmer) Il appartenait au 3\u00e8me chasseurs \u00e0 pied et a servi \u00e0 partir du 28 d\u00e9cembre 1916 au premier r\u00e9giment de ligne. En date du 25 avril 1915 et jusqu\u2019\u00e0 la fin de la guerre il a \u00e9t\u00e9 affect\u00e9 \u00e0 l\u2019\u00e9tat major. Il a \u00e9t\u00e9 gaz\u00e9, la premi\u00e8re utilisation de gaz par les Allemands datant du 22 avril 1915, c\u2019est peut-\u00eatre suite \u00e0 cela qu\u2019il a \u00e9t\u00e9 mut\u00e9 \u00e0 l\u2019\u00e9tat major. Distinctions : CG avec palme, MC, MV, MY, CF, Ordre de la couronne et L\u00e9opold II, M\u00e9daille militaire 8 chevrons de front\" \/>\n<meta property=\"og:url\" content=\"https:\/\/orcq.be\/histoire\/wp-content\/uploads\/sites\/2\/2017\/11\/Leturcq-L\u00e9on.jpg\" \/>\n<meta property=\"og:site_name\" content=\"ORCQ.be - L&#039;Histoire\" \/>\n<meta property=\"article:publisher\" content=\"https:\/\/www.facebook.com\/villageorcq\" \/>\n<meta property=\"article:modified_time\" content=\"2018-04-27T07:12:33+00:00\" \/>\n<meta property=\"og:image\" content=\"https:\/\/orcq.be\/histoire\/wp-content\/uploads\/sites\/2\/2017\/11\/Leturcq-L\u00e9on.jpg\" \/>\n\t<meta property=\"og:image:width\" content=\"195\" \/>\n\t<meta property=\"og:image:height\" content=\"240\" \/>\n\t<meta property=\"og:image:type\" content=\"image\/jpeg\" \/>\n<meta name=\"twitter:card\" content=\"summary_large_image\" \/>\n<meta name=\"twitter:label1\" content=\"Dur\u00e9e de lecture estim\u00e9e\" \/>\n\t<meta name=\"twitter:data1\" content=\"1 minute\" \/>\n<script type=\"application\/ld+json\" class=\"yoast-schema-graph\">{\"@context\":\"https:\\\/\\\/schema.org\",\"@graph\":[{\"@type\":\"WebPage\",\"@id\":\"https:\\\/\\\/orcq.be\\\/histoire\\\/wp-content\\\/uploads\\\/sites\\\/2\\\/2017\\\/11\\\/Leturcq-L\u00e9on.jpg\",\"url\":\"https:\\\/\\\/orcq.be\\\/histoire\\\/wp-content\\\/uploads\\\/sites\\\/2\\\/2017\\\/11\\\/Leturcq-L\u00e9on.jpg\",\"name\":\"Leturcq L\u00e9on &#8226; ORCQ.be - L&#039;Histoire\",\"isPartOf\":{\"@id\":\"https:\\\/\\\/orcq.be\\\/histoire\\\/#website\"},\"datePublished\":\"2017-11-27T19:38:36+00:00\",\"dateModified\":\"2018-04-27T07:12:33+00:00\",\"description\":\"Il est n\u00e9 \u00e0 Bury le 20 d\u00e9cembre 1891, nous le citons ici parce qu\u2019il a exer\u00e7\u00e9 parall\u00e8lement \u00e0 son m\u00e9tier d\u2019entrepreneur les fonctions de secr\u00e9taire communal d\u2019Orcq de 1925 \u00e0 1955 (dates \u00e0 confirmer) Il appartenait au 3\u00e8me chasseurs \u00e0 pied et a servi \u00e0 partir du 28 d\u00e9cembre 1916 au premier r\u00e9giment de ligne. En date du 25 avril 1915 et jusqu\u2019\u00e0 la fin de la guerre il a \u00e9t\u00e9 affect\u00e9 \u00e0 l\u2019\u00e9tat major. Il a \u00e9t\u00e9 gaz\u00e9, la premi\u00e8re utilisation de gaz par les Allemands datant du 22 avril 1915, c\u2019est peut-\u00eatre suite \u00e0 cela qu\u2019il a \u00e9t\u00e9 mut\u00e9 \u00e0 l\u2019\u00e9tat major. Distinctions : CG avec palme, MC, MV, MY, CF, Ordre de la couronne et L\u00e9opold II, M\u00e9daille militaire 8 chevrons de front\",\"breadcrumb\":{\"@id\":\"https:\\\/\\\/orcq.be\\\/histoire\\\/wp-content\\\/uploads\\\/sites\\\/2\\\/2017\\\/11\\\/Leturcq-L\u00e9on.jpg#breadcrumb\"},\"inLanguage\":\"fr-FR\",\"potentialAction\":[{\"@type\":\"ReadAction\",\"target\":[\"https:\\\/\\\/orcq.be\\\/histoire\\\/wp-content\\\/uploads\\\/sites\\\/2\\\/2017\\\/11\\\/Leturcq-L\u00e9on.jpg\"]}]},{\"@type\":\"BreadcrumbList\",\"@id\":\"https:\\\/\\\/orcq.be\\\/histoire\\\/wp-content\\\/uploads\\\/sites\\\/2\\\/2017\\\/11\\\/Leturcq-L\u00e9on.jpg#breadcrumb\",\"itemListElement\":[{\"@type\":\"ListItem\",\"position\":1,\"name\":\"Accueil\",\"item\":\"https:\\\/\\\/orcq.be\\\/histoire\\\/\"},{\"@type\":\"ListItem\",\"position\":2,\"name\":\"Combattants d&rsquo;Orcq de la guerre 14-18\",\"item\":\"https:\\\/\\\/orcq.be\\\/histoire\\\/2018\\\/01\\\/19\\\/combattants-dorcq-de-guerre-14-18\\\/\"},{\"@type\":\"ListItem\",\"position\":3,\"name\":\"Leturcq L\u00e9on\"}]},{\"@type\":\"WebSite\",\"@id\":\"https:\\\/\\\/orcq.be\\\/histoire\\\/#website\",\"url\":\"https:\\\/\\\/orcq.be\\\/histoire\\\/\",\"name\":\"ORCQ.be - L&#039;Histoire\",\"description\":\"Histoire de Orcq\",\"potentialAction\":[{\"@type\":\"SearchAction\",\"target\":{\"@type\":\"EntryPoint\",\"urlTemplate\":\"https:\\\/\\\/orcq.be\\\/histoire\\\/?s={search_term_string}\"},\"query-input\":{\"@type\":\"PropertyValueSpecification\",\"valueRequired\":true,\"valueName\":\"search_term_string\"}}],\"inLanguage\":\"fr-FR\"}]}<\/script>\n<!-- \/ Yoast SEO plugin. -->","yoast_head_json":{"title":"Leturcq L\u00e9on &#8226; ORCQ.be - L&#039;Histoire","description":"Il est n\u00e9 \u00e0 Bury le 20 d\u00e9cembre 1891, nous le citons ici parce qu\u2019il a exer\u00e7\u00e9 parall\u00e8lement \u00e0 son m\u00e9tier d\u2019entrepreneur les fonctions de secr\u00e9taire communal d\u2019Orcq de 1925 \u00e0 1955 (dates \u00e0 confirmer) Il appartenait au 3\u00e8me chasseurs \u00e0 pied et a servi \u00e0 partir du 28 d\u00e9cembre 1916 au premier r\u00e9giment de ligne. En date du 25 avril 1915 et jusqu\u2019\u00e0 la fin de la guerre il a \u00e9t\u00e9 affect\u00e9 \u00e0 l\u2019\u00e9tat major. Il a \u00e9t\u00e9 gaz\u00e9, la premi\u00e8re utilisation de gaz par les Allemands datant du 22 avril 1915, c\u2019est peut-\u00eatre suite \u00e0 cela qu\u2019il a \u00e9t\u00e9 mut\u00e9 \u00e0 l\u2019\u00e9tat major. Distinctions : CG avec palme, MC, MV, MY, CF, Ordre de la couronne et L\u00e9opold II, M\u00e9daille militaire 8 chevrons de front","robots":{"index":"index","follow":"follow","max-snippet":"max-snippet:-1","max-image-preview":"max-image-preview:large","max-video-preview":"max-video-preview:-1"},"canonical":"https:\/\/orcq.be\/histoire\/wp-content\/uploads\/sites\/2\/2017\/11\/Leturcq-L\u00e9on.jpg","og_locale":"fr_FR","og_type":"article","og_title":"Leturcq L\u00e9on &#8226; ORCQ.be - L&#039;Histoire","og_description":"Il est n\u00e9 \u00e0 Bury le 20 d\u00e9cembre 1891, nous le citons ici parce qu\u2019il a exer\u00e7\u00e9 parall\u00e8lement \u00e0 son m\u00e9tier d\u2019entrepreneur les fonctions de secr\u00e9taire communal d\u2019Orcq de 1925 \u00e0 1955 (dates \u00e0 confirmer) Il appartenait au 3\u00e8me chasseurs \u00e0 pied et a servi \u00e0 partir du 28 d\u00e9cembre 1916 au premier r\u00e9giment de ligne. En date du 25 avril 1915 et jusqu\u2019\u00e0 la fin de la guerre il a \u00e9t\u00e9 affect\u00e9 \u00e0 l\u2019\u00e9tat major. Il a \u00e9t\u00e9 gaz\u00e9, la premi\u00e8re utilisation de gaz par les Allemands datant du 22 avril 1915, c\u2019est peut-\u00eatre suite \u00e0 cela qu\u2019il a \u00e9t\u00e9 mut\u00e9 \u00e0 l\u2019\u00e9tat major. Distinctions : CG avec palme, MC, MV, MY, CF, Ordre de la couronne et L\u00e9opold II, M\u00e9daille militaire 8 chevrons de front","og_url":"https:\/\/orcq.be\/histoire\/wp-content\/uploads\/sites\/2\/2017\/11\/Leturcq-L\u00e9on.jpg","og_site_name":"ORCQ.be - L&#039;Histoire","article_publisher":"https:\/\/www.facebook.com\/villageorcq","article_modified_time":"2018-04-27T07:12:33+00:00","og_image":[{"width":195,"height":240,"url":"https:\/\/orcq.be\/histoire\/wp-content\/uploads\/sites\/2\/2017\/11\/Leturcq-L\u00e9on.jpg","type":"image\/jpeg"}],"twitter_card":"summary_large_image","twitter_misc":{"Dur\u00e9e de lecture estim\u00e9e":"1 minute"},"schema":{"@context":"https:\/\/schema.org","@graph":[{"@type":"WebPage","@id":"https:\/\/orcq.be\/histoire\/wp-content\/uploads\/sites\/2\/2017\/11\/Leturcq-L\u00e9on.jpg","url":"https:\/\/orcq.be\/histoire\/wp-content\/uploads\/sites\/2\/2017\/11\/Leturcq-L\u00e9on.jpg","name":"Leturcq L\u00e9on &#8226; ORCQ.be - L&#039;Histoire","isPartOf":{"@id":"https:\/\/orcq.be\/histoire\/#website"},"datePublished":"2017-11-27T19:38:36+00:00","dateModified":"2018-04-27T07:12:33+00:00","description":"Il est n\u00e9 \u00e0 Bury le 20 d\u00e9cembre 1891, nous le citons ici parce qu\u2019il a exer\u00e7\u00e9 parall\u00e8lement \u00e0 son m\u00e9tier d\u2019entrepreneur les fonctions de secr\u00e9taire communal d\u2019Orcq de 1925 \u00e0 1955 (dates \u00e0 confirmer) Il appartenait au 3\u00e8me chasseurs \u00e0 pied et a servi \u00e0 partir du 28 d\u00e9cembre 1916 au premier r\u00e9giment de ligne. En date du 25 avril 1915 et jusqu\u2019\u00e0 la fin de la guerre il a \u00e9t\u00e9 affect\u00e9 \u00e0 l\u2019\u00e9tat major. Il a \u00e9t\u00e9 gaz\u00e9, la premi\u00e8re utilisation de gaz par les Allemands datant du 22 avril 1915, c\u2019est peut-\u00eatre suite \u00e0 cela qu\u2019il a \u00e9t\u00e9 mut\u00e9 \u00e0 l\u2019\u00e9tat major. Distinctions : CG avec palme, MC, MV, MY, CF, Ordre de la couronne et L\u00e9opold II, M\u00e9daille militaire 8 chevrons de front","breadcrumb":{"@id":"https:\/\/orcq.be\/histoire\/wp-content\/uploads\/sites\/2\/2017\/11\/Leturcq-L\u00e9on.jpg#breadcrumb"},"inLanguage":"fr-FR","potentialAction":[{"@type":"ReadAction","target":["https:\/\/orcq.be\/histoire\/wp-content\/uploads\/sites\/2\/2017\/11\/Leturcq-L\u00e9on.jpg"]}]},{"@type":"BreadcrumbList","@id":"https:\/\/orcq.be\/histoire\/wp-content\/uploads\/sites\/2\/2017\/11\/Leturcq-L\u00e9on.jpg#breadcrumb","itemListElement":[{"@type":"ListItem","position":1,"name":"Accueil","item":"https:\/\/orcq.be\/histoire\/"},{"@type":"ListItem","position":2,"name":"Combattants d&rsquo;Orcq de la guerre 14-18","item":"https:\/\/orcq.be\/histoire\/2018\/01\/19\/combattants-dorcq-de-guerre-14-18\/"},{"@type":"ListItem","position":3,"name":"Leturcq L\u00e9on"}]},{"@type":"WebSite","@id":"https:\/\/orcq.be\/histoire\/#website","url":"https:\/\/orcq.be\/histoire\/","name":"ORCQ.be - L&#039;Histoire","description":"Histoire de Orcq","potentialAction":[{"@type":"SearchAction","target":{"@type":"EntryPoint","urlTemplate":"https:\/\/orcq.be\/histoire\/?s={search_term_string}"},"query-input":{"@type":"PropertyValueSpecification","valueRequired":true,"valueName":"search_term_string"}}],"inLanguage":"fr-FR"}]}},"description":{"rendered":"<p class=\"attachment\"><a class=\"grouped_elements\" rel=\"tc-fancybox-group\" href=\"https:\/\/orcq.be\/histoire\/wp-content\/uploads\/sites\/2\/2017\/11\/Leturcq-L\u00e9on.jpg\" title=\"Leturcq L\u00e9on\"><img loading=\"lazy\" decoding=\"async\" width=\"195\" height=\"240\" src=\"https:\/\/orcq.be\/histoire\/wp-content\/uploads\/sites\/2\/2017\/11\/Leturcq-L\u00e9on.jpg\" class=\"attachment-medium size-medium\" alt=\"\" \/><\/a><\/p>\n<p>Il est n\u00e9 \u00e0 Bury le 20 d\u00e9cembre 1891, nous le citons ici parce qu\u2019il a exer\u00e7\u00e9 parall\u00e8lement \u00e0 son m\u00e9tier d\u2019entrepreneur les fonctions de secr\u00e9taire communal d\u2019Orcq de 1925 \u00e0 1955 (dates \u00e0 confirmer)<\/p>\n<p>Il appartenait au 3\u00e8me chasseurs \u00e0 pied et a servi \u00e0 partir du 28 d\u00e9cembre 1916 au premier r\u00e9giment de ligne. En date du 25 avril 1915 et jusqu\u2019\u00e0 la fin de la guerre il a \u00e9t\u00e9 affect\u00e9 \u00e0 l\u2019\u00e9tat major. Il a \u00e9t\u00e9 gaz\u00e9, la premi\u00e8re utilisation de gaz par les Allemands datant du 22 avril 1915, c\u2019est peut-\u00eatre suite \u00e0 cela qu\u2019il a \u00e9t\u00e9 mut\u00e9 \u00e0 l\u2019\u00e9tat major.<\/p>\n<p>Distinctions : CG avec palme, MC, MV, MY, CF, Ordre de la couronne et L\u00e9opold II, M\u00e9daille militaire 8 chevrons de front<\/p>\n"},"caption":{"rendered":"<p>Il est n\u00e9 \u00e0 Bury le 20 d\u00e9cembre 1891, nous le citons ici parce qu\u2019il a exer\u00e7\u00e9 parall\u00e8lement \u00e0 son m\u00e9tier d\u2019entrepreneur les fonctions de secr\u00e9taire communal d\u2019Orcq de 1925 \u00e0 1955 (dates \u00e0 confirmer) Il appartenait au 3\u00e8me chasseurs \u00e0 pied et a servi \u00e0 partir du 28 d\u00e9cembre 1916 au premier r\u00e9giment de [&hellip;]<\/p>\n"},"alt_text":"Leturcq L\u00e9on","media_type":"image","mime_type":"image\/jpeg","media_details":{"width":195,"height":240,"file":"2017\/11\/Leturcq-L\u00e9on.jpg","sizes":{"thumbnail":{"file":"Leturcq-L\u00e9on-150x150.jpg","width":150,"height":150,"mime_type":"image\/jpeg","source_url":"https:\/\/orcq.be\/histoire\/wp-content\/uploads\/sites\/2\/2017\/11\/Leturcq-L\u00e9on-150x150.jpg"},"full":{"file":"Leturcq-L\u00e9on.jpg","width":195,"height":240,"mime_type":"image\/jpeg","source_url":"https:\/\/orcq.be\/histoire\/wp-content\/uploads\/sites\/2\/2017\/11\/Leturcq-L\u00e9on.jpg"}},"image_meta":{"aperture":"0","credit":"","camera":"","caption":"","created_timestamp":"0","copyright":"","focal_length":"0","iso":"0","shutter_speed":"0","title":"","orientation":"0","keywords":[]}},"post":545,"source_url":"https:\/\/orcq.be\/histoire\/wp-content\/uploads\/sites\/2\/2017\/11\/Leturcq-L\u00e9on.jpg","_links":{"self":[{"href":"https:\/\/orcq.be\/histoire\/wp-json\/wp\/v2\/media\/555","targetHints":{"allow":["GET"]}}],"collection":[{"href":"https:\/\/orcq.be\/histoire\/wp-json\/wp\/v2\/media"}],"about":[{"href":"https:\/\/orcq.be\/histoire\/wp-json\/wp\/v2\/types\/attachment"}],"author":[{"embeddable":true,"href":"https:\/\/orcq.be\/histoire\/wp-json\/wp\/v2\/users\/2"}],"replies":[{"embeddable":true,"href":"https:\/\/orcq.be\/histoire\/wp-json\/wp\/v2\/comments?post=555"}],"wp:attached-to":[{"embeddable":true,"post_type":"post","id":545,"href":"https:\/\/orcq.be\/histoire\/wp-json\/wp\/v2\/posts\/545"}],"curies":[{"name":"wp","href":"https:\/\/api.w.org\/{rel}","templated":true}]}}