{"id":557,"date":"2017-11-27T20:38:37","date_gmt":"2017-11-27T19:38:37","guid":{"rendered":"http:\/\/orcq.be\/histoire\/wp-content\/uploads\/sites\/2\/2017\/11\/Louis-Trifin-Pierre-Goeminne-et-Victor-Hovine.jpg"},"modified":"2020-12-28T17:07:26","modified_gmt":"2020-12-28T16:07:26","slug":"louis-trifin-pierre-goeminne-et-victor-hovine","status":"inherit","type":"attachment","link":"https:\/\/orcq.be\/histoire\/2018\/01\/19\/combattants-dorcq-de-guerre-14-18\/louis-trifin-pierre-goeminne-et-victor-hovine\/","title":{"rendered":"Louis Trifin, Pierre Goeminne et Victor Hovine"},"author":2,"featured_media":0,"comment_status":"open","ping_status":"closed","template":"","meta":{"_monsterinsights_skip_tracking":false,"_monsterinsights_sitenote_active":false,"_monsterinsights_sitenote_note":"","_monsterinsights_sitenote_category":0},"class_list":["post-557","attachment","type-attachment","status-inherit","czr-hentry"],"yoast_head":"<!-- This site is optimized with the Yoast SEO plugin v27.5 - https:\/\/yoast.com\/product\/yoast-seo-wordpress\/ -->\n<title>Louis Trifin, Pierre Goeminne et Victor Hovine &#8226; ORCQ.be - L&#039;Histoire<\/title>\n<meta name=\"description\" content=\"N\u00e9 \u00e0 Orcq le 27 juin 1893, il \u00e9tait le fils de Louis Antoine originaire de Flobecq et de Irma Del\u00e9pine originaire de Bury. Il \u00e9tait l\u2019a\u00een\u00e9 de cinq gar\u00e7ons dont trois sont morts en bas \u00e2ge. Il a exerc\u00e9 les m\u00e9tiers de berger et d\u2019agriculteur dans sa ferme situ\u00e9e sur la place d\u2019Orcq et qui est actuellement la propri\u00e9t\u00e9 des \u00e9poux Clarysse. D\u2019un premier mariage avec Jeanne Adam il a eu trois enfants dont Odon qui fut \u00e9chevin d\u2019Orcq et pr\u00e9sident du CPAS de Tournai et d\u2019un second avec Louise Pottier deux enfants dont Roberte qui habite Orcq, \u00e9pouse de Willy M\u00e9n\u00e9d\u00e8me. Il est d\u00e9c\u00e9d\u00e9 \u00e0 Orcq le 9 f\u00e9vrier 1966. Il \u00e9tait soldat au troisi\u00e8me r\u00e9giment de chasseurs \u00e0 pieds. Il fut bless\u00e9 en juillet 1915. Voici ce qu\u2019en dit son sup\u00e9rieur hi\u00e9rarchique: \u00ab Le soldat Trifin a \u00e9t\u00e9 bless\u00e9 dans mon abri \u00e0 Dixmude le 8 juillet 1915 pat \u00e9clats d\u2019obus. Trifin a servi sous mes ordres \u00e0 la 2\/II 3\u00e8me ch, il a toujours \u00e9t\u00e9 un soldat d\u2019une conduite et d\u2019un courage exemplaires \u00bb Les \u00e9clats l\u2019ont frapp\u00e9 \u00e0 la face et caus\u00e9 une mutilation du squelette nasal. Il fut d\u2019abord amen\u00e9 \u00e0 l\u2019h\u00f4pital de la Panne puis dans diff\u00e9rents h\u00f4pitaux fran\u00e7ais et dut rester plusieurs mois \u00e0 l\u2019abri de la lumi\u00e8re Il termina son p\u00e9riple \u00e0 l\u2019h\u00f4pital du Havre. C\u2019est l\u00e0 qu\u2019il rencontra celle qui devint sa premi\u00e8re \u00e9pouse. Au front il recevait r\u00e9guli\u00e8rement des colis de la famille Crombez dont une paire de cuissardes qui lui fut d\u2019une grande utilit\u00e9 dans la plaine de l\u2019Yser o\u00f9 les tranch\u00e9es \u00e9taient souvent sous eau.\" \/>\n<meta name=\"robots\" content=\"index, follow, max-snippet:-1, max-image-preview:large, max-video-preview:-1\" \/>\n<link rel=\"canonical\" href=\"https:\/\/orcq.be\/histoire\/wp-content\/uploads\/sites\/2\/2017\/11\/Louis-Trifin-Pierre-Goeminne-et-Victor-Hovine.jpg\" \/>\n<meta property=\"og:locale\" content=\"fr_FR\" \/>\n<meta property=\"og:type\" content=\"article\" \/>\n<meta property=\"og:title\" content=\"Louis Trifin, Pierre Goeminne et Victor Hovine &#8226; ORCQ.be - L&#039;Histoire\" \/>\n<meta property=\"og:description\" content=\"N\u00e9 \u00e0 Orcq le 27 juin 1893, il \u00e9tait le fils de Louis Antoine originaire de Flobecq et de Irma Del\u00e9pine originaire de Bury. Il \u00e9tait l\u2019a\u00een\u00e9 de cinq gar\u00e7ons dont trois sont morts en bas \u00e2ge. Il a exerc\u00e9 les m\u00e9tiers de berger et d\u2019agriculteur dans sa ferme situ\u00e9e sur la place d\u2019Orcq et qui est actuellement la propri\u00e9t\u00e9 des \u00e9poux Clarysse. D\u2019un premier mariage avec Jeanne Adam il a eu trois enfants dont Odon qui fut \u00e9chevin d\u2019Orcq et pr\u00e9sident du CPAS de Tournai et d\u2019un second avec Louise Pottier deux enfants dont Roberte qui habite Orcq, \u00e9pouse de Willy M\u00e9n\u00e9d\u00e8me. Il est d\u00e9c\u00e9d\u00e9 \u00e0 Orcq le 9 f\u00e9vrier 1966. Il \u00e9tait soldat au troisi\u00e8me r\u00e9giment de chasseurs \u00e0 pieds. Il fut bless\u00e9 en juillet 1915. Voici ce qu\u2019en dit son sup\u00e9rieur hi\u00e9rarchique: \u00ab Le soldat Trifin a \u00e9t\u00e9 bless\u00e9 dans mon abri \u00e0 Dixmude le 8 juillet 1915 pat \u00e9clats d\u2019obus. Trifin a servi sous mes ordres \u00e0 la 2\/II 3\u00e8me ch, il a toujours \u00e9t\u00e9 un soldat d\u2019une conduite et d\u2019un courage exemplaires \u00bb Les \u00e9clats l\u2019ont frapp\u00e9 \u00e0 la face et caus\u00e9 une mutilation du squelette nasal. Il fut d\u2019abord amen\u00e9 \u00e0 l\u2019h\u00f4pital de la Panne puis dans diff\u00e9rents h\u00f4pitaux fran\u00e7ais et dut rester plusieurs mois \u00e0 l\u2019abri de la lumi\u00e8re Il termina son p\u00e9riple \u00e0 l\u2019h\u00f4pital du Havre. C\u2019est l\u00e0 qu\u2019il rencontra celle qui devint sa premi\u00e8re \u00e9pouse. Au front il recevait r\u00e9guli\u00e8rement des colis de la famille Crombez dont une paire de cuissardes qui lui fut d\u2019une grande utilit\u00e9 dans la plaine de l\u2019Yser o\u00f9 les tranch\u00e9es \u00e9taient souvent sous eau.\" \/>\n<meta property=\"og:url\" content=\"https:\/\/orcq.be\/histoire\/wp-content\/uploads\/sites\/2\/2017\/11\/Louis-Trifin-Pierre-Goeminne-et-Victor-Hovine.jpg\" \/>\n<meta property=\"og:site_name\" content=\"ORCQ.be - L&#039;Histoire\" \/>\n<meta property=\"article:publisher\" content=\"https:\/\/www.facebook.com\/villageorcq\" \/>\n<meta property=\"article:modified_time\" content=\"2020-12-28T16:07:26+00:00\" \/>\n<meta property=\"og:image\" content=\"https:\/\/orcq.be\/histoire\/wp-content\/uploads\/sites\/2\/2017\/11\/Louis-Trifin-Pierre-Goeminne-et-Victor-Hovine.jpg\" \/>\n\t<meta property=\"og:image:width\" content=\"500\" \/>\n\t<meta property=\"og:image:height\" content=\"362\" \/>\n\t<meta property=\"og:image:type\" content=\"image\/jpeg\" \/>\n<meta name=\"twitter:card\" content=\"summary_large_image\" \/>\n<meta name=\"twitter:label1\" content=\"Dur\u00e9e de lecture estim\u00e9e\" \/>\n\t<meta name=\"twitter:data1\" content=\"1 minute\" \/>\n<script type=\"application\/ld+json\" class=\"yoast-schema-graph\">{\"@context\":\"https:\\\/\\\/schema.org\",\"@graph\":[{\"@type\":\"WebPage\",\"@id\":\"https:\\\/\\\/orcq.be\\\/histoire\\\/wp-content\\\/uploads\\\/sites\\\/2\\\/2017\\\/11\\\/Louis-Trifin-Pierre-Goeminne-et-Victor-Hovine.jpg\",\"url\":\"https:\\\/\\\/orcq.be\\\/histoire\\\/wp-content\\\/uploads\\\/sites\\\/2\\\/2017\\\/11\\\/Louis-Trifin-Pierre-Goeminne-et-Victor-Hovine.jpg\",\"name\":\"Louis Trifin, Pierre Goeminne et Victor Hovine &#8226; ORCQ.be - L&#039;Histoire\",\"isPartOf\":{\"@id\":\"https:\\\/\\\/orcq.be\\\/histoire\\\/#website\"},\"datePublished\":\"2017-11-27T19:38:37+00:00\",\"dateModified\":\"2020-12-28T16:07:26+00:00\",\"description\":\"N\u00e9 \u00e0 Orcq le 27 juin 1893, il \u00e9tait le fils de Louis Antoine originaire de Flobecq et de Irma Del\u00e9pine originaire de Bury. Il \u00e9tait l\u2019a\u00een\u00e9 de cinq gar\u00e7ons dont trois sont morts en bas \u00e2ge. Il a exerc\u00e9 les m\u00e9tiers de berger et d\u2019agriculteur dans sa ferme situ\u00e9e sur la place d\u2019Orcq et qui est actuellement la propri\u00e9t\u00e9 des \u00e9poux Clarysse. D\u2019un premier mariage avec Jeanne Adam il a eu trois enfants dont Odon qui fut \u00e9chevin d\u2019Orcq et pr\u00e9sident du CPAS de Tournai et d\u2019un second avec Louise Pottier deux enfants dont Roberte qui habite Orcq, \u00e9pouse de Willy M\u00e9n\u00e9d\u00e8me. Il est d\u00e9c\u00e9d\u00e9 \u00e0 Orcq le 9 f\u00e9vrier 1966. Il \u00e9tait soldat au troisi\u00e8me r\u00e9giment de chasseurs \u00e0 pieds. Il fut bless\u00e9 en juillet 1915. Voici ce qu\u2019en dit son sup\u00e9rieur hi\u00e9rarchique: \u00ab Le soldat Trifin a \u00e9t\u00e9 bless\u00e9 dans mon abri \u00e0 Dixmude le 8 juillet 1915 pat \u00e9clats d\u2019obus. Trifin a servi sous mes ordres \u00e0 la 2\\\/II 3\u00e8me ch, il a toujours \u00e9t\u00e9 un soldat d\u2019une conduite et d\u2019un courage exemplaires \u00bb Les \u00e9clats l\u2019ont frapp\u00e9 \u00e0 la face et caus\u00e9 une mutilation du squelette nasal. Il fut d\u2019abord amen\u00e9 \u00e0 l\u2019h\u00f4pital de la Panne puis dans diff\u00e9rents h\u00f4pitaux fran\u00e7ais et dut rester plusieurs mois \u00e0 l\u2019abri de la lumi\u00e8re Il termina son p\u00e9riple \u00e0 l\u2019h\u00f4pital du Havre. C\u2019est l\u00e0 qu\u2019il rencontra celle qui devint sa premi\u00e8re \u00e9pouse. Au front il recevait r\u00e9guli\u00e8rement des colis de la famille Crombez dont une paire de cuissardes qui lui fut d\u2019une grande utilit\u00e9 dans la plaine de l\u2019Yser o\u00f9 les tranch\u00e9es \u00e9taient souvent sous eau.\",\"breadcrumb\":{\"@id\":\"https:\\\/\\\/orcq.be\\\/histoire\\\/wp-content\\\/uploads\\\/sites\\\/2\\\/2017\\\/11\\\/Louis-Trifin-Pierre-Goeminne-et-Victor-Hovine.jpg#breadcrumb\"},\"inLanguage\":\"fr-FR\",\"potentialAction\":[{\"@type\":\"ReadAction\",\"target\":[\"https:\\\/\\\/orcq.be\\\/histoire\\\/wp-content\\\/uploads\\\/sites\\\/2\\\/2017\\\/11\\\/Louis-Trifin-Pierre-Goeminne-et-Victor-Hovine.jpg\"]}]},{\"@type\":\"BreadcrumbList\",\"@id\":\"https:\\\/\\\/orcq.be\\\/histoire\\\/wp-content\\\/uploads\\\/sites\\\/2\\\/2017\\\/11\\\/Louis-Trifin-Pierre-Goeminne-et-Victor-Hovine.jpg#breadcrumb\",\"itemListElement\":[{\"@type\":\"ListItem\",\"position\":1,\"name\":\"Accueil\",\"item\":\"https:\\\/\\\/orcq.be\\\/histoire\\\/\"},{\"@type\":\"ListItem\",\"position\":2,\"name\":\"Combattants d&rsquo;Orcq de la guerre 14-18\",\"item\":\"https:\\\/\\\/orcq.be\\\/histoire\\\/2018\\\/01\\\/19\\\/combattants-dorcq-de-guerre-14-18\\\/\"},{\"@type\":\"ListItem\",\"position\":3,\"name\":\"Louis Trifin, Pierre Goeminne et Victor Hovine\"}]},{\"@type\":\"WebSite\",\"@id\":\"https:\\\/\\\/orcq.be\\\/histoire\\\/#website\",\"url\":\"https:\\\/\\\/orcq.be\\\/histoire\\\/\",\"name\":\"ORCQ.be - L&#039;Histoire\",\"description\":\"Histoire de Orcq\",\"potentialAction\":[{\"@type\":\"SearchAction\",\"target\":{\"@type\":\"EntryPoint\",\"urlTemplate\":\"https:\\\/\\\/orcq.be\\\/histoire\\\/?s={search_term_string}\"},\"query-input\":{\"@type\":\"PropertyValueSpecification\",\"valueRequired\":true,\"valueName\":\"search_term_string\"}}],\"inLanguage\":\"fr-FR\"}]}<\/script>\n<!-- \/ Yoast SEO plugin. -->","yoast_head_json":{"title":"Louis Trifin, Pierre Goeminne et Victor Hovine &#8226; ORCQ.be - L&#039;Histoire","description":"N\u00e9 \u00e0 Orcq le 27 juin 1893, il \u00e9tait le fils de Louis Antoine originaire de Flobecq et de Irma Del\u00e9pine originaire de Bury. Il \u00e9tait l\u2019a\u00een\u00e9 de cinq gar\u00e7ons dont trois sont morts en bas \u00e2ge. Il a exerc\u00e9 les m\u00e9tiers de berger et d\u2019agriculteur dans sa ferme situ\u00e9e sur la place d\u2019Orcq et qui est actuellement la propri\u00e9t\u00e9 des \u00e9poux Clarysse. D\u2019un premier mariage avec Jeanne Adam il a eu trois enfants dont Odon qui fut \u00e9chevin d\u2019Orcq et pr\u00e9sident du CPAS de Tournai et d\u2019un second avec Louise Pottier deux enfants dont Roberte qui habite Orcq, \u00e9pouse de Willy M\u00e9n\u00e9d\u00e8me. Il est d\u00e9c\u00e9d\u00e9 \u00e0 Orcq le 9 f\u00e9vrier 1966. Il \u00e9tait soldat au troisi\u00e8me r\u00e9giment de chasseurs \u00e0 pieds. Il fut bless\u00e9 en juillet 1915. Voici ce qu\u2019en dit son sup\u00e9rieur hi\u00e9rarchique: \u00ab Le soldat Trifin a \u00e9t\u00e9 bless\u00e9 dans mon abri \u00e0 Dixmude le 8 juillet 1915 pat \u00e9clats d\u2019obus. Trifin a servi sous mes ordres \u00e0 la 2\/II 3\u00e8me ch, il a toujours \u00e9t\u00e9 un soldat d\u2019une conduite et d\u2019un courage exemplaires \u00bb Les \u00e9clats l\u2019ont frapp\u00e9 \u00e0 la face et caus\u00e9 une mutilation du squelette nasal. Il fut d\u2019abord amen\u00e9 \u00e0 l\u2019h\u00f4pital de la Panne puis dans diff\u00e9rents h\u00f4pitaux fran\u00e7ais et dut rester plusieurs mois \u00e0 l\u2019abri de la lumi\u00e8re Il termina son p\u00e9riple \u00e0 l\u2019h\u00f4pital du Havre. C\u2019est l\u00e0 qu\u2019il rencontra celle qui devint sa premi\u00e8re \u00e9pouse. Au front il recevait r\u00e9guli\u00e8rement des colis de la famille Crombez dont une paire de cuissardes qui lui fut d\u2019une grande utilit\u00e9 dans la plaine de l\u2019Yser o\u00f9 les tranch\u00e9es \u00e9taient souvent sous eau.","robots":{"index":"index","follow":"follow","max-snippet":"max-snippet:-1","max-image-preview":"max-image-preview:large","max-video-preview":"max-video-preview:-1"},"canonical":"https:\/\/orcq.be\/histoire\/wp-content\/uploads\/sites\/2\/2017\/11\/Louis-Trifin-Pierre-Goeminne-et-Victor-Hovine.jpg","og_locale":"fr_FR","og_type":"article","og_title":"Louis Trifin, Pierre Goeminne et Victor Hovine &#8226; ORCQ.be - L&#039;Histoire","og_description":"N\u00e9 \u00e0 Orcq le 27 juin 1893, il \u00e9tait le fils de Louis Antoine originaire de Flobecq et de Irma Del\u00e9pine originaire de Bury. Il \u00e9tait l\u2019a\u00een\u00e9 de cinq gar\u00e7ons dont trois sont morts en bas \u00e2ge. Il a exerc\u00e9 les m\u00e9tiers de berger et d\u2019agriculteur dans sa ferme situ\u00e9e sur la place d\u2019Orcq et qui est actuellement la propri\u00e9t\u00e9 des \u00e9poux Clarysse. D\u2019un premier mariage avec Jeanne Adam il a eu trois enfants dont Odon qui fut \u00e9chevin d\u2019Orcq et pr\u00e9sident du CPAS de Tournai et d\u2019un second avec Louise Pottier deux enfants dont Roberte qui habite Orcq, \u00e9pouse de Willy M\u00e9n\u00e9d\u00e8me. Il est d\u00e9c\u00e9d\u00e9 \u00e0 Orcq le 9 f\u00e9vrier 1966. Il \u00e9tait soldat au troisi\u00e8me r\u00e9giment de chasseurs \u00e0 pieds. Il fut bless\u00e9 en juillet 1915. Voici ce qu\u2019en dit son sup\u00e9rieur hi\u00e9rarchique: \u00ab Le soldat Trifin a \u00e9t\u00e9 bless\u00e9 dans mon abri \u00e0 Dixmude le 8 juillet 1915 pat \u00e9clats d\u2019obus. Trifin a servi sous mes ordres \u00e0 la 2\/II 3\u00e8me ch, il a toujours \u00e9t\u00e9 un soldat d\u2019une conduite et d\u2019un courage exemplaires \u00bb Les \u00e9clats l\u2019ont frapp\u00e9 \u00e0 la face et caus\u00e9 une mutilation du squelette nasal. Il fut d\u2019abord amen\u00e9 \u00e0 l\u2019h\u00f4pital de la Panne puis dans diff\u00e9rents h\u00f4pitaux fran\u00e7ais et dut rester plusieurs mois \u00e0 l\u2019abri de la lumi\u00e8re Il termina son p\u00e9riple \u00e0 l\u2019h\u00f4pital du Havre. C\u2019est l\u00e0 qu\u2019il rencontra celle qui devint sa premi\u00e8re \u00e9pouse. Au front il recevait r\u00e9guli\u00e8rement des colis de la famille Crombez dont une paire de cuissardes qui lui fut d\u2019une grande utilit\u00e9 dans la plaine de l\u2019Yser o\u00f9 les tranch\u00e9es \u00e9taient souvent sous eau.","og_url":"https:\/\/orcq.be\/histoire\/wp-content\/uploads\/sites\/2\/2017\/11\/Louis-Trifin-Pierre-Goeminne-et-Victor-Hovine.jpg","og_site_name":"ORCQ.be - L&#039;Histoire","article_publisher":"https:\/\/www.facebook.com\/villageorcq","article_modified_time":"2020-12-28T16:07:26+00:00","og_image":[{"width":500,"height":362,"url":"https:\/\/orcq.be\/histoire\/wp-content\/uploads\/sites\/2\/2017\/11\/Louis-Trifin-Pierre-Goeminne-et-Victor-Hovine.jpg","type":"image\/jpeg"}],"twitter_card":"summary_large_image","twitter_misc":{"Dur\u00e9e de lecture estim\u00e9e":"1 minute"},"schema":{"@context":"https:\/\/schema.org","@graph":[{"@type":"WebPage","@id":"https:\/\/orcq.be\/histoire\/wp-content\/uploads\/sites\/2\/2017\/11\/Louis-Trifin-Pierre-Goeminne-et-Victor-Hovine.jpg","url":"https:\/\/orcq.be\/histoire\/wp-content\/uploads\/sites\/2\/2017\/11\/Louis-Trifin-Pierre-Goeminne-et-Victor-Hovine.jpg","name":"Louis Trifin, Pierre Goeminne et Victor Hovine &#8226; ORCQ.be - L&#039;Histoire","isPartOf":{"@id":"https:\/\/orcq.be\/histoire\/#website"},"datePublished":"2017-11-27T19:38:37+00:00","dateModified":"2020-12-28T16:07:26+00:00","description":"N\u00e9 \u00e0 Orcq le 27 juin 1893, il \u00e9tait le fils de Louis Antoine originaire de Flobecq et de Irma Del\u00e9pine originaire de Bury. Il \u00e9tait l\u2019a\u00een\u00e9 de cinq gar\u00e7ons dont trois sont morts en bas \u00e2ge. Il a exerc\u00e9 les m\u00e9tiers de berger et d\u2019agriculteur dans sa ferme situ\u00e9e sur la place d\u2019Orcq et qui est actuellement la propri\u00e9t\u00e9 des \u00e9poux Clarysse. D\u2019un premier mariage avec Jeanne Adam il a eu trois enfants dont Odon qui fut \u00e9chevin d\u2019Orcq et pr\u00e9sident du CPAS de Tournai et d\u2019un second avec Louise Pottier deux enfants dont Roberte qui habite Orcq, \u00e9pouse de Willy M\u00e9n\u00e9d\u00e8me. Il est d\u00e9c\u00e9d\u00e9 \u00e0 Orcq le 9 f\u00e9vrier 1966. Il \u00e9tait soldat au troisi\u00e8me r\u00e9giment de chasseurs \u00e0 pieds. Il fut bless\u00e9 en juillet 1915. Voici ce qu\u2019en dit son sup\u00e9rieur hi\u00e9rarchique: \u00ab Le soldat Trifin a \u00e9t\u00e9 bless\u00e9 dans mon abri \u00e0 Dixmude le 8 juillet 1915 pat \u00e9clats d\u2019obus. Trifin a servi sous mes ordres \u00e0 la 2\/II 3\u00e8me ch, il a toujours \u00e9t\u00e9 un soldat d\u2019une conduite et d\u2019un courage exemplaires \u00bb Les \u00e9clats l\u2019ont frapp\u00e9 \u00e0 la face et caus\u00e9 une mutilation du squelette nasal. Il fut d\u2019abord amen\u00e9 \u00e0 l\u2019h\u00f4pital de la Panne puis dans diff\u00e9rents h\u00f4pitaux fran\u00e7ais et dut rester plusieurs mois \u00e0 l\u2019abri de la lumi\u00e8re Il termina son p\u00e9riple \u00e0 l\u2019h\u00f4pital du Havre. C\u2019est l\u00e0 qu\u2019il rencontra celle qui devint sa premi\u00e8re \u00e9pouse. Au front il recevait r\u00e9guli\u00e8rement des colis de la famille Crombez dont une paire de cuissardes qui lui fut d\u2019une grande utilit\u00e9 dans la plaine de l\u2019Yser o\u00f9 les tranch\u00e9es \u00e9taient souvent sous eau.","breadcrumb":{"@id":"https:\/\/orcq.be\/histoire\/wp-content\/uploads\/sites\/2\/2017\/11\/Louis-Trifin-Pierre-Goeminne-et-Victor-Hovine.jpg#breadcrumb"},"inLanguage":"fr-FR","potentialAction":[{"@type":"ReadAction","target":["https:\/\/orcq.be\/histoire\/wp-content\/uploads\/sites\/2\/2017\/11\/Louis-Trifin-Pierre-Goeminne-et-Victor-Hovine.jpg"]}]},{"@type":"BreadcrumbList","@id":"https:\/\/orcq.be\/histoire\/wp-content\/uploads\/sites\/2\/2017\/11\/Louis-Trifin-Pierre-Goeminne-et-Victor-Hovine.jpg#breadcrumb","itemListElement":[{"@type":"ListItem","position":1,"name":"Accueil","item":"https:\/\/orcq.be\/histoire\/"},{"@type":"ListItem","position":2,"name":"Combattants d&rsquo;Orcq de la guerre 14-18","item":"https:\/\/orcq.be\/histoire\/2018\/01\/19\/combattants-dorcq-de-guerre-14-18\/"},{"@type":"ListItem","position":3,"name":"Louis Trifin, Pierre Goeminne et Victor Hovine"}]},{"@type":"WebSite","@id":"https:\/\/orcq.be\/histoire\/#website","url":"https:\/\/orcq.be\/histoire\/","name":"ORCQ.be - L&#039;Histoire","description":"Histoire de Orcq","potentialAction":[{"@type":"SearchAction","target":{"@type":"EntryPoint","urlTemplate":"https:\/\/orcq.be\/histoire\/?s={search_term_string}"},"query-input":{"@type":"PropertyValueSpecification","valueRequired":true,"valueName":"search_term_string"}}],"inLanguage":"fr-FR"}]}},"description":{"rendered":"<p class=\"attachment\"><a class=\"grouped_elements\" rel=\"tc-fancybox-group\" href=\"https:\/\/orcq.be\/histoire\/wp-content\/uploads\/sites\/2\/2017\/11\/Louis-Trifin-Pierre-Goeminne-et-Victor-Hovine.jpg\" title=\"Louis Trifin, Pierre Goeminne et Victor Hovine\"><img loading=\"lazy\" decoding=\"async\" width=\"300\" height=\"217\" src=\"https:\/\/orcq.be\/histoire\/wp-content\/uploads\/sites\/2\/2017\/11\/Louis-Trifin-Pierre-Goeminne-et-Victor-Hovine-300x217.jpg\" class=\"attachment-medium size-medium\" alt=\"\" srcset=\"https:\/\/orcq.be\/histoire\/wp-content\/uploads\/sites\/2\/2017\/11\/Louis-Trifin-Pierre-Goeminne-et-Victor-Hovine-300x217.jpg 300w, https:\/\/orcq.be\/histoire\/wp-content\/uploads\/sites\/2\/2017\/11\/Louis-Trifin-Pierre-Goeminne-et-Victor-Hovine.jpg 500w\" sizes=\"auto, (max-width: 300px) 100vw, 300px\" \/><\/a><\/p>\n<p>N\u00e9 \u00e0 Orcq le 27 juin 1893, il \u00e9tait le fils de Louis Antoine originaire de Flobecq et de Irma Del\u00e9pine originaire de Bury. Il \u00e9tait l\u2019a\u00een\u00e9 de cinq gar\u00e7ons dont trois sont morts en bas \u00e2ge. Il a exerc\u00e9 les m\u00e9tiers de berger et d\u2019agriculteur dans sa ferme situ\u00e9e sur la place d\u2019Orcq et qui est actuellement la propri\u00e9t\u00e9 des \u00e9poux Clarysse. D\u2019un premier mariage avec Jeanne Adam il a eu trois enfants dont Odon qui fut \u00e9chevin d\u2019Orcq et pr\u00e9sident du CPAS de Tournai et d\u2019un second avec Louise Pottier deux enfants dont Roberte qui habite Orcq, \u00e9pouse de Willy M\u00e9n\u00e9d\u00e8me. Il est d\u00e9c\u00e9d\u00e9 \u00e0 Orcq le 9 f\u00e9vrier 1966.<\/p>\n<p>Il \u00e9tait soldat au troisi\u00e8me r\u00e9giment de chasseurs \u00e0 pieds.<\/p>\n<p>Il fut bless\u00e9 en juillet 1915. Voici ce qu\u2019en dit son sup\u00e9rieur hi\u00e9rarchique: \u00ab Le soldat Trifin a \u00e9t\u00e9 bless\u00e9 dans mon abri \u00e0 Dixmude le 8 juillet 1915 pat \u00e9clats d\u2019obus. Trifin a servi sous mes ordres \u00e0 la 2\/II 3\u00e8me ch, il a toujours \u00e9t\u00e9 un soldat d\u2019une conduite et d\u2019un courage exemplaires \u00bb Les \u00e9clats l\u2019ont frapp\u00e9 \u00e0 la face et caus\u00e9 une mutilation du squelette nasal. Il fut d\u2019abord amen\u00e9 \u00e0 l\u2019h\u00f4pital de la Panne puis dans diff\u00e9rents h\u00f4pitaux fran\u00e7ais et dut rester plusieurs mois \u00e0 l\u2019abri de la lumi\u00e8re Il termina son p\u00e9riple \u00e0 l\u2019h\u00f4pital du Havre. C\u2019est l\u00e0 qu\u2019il rencontra celle qui devint sa premi\u00e8re \u00e9pouse. Au front il recevait r\u00e9guli\u00e8rement des colis de la famille Crombez dont une paire de cuissardes qui lui fut d\u2019une grande utilit\u00e9 dans la plaine de l\u2019Yser o\u00f9 les tranch\u00e9es \u00e9taient souvent sous eau.<\/p>\n"},"caption":{"rendered":"<p>N\u00e9 \u00e0 Orcq le 27 juin 1893, il \u00e9tait le fils de Louis Antoine originaire de Flobecq et de Irma Del\u00e9pine originaire de Bury. Il \u00e9tait l\u2019a\u00een\u00e9 de cinq gar\u00e7ons dont trois sont morts en bas \u00e2ge. Il a exerc\u00e9 les m\u00e9tiers de berger et d\u2019agriculteur dans sa ferme situ\u00e9e sur la place d\u2019Orcq et [&hellip;]<\/p>\n"},"alt_text":"Louis Trifin, Pierre Goeminne et Victor Hovine","media_type":"image","mime_type":"image\/jpeg","media_details":{"width":500,"height":362,"file":"2017\/11\/Louis-Trifin-Pierre-Goeminne-et-Victor-Hovine.jpg","sizes":{"thumbnail":{"file":"Louis-Trifin-Pierre-Goeminne-et-Victor-Hovine-150x150.jpg","width":150,"height":150,"mime_type":"image\/jpeg","source_url":"https:\/\/orcq.be\/histoire\/wp-content\/uploads\/sites\/2\/2017\/11\/Louis-Trifin-Pierre-Goeminne-et-Victor-Hovine-150x150.jpg"},"medium":{"file":"Louis-Trifin-Pierre-Goeminne-et-Victor-Hovine-300x217.jpg","width":300,"height":217,"mime_type":"image\/jpeg","source_url":"https:\/\/orcq.be\/histoire\/wp-content\/uploads\/sites\/2\/2017\/11\/Louis-Trifin-Pierre-Goeminne-et-Victor-Hovine-300x217.jpg"},"tc-grid-full":{"file":"Louis-Trifin-Pierre-Goeminne-et-Victor-Hovine-500x350.jpg","width":500,"height":350,"mime_type":"image\/jpeg","source_url":"https:\/\/orcq.be\/histoire\/wp-content\/uploads\/sites\/2\/2017\/11\/Louis-Trifin-Pierre-Goeminne-et-Victor-Hovine-500x350.jpg"},"tc-grid":{"file":"Louis-Trifin-Pierre-Goeminne-et-Victor-Hovine-500x350.jpg","width":500,"height":350,"mime_type":"image\/jpeg","source_url":"https:\/\/orcq.be\/histoire\/wp-content\/uploads\/sites\/2\/2017\/11\/Louis-Trifin-Pierre-Goeminne-et-Victor-Hovine-500x350.jpg"},"tc-thumb":{"file":"Louis-Trifin-Pierre-Goeminne-et-Victor-Hovine-270x250.jpg","width":270,"height":250,"mime_type":"image\/jpeg","source_url":"https:\/\/orcq.be\/histoire\/wp-content\/uploads\/sites\/2\/2017\/11\/Louis-Trifin-Pierre-Goeminne-et-Victor-Hovine-270x250.jpg"},"full":{"file":"Louis-Trifin-Pierre-Goeminne-et-Victor-Hovine.jpg","width":500,"height":362,"mime_type":"image\/jpeg","source_url":"https:\/\/orcq.be\/histoire\/wp-content\/uploads\/sites\/2\/2017\/11\/Louis-Trifin-Pierre-Goeminne-et-Victor-Hovine.jpg"}},"image_meta":{"aperture":"0","credit":"","camera":"","caption":"","created_timestamp":"0","copyright":"","focal_length":"0","iso":"0","shutter_speed":"0","title":"","orientation":"0","keywords":[]}},"post":545,"source_url":"https:\/\/orcq.be\/histoire\/wp-content\/uploads\/sites\/2\/2017\/11\/Louis-Trifin-Pierre-Goeminne-et-Victor-Hovine.jpg","_links":{"self":[{"href":"https:\/\/orcq.be\/histoire\/wp-json\/wp\/v2\/media\/557","targetHints":{"allow":["GET"]}}],"collection":[{"href":"https:\/\/orcq.be\/histoire\/wp-json\/wp\/v2\/media"}],"about":[{"href":"https:\/\/orcq.be\/histoire\/wp-json\/wp\/v2\/types\/attachment"}],"author":[{"embeddable":true,"href":"https:\/\/orcq.be\/histoire\/wp-json\/wp\/v2\/users\/2"}],"replies":[{"embeddable":true,"href":"https:\/\/orcq.be\/histoire\/wp-json\/wp\/v2\/comments?post=557"}],"wp:attached-to":[{"embeddable":true,"post_type":"post","id":545,"href":"https:\/\/orcq.be\/histoire\/wp-json\/wp\/v2\/posts\/545"}],"curies":[{"name":"wp","href":"https:\/\/api.w.org\/{rel}","templated":true}]}}